{"id":99,"date":"2016-05-12T15:17:17","date_gmt":"2016-05-12T18:17:17","guid":{"rendered":"https:\/\/www.ude.edu.ar\/areacultural\/?page_id=99"},"modified":"2019-08-12T09:55:51","modified_gmt":"2019-08-12T12:55:51","slug":"coro","status":"publish","type":"page","link":"https:\/\/www.ude.edu.ar\/areacultural\/actividades\/talleres\/coro\/","title":{"rendered":"Coro"},"content":{"rendered":"<p style=\"text-align: justify;\"><a href=\"https:\/\/www.ude.edu.ar\/institucional\/wp-content\/uploads\/2016\/03\/LOGOWEB.png\" data-rel=\"lightbox-image-0\" data-imagelightbox=\"0\" data-rl_title=\"\" data-rl_caption=\"\" title=\"\"><br \/>\n<\/a>La m\u00fasica coral y su pr\u00e1ctica develan que, no solamente el arte no es para un genio privilegiado y que todos pueden tener acceso; sino que tambi\u00e9n, es una herramienta que provee, a quienes participan de ella, la posibilidad de adquirir estructuras de conocimiento: cantar con otros de manera disociada, interpretar un lenguaje abstracto, poder comunicarlo y disfrutarlo.<\/p>\n<p><strong>Direcci\u00f3n:<\/strong> Lic. Noelia Di Santo<\/p>\n<p><strong>Consultas:<\/strong> <a href=\"mailto:ndisanto@ude.edu.ar\">ndisanto@ude.edu.ar<\/a>\u00a0\/ <a href=\"mailto:cultura@ude.edu.ar\">cultura@ude.edu.ar<\/a>\u00a0|\u00a0<strong>Redes:<\/strong>\u00a0<a href=\"https:\/\/www.facebook.com\/Coro-de-la-Universidad-del-Este\" target=\"_blank\" rel=\"noopener noreferrer\">face\/Coro-de-la-Universidad-del-Este<\/a><\/p>\n<hr \/>\n<h2><img loading=\"lazy\" decoding=\"async\" class=\"aligncenter size-full wp-image-853\" src=\"https:\/\/www.ude.edu.ar\/areacultural\/wp-content\/uploads\/sites\/3\/2016\/05\/web-coro-findea--o.png\" alt=\"\" width=\"1041\" height=\"241\" srcset=\"https:\/\/www.ude.edu.ar\/areacultural\/wp-content\/uploads\/sites\/3\/2016\/05\/web-coro-findea--o.png 1041w, https:\/\/www.ude.edu.ar\/areacultural\/wp-content\/uploads\/sites\/3\/2016\/05\/web-coro-findea--o-300x69.png 300w, https:\/\/www.ude.edu.ar\/areacultural\/wp-content\/uploads\/sites\/3\/2016\/05\/web-coro-findea--o-1024x237.png 1024w\" sizes=\"(max-width: 709px) 85vw, (max-width: 909px) 67vw, (max-width: 1362px) 62vw, 840px\" \/><\/h2>\n<p>|JUEVES 07\/12 &#8211; 20 hs.<\/p>\n<p><em>Nuestro Coro, dirigido por la Lic. Noelia Di Santo, cierran un gran a\u00f1o invit\u00e1ndote al concierto que se llevar\u00e1 a cabo en el Sal\u00f3n Auditorio del Centro Cultural Islas Malvinas, ubicado en calle 19 entre 50 y 54.\u00a0<\/em><\/p>\n<p>La entrada ser\u00e1 libre y gratuita y se podr\u00e1 disfrutar del repertorio de m\u00fasica coral a capella acad\u00e9mica y popular. \u00a1Los esperamos!<\/p>\n<p><img decoding=\"async\" class=\"size-full wp-image-863 alignleft\" src=\"https:\/\/www.ude.edu.ar\/areacultural\/wp-content\/uploads\/sites\/3\/2016\/05\/DSC_8242.jpg\" alt=\"\" width=\"45%\" srcset=\"https:\/\/www.ude.edu.ar\/areacultural\/wp-content\/uploads\/sites\/3\/2016\/05\/DSC_8242.jpg 1296w, https:\/\/www.ude.edu.ar\/areacultural\/wp-content\/uploads\/sites\/3\/2016\/05\/DSC_8242-300x199.jpg 300w, https:\/\/www.ude.edu.ar\/areacultural\/wp-content\/uploads\/sites\/3\/2016\/05\/DSC_8242-1024x679.jpg 1024w, https:\/\/www.ude.edu.ar\/areacultural\/wp-content\/uploads\/sites\/3\/2016\/05\/DSC_8242-1200x795.jpg 1200w\" sizes=\"(max-width: 709px) 85vw, (max-width: 909px) 67vw, (max-width: 1362px) 62vw, 840px\" \/><img decoding=\"async\" class=\"size-full wp-image-864 alignleft\" src=\"https:\/\/www.ude.edu.ar\/areacultural\/wp-content\/uploads\/sites\/3\/2016\/05\/DSC_8247-copia.jpg\" alt=\"\" width=\"45%\" srcset=\"https:\/\/www.ude.edu.ar\/areacultural\/wp-content\/uploads\/sites\/3\/2016\/05\/DSC_8247-copia.jpg 1296w, https:\/\/www.ude.edu.ar\/areacultural\/wp-content\/uploads\/sites\/3\/2016\/05\/DSC_8247-copia-300x199.jpg 300w, https:\/\/www.ude.edu.ar\/areacultural\/wp-content\/uploads\/sites\/3\/2016\/05\/DSC_8247-copia-1024x678.jpg 1024w, https:\/\/www.ude.edu.ar\/areacultural\/wp-content\/uploads\/sites\/3\/2016\/05\/DSC_8247-copia-1200x794.jpg 1200w\" sizes=\"(max-width: 709px) 85vw, (max-width: 909px) 67vw, (max-width: 1362px) 62vw, 840px\" \/><\/p>\n<p><img decoding=\"async\" class=\"wp-image-866 alignleft\" src=\"https:\/\/www.ude.edu.ar\/areacultural\/wp-content\/uploads\/sites\/3\/2016\/05\/DSC_8277.jpg\" alt=\"\" width=\"95%\" srcset=\"https:\/\/www.ude.edu.ar\/areacultural\/wp-content\/uploads\/sites\/3\/2016\/05\/DSC_8277.jpg 1296w, https:\/\/www.ude.edu.ar\/areacultural\/wp-content\/uploads\/sites\/3\/2016\/05\/DSC_8277-300x199.jpg 300w, https:\/\/www.ude.edu.ar\/areacultural\/wp-content\/uploads\/sites\/3\/2016\/05\/DSC_8277-1024x678.jpg 1024w, https:\/\/www.ude.edu.ar\/areacultural\/wp-content\/uploads\/sites\/3\/2016\/05\/DSC_8277-1200x794.jpg 1200w\" sizes=\"(max-width: 709px) 85vw, (max-width: 909px) 67vw, (max-width: 1362px) 62vw, 840px\" \/><\/p>\n<hr \/>\n<hr \/>\n<h2><\/h2>\n<hr \/>\n<h2><img loading=\"lazy\" decoding=\"async\" class=\"aligncenter size-full wp-image-803\" src=\"https:\/\/www.ude.edu.ar\/areacultural\/wp-content\/uploads\/sites\/3\/2016\/05\/web-coro-afro.png\" alt=\"\" width=\"1041\" height=\"241\" srcset=\"https:\/\/www.ude.edu.ar\/areacultural\/wp-content\/uploads\/sites\/3\/2016\/05\/web-coro-afro.png 1041w, https:\/\/www.ude.edu.ar\/areacultural\/wp-content\/uploads\/sites\/3\/2016\/05\/web-coro-afro-300x69.png 300w, https:\/\/www.ude.edu.ar\/areacultural\/wp-content\/uploads\/sites\/3\/2016\/05\/web-coro-afro-1024x237.png 1024w\" sizes=\"(max-width: 709px) 85vw, (max-width: 909px) 67vw, (max-width: 1362px) 62vw, 840px\" \/><\/h2>\n<p>| VIERNES 20\/10 &#8211; 20 hs.<\/p>\n<p><em>Coro de la Universidad del Este &amp; Kaira Sil\u00f3\u00a0<\/em><\/p>\n<p><em>Nuestro Coro, dirigido por la Lic. Noelia Di Santo, junto al Grupo de Danza Africana Kaira Sil\u00f3, dirigido por Camila Mainetti, presentan &#8220;<span class=\"_5afx\"><span class=\"_58cm\">UBUNTU&#8221;<\/span><\/span>\u00a0en el <span class=\"_5afx\"><span class=\"_58cm\">Atelier Cultural.<\/span><\/span><\/em><\/p>\n<p><em>40 cantantes, bailarines y percusionistas en escena.<\/em><\/p>\n<blockquote><p><em>UBUNTU es una actividad mental prevaleciente entre los nativos del extremo sur de Africa, surge del dicho popular &#8220;Umuntu, Nigumuntu, Nagamuntu&#8221;, que en zul\u00fa significa: &#8220;una persona es una persona a causa de los dem\u00e1s&#8221;.<\/em><\/p><\/blockquote>\n<p><iframe loading=\"lazy\" width=\"840\" height=\"473\" src=\"https:\/\/www.youtube.com\/embed\/JxLXNUNy-zo?feature=oembed\" frameborder=\"0\" allow=\"accelerometer; autoplay; encrypted-media; gyroscope; picture-in-picture\" allowfullscreen><\/iframe><\/p>\n<p><img decoding=\"async\" class=\"size-full wp-image-811 alignleft\" src=\"https:\/\/www.ude.edu.ar\/areacultural\/wp-content\/uploads\/sites\/3\/2016\/05\/3-3.jpg\" alt=\"\" width=\"45%\" srcset=\"https:\/\/www.ude.edu.ar\/areacultural\/wp-content\/uploads\/sites\/3\/2016\/05\/3-3.jpg 1296w, https:\/\/www.ude.edu.ar\/areacultural\/wp-content\/uploads\/sites\/3\/2016\/05\/3-3-300x200.jpg 300w, https:\/\/www.ude.edu.ar\/areacultural\/wp-content\/uploads\/sites\/3\/2016\/05\/3-3-1024x683.jpg 1024w, https:\/\/www.ude.edu.ar\/areacultural\/wp-content\/uploads\/sites\/3\/2016\/05\/3-3-1200x800.jpg 1200w\" sizes=\"(max-width: 709px) 85vw, (max-width: 909px) 67vw, (max-width: 1362px) 62vw, 840px\" \/> <img decoding=\"async\" class=\"size-full wp-image-812 alignleft\" src=\"https:\/\/www.ude.edu.ar\/areacultural\/wp-content\/uploads\/sites\/3\/2016\/05\/4-1.jpg\" alt=\"\" width=\"45%\" srcset=\"https:\/\/www.ude.edu.ar\/areacultural\/wp-content\/uploads\/sites\/3\/2016\/05\/4-1.jpg 1296w, https:\/\/www.ude.edu.ar\/areacultural\/wp-content\/uploads\/sites\/3\/2016\/05\/4-1-300x200.jpg 300w, https:\/\/www.ude.edu.ar\/areacultural\/wp-content\/uploads\/sites\/3\/2016\/05\/4-1-1024x683.jpg 1024w, https:\/\/www.ude.edu.ar\/areacultural\/wp-content\/uploads\/sites\/3\/2016\/05\/4-1-1200x800.jpg 1200w\" sizes=\"(max-width: 709px) 85vw, (max-width: 909px) 67vw, (max-width: 1362px) 62vw, 840px\" \/> <img decoding=\"async\" class=\"size-full wp-image-813 alignleft\" src=\"https:\/\/www.ude.edu.ar\/areacultural\/wp-content\/uploads\/sites\/3\/2016\/05\/5-2.jpg\" alt=\"\" width=\"45%\" srcset=\"https:\/\/www.ude.edu.ar\/areacultural\/wp-content\/uploads\/sites\/3\/2016\/05\/5-2.jpg 1296w, https:\/\/www.ude.edu.ar\/areacultural\/wp-content\/uploads\/sites\/3\/2016\/05\/5-2-300x200.jpg 300w, https:\/\/www.ude.edu.ar\/areacultural\/wp-content\/uploads\/sites\/3\/2016\/05\/5-2-1024x683.jpg 1024w, https:\/\/www.ude.edu.ar\/areacultural\/wp-content\/uploads\/sites\/3\/2016\/05\/5-2-1200x800.jpg 1200w\" sizes=\"(max-width: 709px) 85vw, (max-width: 909px) 67vw, (max-width: 1362px) 62vw, 840px\" \/> <img decoding=\"async\" class=\"size-full wp-image-814 alignleft\" src=\"https:\/\/www.ude.edu.ar\/areacultural\/wp-content\/uploads\/sites\/3\/2016\/05\/6-4.jpg\" alt=\"\" width=\"45%\" srcset=\"https:\/\/www.ude.edu.ar\/areacultural\/wp-content\/uploads\/sites\/3\/2016\/05\/6-4.jpg 1296w, https:\/\/www.ude.edu.ar\/areacultural\/wp-content\/uploads\/sites\/3\/2016\/05\/6-4-300x200.jpg 300w, https:\/\/www.ude.edu.ar\/areacultural\/wp-content\/uploads\/sites\/3\/2016\/05\/6-4-1024x683.jpg 1024w, https:\/\/www.ude.edu.ar\/areacultural\/wp-content\/uploads\/sites\/3\/2016\/05\/6-4-1200x800.jpg 1200w\" sizes=\"(max-width: 709px) 85vw, (max-width: 909px) 67vw, (max-width: 1362px) 62vw, 840px\" \/> <img decoding=\"async\" class=\"size-full wp-image-815 alignleft\" src=\"https:\/\/www.ude.edu.ar\/areacultural\/wp-content\/uploads\/sites\/3\/2016\/05\/7-4.jpg\" alt=\"\" width=\"45%\" srcset=\"https:\/\/www.ude.edu.ar\/areacultural\/wp-content\/uploads\/sites\/3\/2016\/05\/7-4.jpg 1296w, https:\/\/www.ude.edu.ar\/areacultural\/wp-content\/uploads\/sites\/3\/2016\/05\/7-4-300x200.jpg 300w, https:\/\/www.ude.edu.ar\/areacultural\/wp-content\/uploads\/sites\/3\/2016\/05\/7-4-1024x683.jpg 1024w, https:\/\/www.ude.edu.ar\/areacultural\/wp-content\/uploads\/sites\/3\/2016\/05\/7-4-1200x800.jpg 1200w\" sizes=\"(max-width: 709px) 85vw, (max-width: 909px) 67vw, (max-width: 1362px) 62vw, 840px\" \/> <img decoding=\"async\" class=\"size-full wp-image-816 alignleft\" src=\"https:\/\/www.ude.edu.ar\/areacultural\/wp-content\/uploads\/sites\/3\/2016\/05\/9-2.jpg\" alt=\"\" width=\"45%\" srcset=\"https:\/\/www.ude.edu.ar\/areacultural\/wp-content\/uploads\/sites\/3\/2016\/05\/9-2.jpg 1296w, https:\/\/www.ude.edu.ar\/areacultural\/wp-content\/uploads\/sites\/3\/2016\/05\/9-2-300x200.jpg 300w, https:\/\/www.ude.edu.ar\/areacultural\/wp-content\/uploads\/sites\/3\/2016\/05\/9-2-1024x683.jpg 1024w, https:\/\/www.ude.edu.ar\/areacultural\/wp-content\/uploads\/sites\/3\/2016\/05\/9-2-1200x800.jpg 1200w\" sizes=\"(max-width: 709px) 85vw, (max-width: 909px) 67vw, (max-width: 1362px) 62vw, 840px\" \/><\/p>\n<p>&nbsp;<\/p>\n<hr \/>\n<hr \/>\n<h3><\/h3>\n<hr \/>\n<h3><img loading=\"lazy\" decoding=\"async\" class=\"aligncenter size-full wp-image-719\" src=\"https:\/\/www.ude.edu.ar\/areacultural\/wp-content\/uploads\/sites\/3\/2016\/05\/web-ciclo-coros-1.png\" alt=\"\" width=\"1041\" height=\"241\" srcset=\"https:\/\/www.ude.edu.ar\/areacultural\/wp-content\/uploads\/sites\/3\/2016\/05\/web-ciclo-coros-1.png 1041w, https:\/\/www.ude.edu.ar\/areacultural\/wp-content\/uploads\/sites\/3\/2016\/05\/web-ciclo-coros-1-300x69.png 300w, https:\/\/www.ude.edu.ar\/areacultural\/wp-content\/uploads\/sites\/3\/2016\/05\/web-ciclo-coros-1-1024x237.png 1024w\" sizes=\"(max-width: 709px) 85vw, (max-width: 909px) 67vw, (max-width: 1362px) 62vw, 840px\" \/><\/h3>\n<p>El pasado viernes 8 de septiembre dimos inicio al <strong>CICLO DE CONCIERTOS CORALES<\/strong> en el Atelier Cultural, ubicado en calle 44 E\/3 y 4 N\u00ba 471.\u00a0La apertura estuvo a cargo de nuestro coro dirigido por la Lic.\u00a0Noelia Di Santo, para luego continuar con el repertorio del Coro del Colegio de Fonoaudi\u00f3logos, dirigido por Hern\u00e1n Gatti.<\/p>\n<p>El Ciclo continuar\u00e1 este jueves 14, 20:15 hs., con la presentaci\u00f3n del Coro de IOMA, dirigido por Santiago Bucar, y el Coro de la C\u00e1mara de Comercio e Industria de Ensenada, dirigido por Marcos Gonz\u00e1lez.<\/p>\n<p>Pr\u00f3ximas fechas:<br \/>\n21\/09: Coro Vox Populi +\u00a0Coro Voces Del Camino<br \/>\n28\/09: Coro Vox Anima +\u00a0Cantuta Grupo Vocal Femenino<\/p>\n<p><img decoding=\"async\" class=\"size-full wp-image-756 alignleft\" src=\"https:\/\/www.ude.edu.ar\/areacultural\/wp-content\/uploads\/sites\/3\/2016\/05\/1-3.jpg\" alt=\"\" width=\"45%\" srcset=\"https:\/\/www.ude.edu.ar\/areacultural\/wp-content\/uploads\/sites\/3\/2016\/05\/1-3.jpg 1296w, https:\/\/www.ude.edu.ar\/areacultural\/wp-content\/uploads\/sites\/3\/2016\/05\/1-3-300x200.jpg 300w, https:\/\/www.ude.edu.ar\/areacultural\/wp-content\/uploads\/sites\/3\/2016\/05\/1-3-1024x683.jpg 1024w, https:\/\/www.ude.edu.ar\/areacultural\/wp-content\/uploads\/sites\/3\/2016\/05\/1-3-1200x800.jpg 1200w\" sizes=\"(max-width: 709px) 85vw, (max-width: 909px) 67vw, (max-width: 1362px) 62vw, 840px\" \/> <img decoding=\"async\" class=\"size-full wp-image-757 alignleft\" src=\"https:\/\/www.ude.edu.ar\/areacultural\/wp-content\/uploads\/sites\/3\/2016\/05\/5-1.jpg\" alt=\"\" width=\"45%\" srcset=\"https:\/\/www.ude.edu.ar\/areacultural\/wp-content\/uploads\/sites\/3\/2016\/05\/5-1.jpg 1296w, https:\/\/www.ude.edu.ar\/areacultural\/wp-content\/uploads\/sites\/3\/2016\/05\/5-1-300x200.jpg 300w, https:\/\/www.ude.edu.ar\/areacultural\/wp-content\/uploads\/sites\/3\/2016\/05\/5-1-1024x683.jpg 1024w, https:\/\/www.ude.edu.ar\/areacultural\/wp-content\/uploads\/sites\/3\/2016\/05\/5-1-1200x800.jpg 1200w\" sizes=\"(max-width: 709px) 85vw, (max-width: 909px) 67vw, (max-width: 1362px) 62vw, 840px\" \/> <img decoding=\"async\" class=\"size-full wp-image-758 alignleft\" src=\"https:\/\/www.ude.edu.ar\/areacultural\/wp-content\/uploads\/sites\/3\/2016\/05\/6-3.jpg\" alt=\"\" width=\"45%\" srcset=\"https:\/\/www.ude.edu.ar\/areacultural\/wp-content\/uploads\/sites\/3\/2016\/05\/6-3.jpg 1296w, https:\/\/www.ude.edu.ar\/areacultural\/wp-content\/uploads\/sites\/3\/2016\/05\/6-3-300x200.jpg 300w, https:\/\/www.ude.edu.ar\/areacultural\/wp-content\/uploads\/sites\/3\/2016\/05\/6-3-1024x683.jpg 1024w, https:\/\/www.ude.edu.ar\/areacultural\/wp-content\/uploads\/sites\/3\/2016\/05\/6-3-1200x800.jpg 1200w\" sizes=\"(max-width: 709px) 85vw, (max-width: 909px) 67vw, (max-width: 1362px) 62vw, 840px\" \/> <img decoding=\"async\" class=\"size-full wp-image-759 alignleft\" src=\"https:\/\/www.ude.edu.ar\/areacultural\/wp-content\/uploads\/sites\/3\/2016\/05\/7-3.jpg\" alt=\"\" width=\"45%\" srcset=\"https:\/\/www.ude.edu.ar\/areacultural\/wp-content\/uploads\/sites\/3\/2016\/05\/7-3.jpg 1296w, https:\/\/www.ude.edu.ar\/areacultural\/wp-content\/uploads\/sites\/3\/2016\/05\/7-3-300x200.jpg 300w, https:\/\/www.ude.edu.ar\/areacultural\/wp-content\/uploads\/sites\/3\/2016\/05\/7-3-1024x683.jpg 1024w, https:\/\/www.ude.edu.ar\/areacultural\/wp-content\/uploads\/sites\/3\/2016\/05\/7-3-1200x800.jpg 1200w\" sizes=\"(max-width: 709px) 85vw, (max-width: 909px) 67vw, (max-width: 1362px) 62vw, 840px\" \/> <img decoding=\"async\" class=\"size-full wp-image-760 alignleft\" src=\"https:\/\/www.ude.edu.ar\/areacultural\/wp-content\/uploads\/sites\/3\/2016\/05\/10.jpg\" alt=\"\" width=\"45%\" srcset=\"https:\/\/www.ude.edu.ar\/areacultural\/wp-content\/uploads\/sites\/3\/2016\/05\/10.jpg 1296w, https:\/\/www.ude.edu.ar\/areacultural\/wp-content\/uploads\/sites\/3\/2016\/05\/10-300x200.jpg 300w, https:\/\/www.ude.edu.ar\/areacultural\/wp-content\/uploads\/sites\/3\/2016\/05\/10-1024x683.jpg 1024w, https:\/\/www.ude.edu.ar\/areacultural\/wp-content\/uploads\/sites\/3\/2016\/05\/10-1200x800.jpg 1200w\" sizes=\"(max-width: 709px) 85vw, (max-width: 909px) 67vw, (max-width: 1362px) 62vw, 840px\" \/> <img decoding=\"async\" class=\"size-full wp-image-761 alignleft\" src=\"https:\/\/www.ude.edu.ar\/areacultural\/wp-content\/uploads\/sites\/3\/2016\/05\/11-1.jpg\" alt=\"\" width=\"45%\" srcset=\"https:\/\/www.ude.edu.ar\/areacultural\/wp-content\/uploads\/sites\/3\/2016\/05\/11-1.jpg 1296w, https:\/\/www.ude.edu.ar\/areacultural\/wp-content\/uploads\/sites\/3\/2016\/05\/11-1-300x200.jpg 300w, https:\/\/www.ude.edu.ar\/areacultural\/wp-content\/uploads\/sites\/3\/2016\/05\/11-1-1024x683.jpg 1024w, https:\/\/www.ude.edu.ar\/areacultural\/wp-content\/uploads\/sites\/3\/2016\/05\/11-1-1200x800.jpg 1200w\" sizes=\"(max-width: 709px) 85vw, (max-width: 909px) 67vw, (max-width: 1362px) 62vw, 840px\" \/><\/p>\n<p>&nbsp;<\/p>\n<p>&nbsp;<\/p>\n<p>&nbsp;<\/p>\n<p>&nbsp;<\/p>\n<p>&nbsp;<\/p>\n<p>&nbsp;<\/p>\n<p>&nbsp;<\/p>\n<p>&nbsp;<\/p>\n<p>&nbsp;<\/p>\n<p>&nbsp;<\/p>\n<p>&nbsp;<\/p>\n<p>&nbsp;<\/p>\n<p>&nbsp;<\/p>\n<p>&nbsp;<\/p>\n<p>&nbsp;<\/p>\n<hr \/>\n<p><em><strong>Evento Solidario interdisciplinario en la Municipalidad de La Plata<\/strong><\/em><\/p>\n<p>En el marco del centenario del Leonismo Internacional, la Red del Voluntariado social de la Municipalidad de La Plata, convoca a un Evento solidario a favor de la Asociaci\u00f3n sin Fines de Lucro \u201cNutrir la Vida\u201d que busca la prevenci\u00f3n de la Desnutrici\u00f3n infantil. El Coro UDE inaugurar\u00e1 el evento, el cual tambi\u00e9n contara con la participaci\u00f3n del Coro de la Cruz Roja, una prestigiosa pareja perteneciente a la misma Instituci\u00f3n y cerrando el evento el Grupo de Danza contempor\u00e1nea infantojuvenil del Club de Leones a cargo de la Profesora Natalia Basomba.<\/p>\n<p><img loading=\"lazy\" decoding=\"async\" class=\"aligncenter wp-image-730\" src=\"https:\/\/www.ude.edu.ar\/areacultural\/wp-content\/uploads\/sites\/3\/2016\/05\/WhatsApp-Image-2017-08-16-at-6.00.30-PM.jpeg\" alt=\"\" width=\"546\" height=\"832\" srcset=\"https:\/\/www.ude.edu.ar\/areacultural\/wp-content\/uploads\/sites\/3\/2016\/05\/WhatsApp-Image-2017-08-16-at-6.00.30-PM.jpeg 840w, https:\/\/www.ude.edu.ar\/areacultural\/wp-content\/uploads\/sites\/3\/2016\/05\/WhatsApp-Image-2017-08-16-at-6.00.30-PM-197x300.jpeg 197w, https:\/\/www.ude.edu.ar\/areacultural\/wp-content\/uploads\/sites\/3\/2016\/05\/WhatsApp-Image-2017-08-16-at-6.00.30-PM-672x1024.jpeg 672w\" sizes=\"(max-width: 546px) 85vw, 546px\" \/><\/p>\n<p>&nbsp;<\/p>\n<hr \/>\n<h3><img loading=\"lazy\" decoding=\"async\" class=\"aligncenter size-full wp-image-719\" src=\"https:\/\/www.ude.edu.ar\/areacultural\/wp-content\/uploads\/sites\/3\/2016\/05\/web-ciclo-coros-1.png\" alt=\"\" width=\"1041\" height=\"241\" srcset=\"https:\/\/www.ude.edu.ar\/areacultural\/wp-content\/uploads\/sites\/3\/2016\/05\/web-ciclo-coros-1.png 1041w, https:\/\/www.ude.edu.ar\/areacultural\/wp-content\/uploads\/sites\/3\/2016\/05\/web-ciclo-coros-1-300x69.png 300w, https:\/\/www.ude.edu.ar\/areacultural\/wp-content\/uploads\/sites\/3\/2016\/05\/web-ciclo-coros-1-1024x237.png 1024w\" sizes=\"(max-width: 709px) 85vw, (max-width: 909px) 67vw, (max-width: 1362px) 62vw, 840px\" \/><\/h3>\n<p>Durante el mes de <strong>septiembre<\/strong>, el Coro de la Universidad del Este participar\u00e1 de un <strong>CICLO DE CONCIERTOS CORALES<\/strong> que iniciar\u00e1 el viernes 8 y continuar\u00e1 durante todos los jueves del mes, en 44 E\/3 y 4 N\u00ba 471, a las 20:15 hs.<\/p>\n<p>\u00a1Te compartimos el cronograma de actividades!<\/p>\n<table width=\"0\">\n<tbody>\n<tr>\n<td style=\"text-align: center;\" width=\"57\"><strong>D\u00eda<\/strong><\/td>\n<td style=\"text-align: center;\" width=\"73\"><strong>Horario<\/strong><\/td>\n<td style=\"text-align: center;\" width=\"350\"><strong>Coro<\/strong><\/td>\n<td style=\"text-align: center;\" width=\"180\"><strong>Director<\/strong><\/td>\n<\/tr>\n<tr>\n<td style=\"text-align: center;\" rowspan=\"2\" width=\"57\">08\/09<\/td>\n<td style=\"text-align: center;\" rowspan=\"2\" width=\"73\">20.15 hs<\/td>\n<td width=\"350\">Coro de la UDE<\/td>\n<td style=\"text-align: center;\" width=\"180\">Noelia Di Santo<\/td>\n<\/tr>\n<tr>\n<td width=\"350\">Coro del Colegio de Fonoaudi\u00f3logos<\/td>\n<td style=\"text-align: center;\" width=\"180\">Hern\u00e1n Gatti<\/td>\n<\/tr>\n<tr>\n<td style=\"text-align: center;\" rowspan=\"2\" width=\"57\">14\/09<\/td>\n<td style=\"text-align: center;\" rowspan=\"2\" width=\"73\">20.15 hs<\/td>\n<td width=\"350\">Coro de IOMA<\/td>\n<td style=\"text-align: center;\" width=\"180\">Santiago Bucar<\/td>\n<\/tr>\n<tr>\n<td width=\"350\">Coro de la c\u00e1mara de comercio e industria de Ensenada<\/td>\n<td style=\"text-align: center;\" width=\"180\">Marcos Gonz\u00e1lez<\/td>\n<\/tr>\n<tr>\n<td style=\"text-align: center;\" rowspan=\"2\" width=\"57\">21\/09<\/td>\n<td style=\"text-align: center;\" rowspan=\"2\" width=\"73\">20.15 hs<\/td>\n<td width=\"350\">Coro Vox Populi<\/td>\n<td style=\"text-align: center;\" width=\"180\">Santiago Bucar<\/td>\n<\/tr>\n<tr>\n<td width=\"350\">Coro \u201cVoces del Camino\u201d<\/td>\n<td style=\"text-align: center;\" width=\"180\">Hugo Figueras<\/td>\n<\/tr>\n<tr>\n<td style=\"text-align: center;\" rowspan=\"2\" width=\"57\">28\/09<\/td>\n<td style=\"text-align: center;\" rowspan=\"2\" width=\"73\">20.15 hs<\/td>\n<td width=\"350\">Coro \u201cVox Anima\u201d<\/td>\n<td style=\"text-align: center;\" width=\"180\">Gast\u00f3n Garc\u00eda<\/td>\n<\/tr>\n<tr>\n<td width=\"350\">Grupo Vocal Femenino \u201cCantuta\u201d<\/td>\n<td style=\"text-align: center;\" width=\"180\">Amparo Blanco Fern\u00e1ndez<\/td>\n<\/tr>\n<\/tbody>\n<\/table>\n<p>&nbsp;<\/p>\n<hr \/>\n<h3><img decoding=\"async\" class=\"aligncenter size-full wp-image-665\" src=\"https:\/\/www.ude.edu.ar\/areacultural\/wp-content\/uploads\/sites\/3\/2016\/05\/web-concierto-julio.png\" alt=\"\" width=\"100%\" srcset=\"https:\/\/www.ude.edu.ar\/areacultural\/wp-content\/uploads\/sites\/3\/2016\/05\/web-concierto-julio.png 1041w, https:\/\/www.ude.edu.ar\/areacultural\/wp-content\/uploads\/sites\/3\/2016\/05\/web-concierto-julio-300x69.png 300w, https:\/\/www.ude.edu.ar\/areacultural\/wp-content\/uploads\/sites\/3\/2016\/05\/web-concierto-julio-1024x237.png 1024w\" sizes=\"(max-width: 709px) 85vw, (max-width: 909px) 67vw, (max-width: 1362px) 62vw, 840px\" \/><\/h3>\n<p><em><strong>14 de Julio, 20 hs. Calle 44 e\/3 y 4 N\u00ba 417<br \/>\n<\/strong><\/em><br \/>\nEl pr\u00f3ximo Viernes nuestro coro, dirigido por\u00a0Noelia Di Santo, har\u00e1 una nueva presentaci\u00f3n junto al grupo de M\u00fasica Rioplatense, que interpretar\u00e1 Canciones de bolsillo, integrado por Florencia Gualchi, Manuel Abi\u00e1n, Alejandro Gimenez, Facundo Ponde de Le\u00f3n y Santiago Galarsa.<\/p>\n<p><img loading=\"lazy\" decoding=\"async\" class=\"wp-image-732 aligncenter\" src=\"https:\/\/www.ude.edu.ar\/areacultural\/wp-content\/uploads\/sites\/3\/2016\/05\/2.jpg\" alt=\"\" width=\"631\" height=\"420\" srcset=\"https:\/\/www.ude.edu.ar\/areacultural\/wp-content\/uploads\/sites\/3\/2016\/05\/2.jpg 1296w, https:\/\/www.ude.edu.ar\/areacultural\/wp-content\/uploads\/sites\/3\/2016\/05\/2-300x200.jpg 300w, https:\/\/www.ude.edu.ar\/areacultural\/wp-content\/uploads\/sites\/3\/2016\/05\/2-1024x683.jpg 1024w, https:\/\/www.ude.edu.ar\/areacultural\/wp-content\/uploads\/sites\/3\/2016\/05\/2-1200x800.jpg 1200w\" sizes=\"(max-width: 631px) 85vw, 631px\" \/> <img loading=\"lazy\" decoding=\"async\" class=\"wp-image-733 aligncenter\" src=\"https:\/\/www.ude.edu.ar\/areacultural\/wp-content\/uploads\/sites\/3\/2016\/05\/3-2.jpg\" alt=\"\" width=\"632\" height=\"421\" srcset=\"https:\/\/www.ude.edu.ar\/areacultural\/wp-content\/uploads\/sites\/3\/2016\/05\/3-2.jpg 1296w, https:\/\/www.ude.edu.ar\/areacultural\/wp-content\/uploads\/sites\/3\/2016\/05\/3-2-300x200.jpg 300w, https:\/\/www.ude.edu.ar\/areacultural\/wp-content\/uploads\/sites\/3\/2016\/05\/3-2-1024x683.jpg 1024w, https:\/\/www.ude.edu.ar\/areacultural\/wp-content\/uploads\/sites\/3\/2016\/05\/3-2-1200x800.jpg 1200w\" sizes=\"(max-width: 632px) 85vw, 632px\" \/><img loading=\"lazy\" decoding=\"async\" class=\"wp-image-735 aligncenter\" src=\"https:\/\/www.ude.edu.ar\/areacultural\/wp-content\/uploads\/sites\/3\/2016\/05\/7-2.jpg\" alt=\"\" width=\"632\" height=\"421\" srcset=\"https:\/\/www.ude.edu.ar\/areacultural\/wp-content\/uploads\/sites\/3\/2016\/05\/7-2.jpg 1296w, https:\/\/www.ude.edu.ar\/areacultural\/wp-content\/uploads\/sites\/3\/2016\/05\/7-2-300x200.jpg 300w, https:\/\/www.ude.edu.ar\/areacultural\/wp-content\/uploads\/sites\/3\/2016\/05\/7-2-1024x683.jpg 1024w, https:\/\/www.ude.edu.ar\/areacultural\/wp-content\/uploads\/sites\/3\/2016\/05\/7-2-1200x800.jpg 1200w\" sizes=\"(max-width: 632px) 85vw, 632px\" \/> <img loading=\"lazy\" decoding=\"async\" class=\"wp-image-734 aligncenter\" src=\"https:\/\/www.ude.edu.ar\/areacultural\/wp-content\/uploads\/sites\/3\/2016\/05\/6-2.jpg\" alt=\"\" width=\"632\" height=\"421\" srcset=\"https:\/\/www.ude.edu.ar\/areacultural\/wp-content\/uploads\/sites\/3\/2016\/05\/6-2.jpg 1296w, https:\/\/www.ude.edu.ar\/areacultural\/wp-content\/uploads\/sites\/3\/2016\/05\/6-2-300x200.jpg 300w, https:\/\/www.ude.edu.ar\/areacultural\/wp-content\/uploads\/sites\/3\/2016\/05\/6-2-1024x683.jpg 1024w, https:\/\/www.ude.edu.ar\/areacultural\/wp-content\/uploads\/sites\/3\/2016\/05\/6-2-1200x800.jpg 1200w\" sizes=\"(max-width: 632px) 85vw, 632px\" \/><\/p>\n<p>&nbsp;<\/p>\n<hr \/>\n<p><img loading=\"lazy\" decoding=\"async\" class=\"aligncenter size-full wp-image-648\" src=\"https:\/\/www.ude.edu.ar\/areacultural\/wp-content\/uploads\/sites\/3\/2016\/05\/web-doble-presentacion.png\" alt=\"\" width=\"1041\" height=\"241\" srcset=\"https:\/\/www.ude.edu.ar\/areacultural\/wp-content\/uploads\/sites\/3\/2016\/05\/web-doble-presentacion.png 1041w, https:\/\/www.ude.edu.ar\/areacultural\/wp-content\/uploads\/sites\/3\/2016\/05\/web-doble-presentacion-300x69.png 300w, https:\/\/www.ude.edu.ar\/areacultural\/wp-content\/uploads\/sites\/3\/2016\/05\/web-doble-presentacion-1024x237.png 1024w\" sizes=\"(max-width: 709px) 85vw, (max-width: 909px) 67vw, (max-width: 1362px) 62vw, 840px\" \/><\/p>\n<h3><strong>\u00a1Doble presentaci\u00f3n!<\/strong><\/h3>\n<p><em><strong>30 de Junio, 19.30 hs: \u201cViernes Corales\u201d de la UCALP<br \/>\n<\/strong><\/em><br \/>\nEl pr\u00f3ximo Viernes nuestro coro, dirigido por\u00a0Noelia Di Santo, ser\u00e1 nuevamente parte de este Ciclo, invitado y organizado por la Universidad Cat\u00f3lica de La Plata y coordinado por el Maestro\u00a0Santiago Bucar.<br \/>\nEl evento contar\u00e1 tambi\u00e9n con la presencia del Coro de la Facultad de Ciencias Jur\u00eddicas y Sociales, dirigido por\u00a0Emiliano Linares, el\u00a0Coral Gonnet, dirigido por\u00a0Jos\u00e9 Carnevale\u00a0y\u00a0La Cantor\u00eda coro\u00a0El Escudo (vocal Masculino) dirigido por\u00a0Jonathan Vel\u00e1zquez.<br \/>\nTe esperamos en la Capilla Betharran, 53 entre 10 y 11, con entrada libre y gratuita!<\/p>\n<p><em><strong>2 de Julio, 20 hs: &#8220;Encuentro Coral Solidario&#8221;<br \/>\n<\/strong><\/em><br \/>\nNos presentamos en la Parroquia Nuestra Se\u00f1ora de la Merced (calle Don Bosco entre Sidoti y La Merced) junto con el\u00a0Coro de la C\u00e1mara de Comercio e Industria de Ensenada, dirigido por\u00a0Marcos Gonzalez, y el Coro de J\u00f3venes del Instituto Cultural Argentino Brit\u00e1nico, dirigido por\u00a0Juan Mart\u00ed<br \/>\nA trav\u00e9s del evento se recibir\u00e1n donaciones de Leche larga vida y az\u00facar, para ser donado a la Casita Laura Vicu\u00f1a, instituci\u00f3n que brinda una merienda diaria a quienes lo necesitan.<\/p>\n<hr \/>\n<h3><strong>\u00a1VACANTES!<\/strong><\/h3>\n<p>El Coro de la Universidad del Este incorpora vacante de Mezzosoprano y de Contralto. Si te interesa ser parte, escribinos a ndisanto@ude.edu.ar<\/p>\n<p><img loading=\"lazy\" decoding=\"async\" class=\"aligncenter wp-image-569\" src=\"https:\/\/www.ude.edu.ar\/areacultural\/wp-content\/uploads\/sites\/3\/2016\/05\/facebook-vacante.png\" alt=\"\" width=\"598\" height=\"595\" srcset=\"https:\/\/www.ude.edu.ar\/areacultural\/wp-content\/uploads\/sites\/3\/2016\/05\/facebook-vacante.png 1051w, https:\/\/www.ude.edu.ar\/areacultural\/wp-content\/uploads\/sites\/3\/2016\/05\/facebook-vacante-150x150.png 150w, https:\/\/www.ude.edu.ar\/areacultural\/wp-content\/uploads\/sites\/3\/2016\/05\/facebook-vacante-1024x1019.png 1024w\" sizes=\"(max-width: 598px) 85vw, 598px\" \/><\/p>\n<hr \/>\n<h3>El CORO UDE abre su temporada de conciertos<\/h3>\n<p><em>El coro de la Universidad del Este dirigido por la Lic. Noelia Di Santo, iniciar\u00e1\u00a0su agenda de conciertos en el Encuentro Coral organizado por\u00a0el Centro Gallego de la Ciudad de La Plata.\u00a0<\/em><\/p>\n<p><em>Dicho evento tendr\u00e1 lugar el\u00a0pr\u00f3ximo viernes 26\/5 a las 19.30 hs en la Instituci\u00f3n Gallega (calle 42 nro 373)\u00a0que abre sus puertas nuevamente luego de un per\u00edodo de puesta en valor.\u00a0<\/em><\/p>\n<p><em>Ser\u00e1n parte del concierto el Coro Polif\u00f3nico\u00a0del Centro Gallego y el Coro &#8220;Voces del Camino&#8221;, dirigido por el Maestro Hugo Figueras.\u00a0<\/em><\/p>\n<p><em>Nuestro coro presentar\u00e1 parte del Repertorio previsto para este a\u00f1o, las cuales incluyen obras\u00a0acad\u00e9micas\u00a0y populares\u00a0y dos estrenos\u00a0de W.A. Mozart para Coro y\u00a0\u00d3rgano\u00a0y una pieza cubana de principio de siglo de Beatriz\u00a0<strong>Corona<\/strong>\u00a0sobre\u00a0un\u00a0poema de Jos\u00e9\u00a0<strong>Mart\u00ed.\u00a0<\/strong><\/em><\/p>\n<p><strong><em>La entrada ser\u00e1 libre y gratuita.\u00a0<\/em><\/strong><\/p>\n<p><img loading=\"lazy\" decoding=\"async\" class=\"alignleft wp-image-553\" src=\"https:\/\/www.ude.edu.ar\/areacultural\/wp-content\/uploads\/sites\/3\/2016\/05\/Noticias-Encuentro-Coral-5-17.png\" alt=\"\" width=\"769\" height=\"529\" srcset=\"https:\/\/www.ude.edu.ar\/areacultural\/wp-content\/uploads\/sites\/3\/2016\/05\/Noticias-Encuentro-Coral-5-17.png 1080w, https:\/\/www.ude.edu.ar\/areacultural\/wp-content\/uploads\/sites\/3\/2016\/05\/Noticias-Encuentro-Coral-5-17-300x206.png 300w, https:\/\/www.ude.edu.ar\/areacultural\/wp-content\/uploads\/sites\/3\/2016\/05\/Noticias-Encuentro-Coral-5-17-1024x704.png 1024w\" sizes=\"(max-width: 769px) 85vw, 769px\" \/><\/p>\n<h3><img loading=\"lazy\" decoding=\"async\" class=\"wp-image-573 alignleft\" src=\"https:\/\/www.ude.edu.ar\/areacultural\/wp-content\/uploads\/sites\/3\/2016\/05\/DSC_0229.png\" alt=\"\" width=\"768\" height=\"510\" srcset=\"https:\/\/www.ude.edu.ar\/areacultural\/wp-content\/uploads\/sites\/3\/2016\/05\/DSC_0229.png 1000w, https:\/\/www.ude.edu.ar\/areacultural\/wp-content\/uploads\/sites\/3\/2016\/05\/DSC_0229-300x200.png 300w\" sizes=\"(max-width: 768px) 85vw, 768px\" \/><\/h3>\n<p><img loading=\"lazy\" decoding=\"async\" class=\"wp-image-572 alignleft\" src=\"https:\/\/www.ude.edu.ar\/areacultural\/wp-content\/uploads\/sites\/3\/2016\/05\/DSC_0228.png\" alt=\"\" width=\"768\" height=\"511\" srcset=\"https:\/\/www.ude.edu.ar\/areacultural\/wp-content\/uploads\/sites\/3\/2016\/05\/DSC_0228.png 1000w, https:\/\/www.ude.edu.ar\/areacultural\/wp-content\/uploads\/sites\/3\/2016\/05\/DSC_0228-300x200.png 300w\" sizes=\"(max-width: 768px) 85vw, 768px\" \/><\/p>\n<hr \/>\n<h3>CANTEMUS &#8211; Taller de preparaci\u00f3n de obras corales<\/h3>\n<p>El pasado 9 de Abril, el Coro de la Universidad del Este particip\u00f3 del Taller \u201cCantemus\u201d en la Ciudad de Santa Fe. Organizado por la Fundaci\u00f3n Meridies y el Estudio Coral Meridies, bajo la direcci\u00f3n de la Maestra Virginia Bono; este Taller de preparaci\u00f3n de obras corales es un espacio de encuentro, intercambio, integraci\u00f3n y enriquecimiento mutuo a trav\u00e9s del canto compartido, siendo una experiencia coral innovadora y atractiva para todos los participantes.<\/p>\n<p>Esta cuarta edici\u00f3n de Cantemus fue conducida por Markus Detterbeck, docente de m\u00fasica, director coral, compositor y arreglador alem\u00e1n, quien adem\u00e1s dict\u00f3 dos clases magistrales para directores corales durante los d\u00edas 7 y 8 de abril sobre Romanticismo Alem\u00e1n y M\u00fasica Coral Sudafricana. Dichas clases fueron presenciadas por Lic. Noelia Di Santo, directora de nuestro coro.<\/p>\n<p>El repertorio de esta edici\u00f3n del Cantemus estuvo dedicado a la M\u00fasica Coral Africana, cargada de una fuerte tradici\u00f3n y de caracter\u00edsticas r\u00edtmicas y vocales muy atractivas. Las Actividades incluyeron ensayos generales y parciales por cuerdas y finaliz\u00f3 con un concierto final abierto al p\u00fablico en la Antigua Estaci\u00f3n de Trenes de la mencionada Ciudad.<\/p>\n<p><img loading=\"lazy\" decoding=\"async\" class=\"alignleft size-full wp-image-517\" src=\"https:\/\/www.ude.edu.ar\/areacultural\/wp-content\/uploads\/sites\/3\/2016\/05\/recortada.jpg\" alt=\"\" width=\"1774\" height=\"996\" srcset=\"https:\/\/www.ude.edu.ar\/areacultural\/wp-content\/uploads\/sites\/3\/2016\/05\/recortada.jpg 1774w, https:\/\/www.ude.edu.ar\/areacultural\/wp-content\/uploads\/sites\/3\/2016\/05\/recortada-300x168.jpg 300w, https:\/\/www.ude.edu.ar\/areacultural\/wp-content\/uploads\/sites\/3\/2016\/05\/recortada-1024x575.jpg 1024w, https:\/\/www.ude.edu.ar\/areacultural\/wp-content\/uploads\/sites\/3\/2016\/05\/recortada-1200x674.jpg 1200w\" sizes=\"(max-width: 709px) 85vw, (max-width: 909px) 67vw, (max-width: 1362px) 62vw, 840px\" \/><\/p>\n<hr \/>\n<hr \/>\n<h3><\/h3>\n<hr \/>\n<h3>ANUARIO 2016<\/h3>\n<h3><iframe loading=\"lazy\" style=\"width: 100%; height: 185px;\" src=\"\/\/e.issuu.com\/embed.html#14628254\/43265075\" width=\"300\" height=\"150\" frameborder=\"0\" allowfullscreen=\"allowfullscreen\"><\/iframe><\/h3>\n<hr \/>\n<h3>GIRA BRASIL 2016<\/h3>\n<p><strong>Primer Concierto en Florian\u00f3polis<\/strong><\/p>\n<p>En el marco de la Gira Art\u00edstica que emprendi\u00f3 nuestro coro a la Ciudad de Florian\u00f3polis; el pasado 9 de Diciembre a las 20 hs. se realiz\u00f3 un Encuentro Coral en el Auditorio de la Universidad Federal de Santa Catarina (UFSC) de dicha Ciudad.<\/p>\n<p>El mismo dio apertura con la actuaci\u00f3n del Coro de la Universidad del Este, dirigido por la Lic. Noelia Di Santo, el cual ofreci\u00f3 un repertorio variado, en su mayor\u00eda de compositores argentinos con el fin de dar a conocer parte de la producci\u00f3n musical de nuestro pa\u00eds. En un gesto de camarader\u00eda e intercambio cultural entre ambos pa\u00edses, propio de estos encuentros; la \u00faltima obra fue interpretada junto al Grupo Vocal Madrigal de la UFSC, Dirigido por Miriam Moritz. Ambos grupos interpretaron \u201cChacarera Santiague\u00f1a\u201d, en arreglo de Roberto Goldar y fueron dirigidos por la Directora Noelia Di Santo.<\/p>\n<p>El evento concluy\u00f3 con la actuaci\u00f3n del Coro de J\u00f3venes del Instituto Cultural Argentino Brit\u00e1nico de la Ciudad de La Plata, dirigido por Juan Mart\u00ed; quien comparti\u00f3 con nuestro Coro la Gira al Pa\u00eds vecino.<\/p>\n<p style=\"text-align: center;\"><img loading=\"lazy\" decoding=\"async\" class=\"alignleft wp-image-441\" src=\"https:\/\/www.ude.edu.ar\/areacultural\/wp-content\/uploads\/sites\/3\/2016\/05\/IMG_5454.jpg\" alt=\"img_5454\" width=\"211\" height=\"140\" srcset=\"https:\/\/www.ude.edu.ar\/areacultural\/wp-content\/uploads\/sites\/3\/2016\/05\/IMG_5454.jpg 1920w, https:\/\/www.ude.edu.ar\/areacultural\/wp-content\/uploads\/sites\/3\/2016\/05\/IMG_5454-300x200.jpg 300w, https:\/\/www.ude.edu.ar\/areacultural\/wp-content\/uploads\/sites\/3\/2016\/05\/IMG_5454-1024x683.jpg 1024w, https:\/\/www.ude.edu.ar\/areacultural\/wp-content\/uploads\/sites\/3\/2016\/05\/IMG_5454-1200x800.jpg 1200w\" sizes=\"(max-width: 211px) 85vw, 211px\" \/> <img loading=\"lazy\" decoding=\"async\" class=\"alignleft wp-image-442\" src=\"https:\/\/www.ude.edu.ar\/areacultural\/wp-content\/uploads\/sites\/3\/2016\/05\/IMG_5463.jpg\" alt=\"img_5463\" width=\"209\" height=\"139\" srcset=\"https:\/\/www.ude.edu.ar\/areacultural\/wp-content\/uploads\/sites\/3\/2016\/05\/IMG_5463.jpg 1920w, https:\/\/www.ude.edu.ar\/areacultural\/wp-content\/uploads\/sites\/3\/2016\/05\/IMG_5463-300x200.jpg 300w, https:\/\/www.ude.edu.ar\/areacultural\/wp-content\/uploads\/sites\/3\/2016\/05\/IMG_5463-1024x683.jpg 1024w, https:\/\/www.ude.edu.ar\/areacultural\/wp-content\/uploads\/sites\/3\/2016\/05\/IMG_5463-1200x800.jpg 1200w\" sizes=\"(max-width: 209px) 85vw, 209px\" \/> <img loading=\"lazy\" decoding=\"async\" class=\"alignleft wp-image-443\" src=\"https:\/\/www.ude.edu.ar\/areacultural\/wp-content\/uploads\/sites\/3\/2016\/05\/IMG_5465.jpg\" alt=\"img_5465\" width=\"209\" height=\"139\" srcset=\"https:\/\/www.ude.edu.ar\/areacultural\/wp-content\/uploads\/sites\/3\/2016\/05\/IMG_5465.jpg 1920w, https:\/\/www.ude.edu.ar\/areacultural\/wp-content\/uploads\/sites\/3\/2016\/05\/IMG_5465-300x200.jpg 300w, https:\/\/www.ude.edu.ar\/areacultural\/wp-content\/uploads\/sites\/3\/2016\/05\/IMG_5465-1024x683.jpg 1024w, https:\/\/www.ude.edu.ar\/areacultural\/wp-content\/uploads\/sites\/3\/2016\/05\/IMG_5465-1200x800.jpg 1200w\" sizes=\"(max-width: 209px) 85vw, 209px\" \/><\/p>\n<p>&nbsp;<\/p>\n<p>&nbsp;<\/p>\n<p>&nbsp;<\/p>\n<p>&nbsp;<\/p>\n<p><strong>Concierto Coral organizado por el Consulado de la Rep\u00fablica Argentina en Florian\u00f3polis.<\/strong><\/p>\n<p>El d\u00eda 10 de diciembre continu\u00f3 la Gira por la ciudad de Florian\u00f3polis, dando un concierto promovido desde el Consulado de la Rep\u00fablica Argentina.<\/p>\n<p>El mismo tuvo lugar en la Sala Pra\u00e7a Vila do Porto del Hotel Resort Cost\u00e3o do Santinho y cont\u00f3 con la presencia del Consul adjunto, Secretario Octavio La Croce quien dio apertura al evento presentando al Coro de J\u00f3venes del Instituto Cultural Argentino Brit\u00e1nico de la Ciudad de La Plata, dirigido por Juan Mart\u00ed.<\/p>\n<p>En esta oportunidad el Coro de la Universidad del Este cerr\u00f3 el evento con un repertorio de m\u00fasica popular.<\/p>\n<p><img loading=\"lazy\" decoding=\"async\" class=\"alignleft wp-image-444\" src=\"https:\/\/www.ude.edu.ar\/areacultural\/wp-content\/uploads\/sites\/3\/2016\/05\/IMG_5691.jpg\" alt=\"img_5691\" width=\"209\" height=\"139\" srcset=\"https:\/\/www.ude.edu.ar\/areacultural\/wp-content\/uploads\/sites\/3\/2016\/05\/IMG_5691.jpg 1920w, https:\/\/www.ude.edu.ar\/areacultural\/wp-content\/uploads\/sites\/3\/2016\/05\/IMG_5691-300x200.jpg 300w, https:\/\/www.ude.edu.ar\/areacultural\/wp-content\/uploads\/sites\/3\/2016\/05\/IMG_5691-1024x683.jpg 1024w, https:\/\/www.ude.edu.ar\/areacultural\/wp-content\/uploads\/sites\/3\/2016\/05\/IMG_5691-1200x800.jpg 1200w\" sizes=\"(max-width: 209px) 85vw, 209px\" \/> <img loading=\"lazy\" decoding=\"async\" class=\"alignleft wp-image-445\" src=\"https:\/\/www.ude.edu.ar\/areacultural\/wp-content\/uploads\/sites\/3\/2016\/05\/IMG_5698.jpg\" alt=\"img_5698\" width=\"209\" height=\"139\" srcset=\"https:\/\/www.ude.edu.ar\/areacultural\/wp-content\/uploads\/sites\/3\/2016\/05\/IMG_5698.jpg 1920w, https:\/\/www.ude.edu.ar\/areacultural\/wp-content\/uploads\/sites\/3\/2016\/05\/IMG_5698-300x200.jpg 300w, https:\/\/www.ude.edu.ar\/areacultural\/wp-content\/uploads\/sites\/3\/2016\/05\/IMG_5698-1024x683.jpg 1024w, https:\/\/www.ude.edu.ar\/areacultural\/wp-content\/uploads\/sites\/3\/2016\/05\/IMG_5698-1200x800.jpg 1200w\" sizes=\"(max-width: 209px) 85vw, 209px\" \/> <img loading=\"lazy\" decoding=\"async\" class=\"alignleft wp-image-446\" src=\"https:\/\/www.ude.edu.ar\/areacultural\/wp-content\/uploads\/sites\/3\/2016\/05\/IMG_5701.jpg\" alt=\"img_5701\" width=\"209\" height=\"139\" srcset=\"https:\/\/www.ude.edu.ar\/areacultural\/wp-content\/uploads\/sites\/3\/2016\/05\/IMG_5701.jpg 1920w, https:\/\/www.ude.edu.ar\/areacultural\/wp-content\/uploads\/sites\/3\/2016\/05\/IMG_5701-300x200.jpg 300w, https:\/\/www.ude.edu.ar\/areacultural\/wp-content\/uploads\/sites\/3\/2016\/05\/IMG_5701-1024x683.jpg 1024w, https:\/\/www.ude.edu.ar\/areacultural\/wp-content\/uploads\/sites\/3\/2016\/05\/IMG_5701-1200x800.jpg 1200w\" sizes=\"(max-width: 209px) 85vw, 209px\" \/><\/p>\n<p>&nbsp;<\/p>\n<p>&nbsp;<\/p>\n<p>&nbsp;<\/p>\n<p>&nbsp;<\/p>\n<p><strong>Concierto Final\u00a0<\/strong><\/p>\n<p>Concluyendo su paso por Brasil, el Coro de la UDE, dio apertura al tercer encuentro Coral realizado en el Auditorio de la Universidad Federal de Santa Catarina (UFSC) de Florianopolis.<\/p>\n<p>En esta oportunidad, adem\u00e1s del repertorio ya presentado se ofrecieron dos obras nuevas aprendidas y trabajadas en ensayos durante la Gira. Una de ellas fue \u201cLacrimosa\u201d de Calixto Alvarez, la cual fue interpretada por los dos coros argentinos visitantes: Coro de Jovenes del ICAB, dirigido por Juan Marti y el Coro UDE.<\/p>\n<p>El evento dio cierre con la interpretaci\u00f3n de la segunda obra aprendida especialmente para la gira: El samba brasilero \u201cLata D\u2019agua\u201d. La misma fue interpretada por los coros argentinos, el Coro de la Universidad Federal de Santa Catarina \u201cCoral da UFSC\u201d y el grupo Vocal Madrigal da UFSC, dirigidos ambos por la Lic. Miriam Moritz.<\/p>\n<p>Conformando para el cierre del encuentro un gran coro de 100 personas arriba del escenario, el evento fue una celebraci\u00f3n musical y un intercambio institucional y cultural de gran inter\u00e9s.<\/p>\n<p><img loading=\"lazy\" decoding=\"async\" class=\"alignleft wp-image-449\" src=\"https:\/\/www.ude.edu.ar\/areacultural\/wp-content\/uploads\/sites\/3\/2016\/05\/IMG-20161213-WA0034.jpg\" alt=\"img-20161213-wa0034\" width=\"207\" height=\"138\" srcset=\"https:\/\/www.ude.edu.ar\/areacultural\/wp-content\/uploads\/sites\/3\/2016\/05\/IMG-20161213-WA0034.jpg 1600w, https:\/\/www.ude.edu.ar\/areacultural\/wp-content\/uploads\/sites\/3\/2016\/05\/IMG-20161213-WA0034-300x200.jpg 300w, https:\/\/www.ude.edu.ar\/areacultural\/wp-content\/uploads\/sites\/3\/2016\/05\/IMG-20161213-WA0034-1024x682.jpg 1024w, https:\/\/www.ude.edu.ar\/areacultural\/wp-content\/uploads\/sites\/3\/2016\/05\/IMG-20161213-WA0034-1200x800.jpg 1200w\" sizes=\"(max-width: 207px) 85vw, 207px\" \/><\/p>\n<p><img loading=\"lazy\" decoding=\"async\" class=\"alignleft wp-image-448\" src=\"https:\/\/www.ude.edu.ar\/areacultural\/wp-content\/uploads\/sites\/3\/2016\/05\/IMG_5925.jpg\" alt=\"img_5925\" width=\"209\" height=\"139\" srcset=\"https:\/\/www.ude.edu.ar\/areacultural\/wp-content\/uploads\/sites\/3\/2016\/05\/IMG_5925.jpg 1920w, https:\/\/www.ude.edu.ar\/areacultural\/wp-content\/uploads\/sites\/3\/2016\/05\/IMG_5925-300x200.jpg 300w, https:\/\/www.ude.edu.ar\/areacultural\/wp-content\/uploads\/sites\/3\/2016\/05\/IMG_5925-1024x683.jpg 1024w, https:\/\/www.ude.edu.ar\/areacultural\/wp-content\/uploads\/sites\/3\/2016\/05\/IMG_5925-1200x800.jpg 1200w\" sizes=\"(max-width: 209px) 85vw, 209px\" \/><\/p>\n<p><img loading=\"lazy\" decoding=\"async\" class=\"alignleft wp-image-450\" src=\"https:\/\/www.ude.edu.ar\/areacultural\/wp-content\/uploads\/sites\/3\/2016\/05\/IMG-20161213-WA0030.jpg\" alt=\"img-20161213-wa0030\" width=\"209\" height=\"139\" srcset=\"https:\/\/www.ude.edu.ar\/areacultural\/wp-content\/uploads\/sites\/3\/2016\/05\/IMG-20161213-WA0030.jpg 1600w, https:\/\/www.ude.edu.ar\/areacultural\/wp-content\/uploads\/sites\/3\/2016\/05\/IMG-20161213-WA0030-300x200.jpg 300w, https:\/\/www.ude.edu.ar\/areacultural\/wp-content\/uploads\/sites\/3\/2016\/05\/IMG-20161213-WA0030-1024x682.jpg 1024w, https:\/\/www.ude.edu.ar\/areacultural\/wp-content\/uploads\/sites\/3\/2016\/05\/IMG-20161213-WA0030-1200x800.jpg 1200w\" sizes=\"(max-width: 209px) 85vw, 209px\" \/><\/p>\n<h3><\/h3>\n<hr \/>\n<h3>CONCIERTO DE FIN DE A\u00d1O<\/h3>\n<p><em>El pr\u00f3ximo 1\u00b0 de Diciembre el Coro de la UDE, dirigido por la Lic. Noelia Di Santo, despide un intenso a\u00f1o de trabajo: Con 15\u00a0presentaciones en diferentes lugares de la ciudad y espacios institucionales\u00a0y preparando una Gira a Brasil para el mes de diciembre, nuestro coro realizar\u00e1\u00a0\u00a0su concierto de fin de a\u00f1o.<\/em><\/p>\n<p><em>El mismo tendr\u00e1 lugar en la Casa de la empleada (calle 44 entre 3 y 4) y ofrecer\u00e1 un amplio\u00a0repertorio de\u00a0obras tanto\u00a0acad\u00e9micas como populares.\u00a0<\/em><\/p>\n<p><em>\u00a1Los esperamos para celebrar este gran a\u00f1o de crecimiento!<\/em><\/p>\n<p><em>Entrada libre y gratuita.<\/em><\/p>\n<hr \/>\n<h3>El Coro de la UDE se present\u00f3 en Nuestra Sra. de Luj\u00e1n<\/h3>\n<p>El\u00a0domingo 20 de noviembre nuestro Coro, dirigido por Noelia Di Santo,\u00a0y el Coro del Instituto Cultural Argentino Brit\u00e1nico (ICAB), dirigido por Juan Mart\u00ed, se presentaron en la Iglesia Nuestra Sra. de Luj\u00e1n.<\/p>\n<p><img loading=\"lazy\" decoding=\"async\" class=\"alignleft wp-image-426\" src=\"https:\/\/www.ude.edu.ar\/areacultural\/wp-content\/uploads\/sites\/3\/2016\/05\/IMG_4661.jpg\" alt=\"img_4661\" width=\"208\" height=\"139\" srcset=\"https:\/\/www.ude.edu.ar\/areacultural\/wp-content\/uploads\/sites\/3\/2016\/05\/IMG_4661.jpg 1920w, https:\/\/www.ude.edu.ar\/areacultural\/wp-content\/uploads\/sites\/3\/2016\/05\/IMG_4661-300x200.jpg 300w, https:\/\/www.ude.edu.ar\/areacultural\/wp-content\/uploads\/sites\/3\/2016\/05\/IMG_4661-1024x683.jpg 1024w, https:\/\/www.ude.edu.ar\/areacultural\/wp-content\/uploads\/sites\/3\/2016\/05\/IMG_4661-1200x800.jpg 1200w\" sizes=\"(max-width: 208px) 85vw, 208px\" \/> <img loading=\"lazy\" decoding=\"async\" class=\"alignleft wp-image-427\" src=\"https:\/\/www.ude.edu.ar\/areacultural\/wp-content\/uploads\/sites\/3\/2016\/05\/IMG_4669.jpg\" alt=\"img_4669\" width=\"208\" height=\"138\" srcset=\"https:\/\/www.ude.edu.ar\/areacultural\/wp-content\/uploads\/sites\/3\/2016\/05\/IMG_4669.jpg 1920w, https:\/\/www.ude.edu.ar\/areacultural\/wp-content\/uploads\/sites\/3\/2016\/05\/IMG_4669-300x200.jpg 300w, https:\/\/www.ude.edu.ar\/areacultural\/wp-content\/uploads\/sites\/3\/2016\/05\/IMG_4669-1024x683.jpg 1024w, https:\/\/www.ude.edu.ar\/areacultural\/wp-content\/uploads\/sites\/3\/2016\/05\/IMG_4669-1200x800.jpg 1200w\" sizes=\"(max-width: 208px) 85vw, 208px\" \/> <img loading=\"lazy\" decoding=\"async\" class=\"wp-image-428 alignnone\" src=\"https:\/\/www.ude.edu.ar\/areacultural\/wp-content\/uploads\/sites\/3\/2016\/05\/IMG_4625-1.jpg\" alt=\"img_4625-1\" width=\"208\" height=\"138\" srcset=\"https:\/\/www.ude.edu.ar\/areacultural\/wp-content\/uploads\/sites\/3\/2016\/05\/IMG_4625-1.jpg 1920w, https:\/\/www.ude.edu.ar\/areacultural\/wp-content\/uploads\/sites\/3\/2016\/05\/IMG_4625-1-300x200.jpg 300w, https:\/\/www.ude.edu.ar\/areacultural\/wp-content\/uploads\/sites\/3\/2016\/05\/IMG_4625-1-1024x683.jpg 1024w, https:\/\/www.ude.edu.ar\/areacultural\/wp-content\/uploads\/sites\/3\/2016\/05\/IMG_4625-1-1200x800.jpg 1200w\" sizes=\"(max-width: 208px) 85vw, 208px\" \/><\/p>\n<h3><\/h3>\n<hr \/>\n<h3><strong>Viernes cultural, nueva presentaci\u00f3n del Coro de la UDE<\/strong><\/h3>\n<p>En el marco del Ciclo de Viernes Corales de la Facultad de Humanidades de la Universidad Cat\u00f3lica de La Plata, el Coro de la Universidad del Este dirigido por Noelia Disanto tendr\u00e1 una nueva presentaci\u00f3n. El evento se llevar\u00e1 adelante el 23 de septiembre a las 19.30 horas en el Sal\u00f3n Bertharr\u00e1m, ubicado en calle 11 entre 51 y 53 N\u00b0972.<\/p>\n<p>El Coro Fenix, dirigido por Emiliano Linares y el Coro de C\u00e1mara de la Construcci\u00f3n, a cargo del director Jos\u00e9 Juli\u00e1n Carnevale, ser\u00e1n los otros invitados de la jornada musical.<\/p>\n<p>Tanto la UDE como la UCALP, instituciones universitarias de gran prestigio en la ciudad de La Plata, comparten el inter\u00e9s por promover la cultura en sus diferentes aristas y lo demuestran a trav\u00e9s de este tipo de actividades.<\/p>\n<div data-carousel-extra='{\"blog_id\":3,\"permalink\":\"https:\\\/\\\/www.ude.edu.ar\\\/areacultural\\\/actividades\\\/talleres\\\/coro\\\/\",\"likes_blog_id\":false}' id='gallery-1' class='gallery galleryid-99 gallery-columns-3 gallery-size-thumbnail'><figure class='gallery-item'>\n\t\t\t<div class='gallery-icon landscape'>\n\t\t\t\t<a href='https:\/\/www.ude.edu.ar\/areacultural\/wp-content\/uploads\/sites\/3\/2016\/05\/1.png' title=\"\" data-rl_title=\"\" class=\"rl-gallery-link\" data-rl_caption=\"\" data-rel=\"lightbox-gallery-1\"><img loading=\"lazy\" decoding=\"async\" width=\"150\" height=\"150\" src=\"https:\/\/www.ude.edu.ar\/areacultural\/wp-content\/uploads\/sites\/3\/2016\/05\/1-150x150.png\" class=\"attachment-thumbnail size-thumbnail\" alt=\"\" data-attachment-id=\"355\" data-orig-file=\"https:\/\/www.ude.edu.ar\/areacultural\/wp-content\/uploads\/sites\/3\/2016\/05\/1.png\" data-orig-size=\"1080,810\" data-comments-opened=\"0\" data-image-meta=\"{&quot;aperture&quot;:&quot;0&quot;,&quot;credit&quot;:&quot;&quot;,&quot;camera&quot;:&quot;&quot;,&quot;caption&quot;:&quot;&quot;,&quot;created_timestamp&quot;:&quot;0&quot;,&quot;copyright&quot;:&quot;&quot;,&quot;focal_length&quot;:&quot;0&quot;,&quot;iso&quot;:&quot;0&quot;,&quot;shutter_speed&quot;:&quot;0&quot;,&quot;title&quot;:&quot;&quot;,&quot;orientation&quot;:&quot;0&quot;,&quot;keywords&quot;:&quot;Array&quot;}\" data-image-title=\"1\" data-image-description=\"\" data-medium-file=\"https:\/\/www.ude.edu.ar\/areacultural\/wp-content\/uploads\/sites\/3\/2016\/05\/1-300x225.png\" data-large-file=\"https:\/\/www.ude.edu.ar\/areacultural\/wp-content\/uploads\/sites\/3\/2016\/05\/1-1024x768.png\" \/><\/a>\n\t\t\t<\/div><\/figure><figure class='gallery-item'>\n\t\t\t<div class='gallery-icon landscape'>\n\t\t\t\t<a href='https:\/\/www.ude.edu.ar\/areacultural\/wp-content\/uploads\/sites\/3\/2016\/05\/2.png' title=\"\" data-rl_title=\"\" class=\"rl-gallery-link\" data-rl_caption=\"\" data-rel=\"lightbox-gallery-1\"><img loading=\"lazy\" decoding=\"async\" width=\"150\" height=\"150\" src=\"https:\/\/www.ude.edu.ar\/areacultural\/wp-content\/uploads\/sites\/3\/2016\/05\/2-150x150.png\" class=\"attachment-thumbnail size-thumbnail\" alt=\"\" data-attachment-id=\"356\" data-orig-file=\"https:\/\/www.ude.edu.ar\/areacultural\/wp-content\/uploads\/sites\/3\/2016\/05\/2.png\" data-orig-size=\"1080,810\" data-comments-opened=\"0\" data-image-meta=\"{&quot;aperture&quot;:&quot;0&quot;,&quot;credit&quot;:&quot;&quot;,&quot;camera&quot;:&quot;&quot;,&quot;caption&quot;:&quot;&quot;,&quot;created_timestamp&quot;:&quot;0&quot;,&quot;copyright&quot;:&quot;&quot;,&quot;focal_length&quot;:&quot;0&quot;,&quot;iso&quot;:&quot;0&quot;,&quot;shutter_speed&quot;:&quot;0&quot;,&quot;title&quot;:&quot;&quot;,&quot;orientation&quot;:&quot;0&quot;,&quot;keywords&quot;:&quot;Array&quot;}\" data-image-title=\"2\" data-image-description=\"\" data-medium-file=\"https:\/\/www.ude.edu.ar\/areacultural\/wp-content\/uploads\/sites\/3\/2016\/05\/2-300x225.png\" data-large-file=\"https:\/\/www.ude.edu.ar\/areacultural\/wp-content\/uploads\/sites\/3\/2016\/05\/2-1024x768.png\" \/><\/a>\n\t\t\t<\/div><\/figure><figure class='gallery-item'>\n\t\t\t<div class='gallery-icon landscape'>\n\t\t\t\t<a href='https:\/\/www.ude.edu.ar\/areacultural\/wp-content\/uploads\/sites\/3\/2016\/05\/3.png' title=\"\" data-rl_title=\"\" class=\"rl-gallery-link\" data-rl_caption=\"\" data-rel=\"lightbox-gallery-1\"><img loading=\"lazy\" decoding=\"async\" width=\"150\" height=\"150\" src=\"https:\/\/www.ude.edu.ar\/areacultural\/wp-content\/uploads\/sites\/3\/2016\/05\/3-150x150.png\" class=\"attachment-thumbnail size-thumbnail\" alt=\"\" data-attachment-id=\"357\" data-orig-file=\"https:\/\/www.ude.edu.ar\/areacultural\/wp-content\/uploads\/sites\/3\/2016\/05\/3.png\" data-orig-size=\"1080,810\" data-comments-opened=\"0\" data-image-meta=\"{&quot;aperture&quot;:&quot;0&quot;,&quot;credit&quot;:&quot;&quot;,&quot;camera&quot;:&quot;&quot;,&quot;caption&quot;:&quot;&quot;,&quot;created_timestamp&quot;:&quot;0&quot;,&quot;copyright&quot;:&quot;&quot;,&quot;focal_length&quot;:&quot;0&quot;,&quot;iso&quot;:&quot;0&quot;,&quot;shutter_speed&quot;:&quot;0&quot;,&quot;title&quot;:&quot;&quot;,&quot;orientation&quot;:&quot;0&quot;,&quot;keywords&quot;:&quot;Array&quot;}\" data-image-title=\"3\" data-image-description=\"\" data-medium-file=\"https:\/\/www.ude.edu.ar\/areacultural\/wp-content\/uploads\/sites\/3\/2016\/05\/3-300x225.png\" data-large-file=\"https:\/\/www.ude.edu.ar\/areacultural\/wp-content\/uploads\/sites\/3\/2016\/05\/3-1024x768.png\" \/><\/a>\n\t\t\t<\/div><\/figure><figure class='gallery-item'>\n\t\t\t<div class='gallery-icon landscape'>\n\t\t\t\t<a href='https:\/\/www.ude.edu.ar\/areacultural\/wp-content\/uploads\/sites\/3\/2016\/05\/4.png' title=\"\" data-rl_title=\"\" class=\"rl-gallery-link\" data-rl_caption=\"\" data-rel=\"lightbox-gallery-1\"><img loading=\"lazy\" decoding=\"async\" width=\"150\" height=\"150\" src=\"https:\/\/www.ude.edu.ar\/areacultural\/wp-content\/uploads\/sites\/3\/2016\/05\/4-150x150.png\" class=\"attachment-thumbnail size-thumbnail\" alt=\"\" data-attachment-id=\"358\" data-orig-file=\"https:\/\/www.ude.edu.ar\/areacultural\/wp-content\/uploads\/sites\/3\/2016\/05\/4.png\" data-orig-size=\"1080,810\" data-comments-opened=\"0\" data-image-meta=\"{&quot;aperture&quot;:&quot;0&quot;,&quot;credit&quot;:&quot;&quot;,&quot;camera&quot;:&quot;&quot;,&quot;caption&quot;:&quot;&quot;,&quot;created_timestamp&quot;:&quot;0&quot;,&quot;copyright&quot;:&quot;&quot;,&quot;focal_length&quot;:&quot;0&quot;,&quot;iso&quot;:&quot;0&quot;,&quot;shutter_speed&quot;:&quot;0&quot;,&quot;title&quot;:&quot;&quot;,&quot;orientation&quot;:&quot;0&quot;,&quot;keywords&quot;:&quot;Array&quot;}\" data-image-title=\"4\" data-image-description=\"\" data-medium-file=\"https:\/\/www.ude.edu.ar\/areacultural\/wp-content\/uploads\/sites\/3\/2016\/05\/4-300x225.png\" data-large-file=\"https:\/\/www.ude.edu.ar\/areacultural\/wp-content\/uploads\/sites\/3\/2016\/05\/4-1024x768.png\" \/><\/a>\n\t\t\t<\/div><\/figure><figure class='gallery-item'>\n\t\t\t<div class='gallery-icon landscape'>\n\t\t\t\t<a href='https:\/\/www.ude.edu.ar\/areacultural\/wp-content\/uploads\/sites\/3\/2016\/05\/5.png' title=\"\" data-rl_title=\"\" class=\"rl-gallery-link\" data-rl_caption=\"\" data-rel=\"lightbox-gallery-1\"><img loading=\"lazy\" decoding=\"async\" width=\"150\" height=\"150\" src=\"https:\/\/www.ude.edu.ar\/areacultural\/wp-content\/uploads\/sites\/3\/2016\/05\/5-150x150.png\" class=\"attachment-thumbnail size-thumbnail\" alt=\"\" data-attachment-id=\"359\" data-orig-file=\"https:\/\/www.ude.edu.ar\/areacultural\/wp-content\/uploads\/sites\/3\/2016\/05\/5.png\" data-orig-size=\"1080,810\" data-comments-opened=\"0\" data-image-meta=\"{&quot;aperture&quot;:&quot;0&quot;,&quot;credit&quot;:&quot;&quot;,&quot;camera&quot;:&quot;&quot;,&quot;caption&quot;:&quot;&quot;,&quot;created_timestamp&quot;:&quot;0&quot;,&quot;copyright&quot;:&quot;&quot;,&quot;focal_length&quot;:&quot;0&quot;,&quot;iso&quot;:&quot;0&quot;,&quot;shutter_speed&quot;:&quot;0&quot;,&quot;title&quot;:&quot;&quot;,&quot;orientation&quot;:&quot;0&quot;,&quot;keywords&quot;:&quot;Array&quot;}\" data-image-title=\"5\" data-image-description=\"\" data-medium-file=\"https:\/\/www.ude.edu.ar\/areacultural\/wp-content\/uploads\/sites\/3\/2016\/05\/5-300x225.png\" data-large-file=\"https:\/\/www.ude.edu.ar\/areacultural\/wp-content\/uploads\/sites\/3\/2016\/05\/5-1024x768.png\" \/><\/a>\n\t\t\t<\/div><\/figure>\n\t\t<\/div>\n\n<hr \/>\n<h3>\u00a0El Coro de la UDE se presenta en el Pasaje Dardo Rocha<\/h3>\n<p><img loading=\"lazy\" decoding=\"async\" class=\"size-medium wp-image-329 aligncenter\" src=\"https:\/\/www.ude.edu.ar\/areacultural\/wp-content\/uploads\/sites\/3\/2016\/04\/coroweb-300x266.png\" alt=\"coroweb\" width=\"300\" height=\"266\" srcset=\"https:\/\/www.ude.edu.ar\/areacultural\/wp-content\/uploads\/sites\/3\/2016\/04\/coroweb-300x266.png 300w, https:\/\/www.ude.edu.ar\/areacultural\/wp-content\/uploads\/sites\/3\/2016\/04\/coroweb-1024x909.png 1024w, https:\/\/www.ude.edu.ar\/areacultural\/wp-content\/uploads\/sites\/3\/2016\/04\/coroweb.png 1051w\" sizes=\"(max-width: 300px) 85vw, 300px\" \/><\/p>\n<p>El viernes 9 de septiembre a las 20 horas en el Pasaje Dardo Rocha, ubicado en calle 50 entre 6 y 7, el Coro de la Universidad del Este, dirigido por la directora Noelia Disanto, participar\u00e1 de un nuevo encuentro organizado por la Asociaci\u00f3n de Encuentros Corales (SOCENCOR).<\/p>\n<p>En ese marco, compartir\u00e1 la jornada con el Coro de C\u00e1mara de la UNLP, dirigido por Roberto Ruiz; el Coro Musike, dirigido por Emiliano Linares; el Grupo Coral G\u00e9nesis, dirigido por Gustavo Zgainer; y el Coro Polif\u00f3nico del Centro Gallego de La Plata, tambi\u00e9n dirigido por la lic. Di Santo.<\/p>\n<p>La\u00a0Sociedad de los Encuentros Corales\u00a0es una entidad civil cultural sin fines de lucro \u201cque tiene como objetivo la promoci\u00f3n y difusi\u00f3n, en todas sus expresiones, de la m\u00fasica coral\u201d. Se form\u00f3 en 1974 y desde entonces se encarga de organizar estos encuentros para cumplir con esa premisa.<\/p>\n<hr \/>\n<h3>Ministerio de Infraestructura<\/h3>\n<p style=\"text-align: justify;\">El jueves 16 de junio a las 20.30 horas en el Auditorio del Ministerio de Infraestructura, calle 7 entre 58 y 59, el Coro de la Universidad del Este dirigido por la directora Noelia Disanto particip\u00f3\u00a0del encuentro organizado por <em>Mi Buenos Aires Arte<\/em> y el coro del <em>Ministerio de Infraestructura<\/em> \u201cVoces del Camino\u201d, dirigido por Hugo Figueras y co-dirigido por Victoria Garc\u00eda.<\/p>\n<p style=\"text-align: justify;\">Otros invitados fueron: Grupo Coral Berisso, dirigido por Sergio Mola, y el cuarteto vocal Confluencia.<\/p>\n<p style=\"text-align: justify;\">Adem\u00e1s, las artistas Silvia Iturria y Ana Mar\u00eda Gagnolati expusieron sus obras.<\/p>\n<div data-carousel-extra='{\"blog_id\":3,\"permalink\":\"https:\\\/\\\/www.ude.edu.ar\\\/areacultural\\\/actividades\\\/talleres\\\/coro\\\/\",\"likes_blog_id\":false}' id='gallery-2' class='gallery galleryid-99 gallery-columns-3 gallery-size-thumbnail'><figure class='gallery-item'>\n\t\t\t<div class='gallery-icon landscape'>\n\t\t\t\t<a href='https:\/\/www.ude.edu.ar\/areacultural\/wp-content\/uploads\/sites\/3\/2016\/05\/7.jpg' title=\"\" data-rl_title=\"\" class=\"rl-gallery-link\" data-rl_caption=\"\" data-rel=\"lightbox-gallery-2\"><img loading=\"lazy\" decoding=\"async\" width=\"150\" height=\"150\" src=\"https:\/\/www.ude.edu.ar\/areacultural\/wp-content\/uploads\/sites\/3\/2016\/05\/7-150x150.jpg\" class=\"attachment-thumbnail size-thumbnail\" alt=\"\" data-attachment-id=\"250\" data-orig-file=\"https:\/\/www.ude.edu.ar\/areacultural\/wp-content\/uploads\/sites\/3\/2016\/05\/7.jpg\" data-orig-size=\"1296,858\" data-comments-opened=\"0\" data-image-meta=\"{&quot;aperture&quot;:&quot;0&quot;,&quot;credit&quot;:&quot;&quot;,&quot;camera&quot;:&quot;&quot;,&quot;caption&quot;:&quot;&quot;,&quot;created_timestamp&quot;:&quot;0&quot;,&quot;copyright&quot;:&quot;&quot;,&quot;focal_length&quot;:&quot;0&quot;,&quot;iso&quot;:&quot;0&quot;,&quot;shutter_speed&quot;:&quot;0&quot;,&quot;title&quot;:&quot;&quot;,&quot;orientation&quot;:&quot;0&quot;,&quot;keywords&quot;:&quot;Array&quot;}\" data-image-title=\"7\" data-image-description=\"\" data-medium-file=\"https:\/\/www.ude.edu.ar\/areacultural\/wp-content\/uploads\/sites\/3\/2016\/05\/7-300x199.jpg\" data-large-file=\"https:\/\/www.ude.edu.ar\/areacultural\/wp-content\/uploads\/sites\/3\/2016\/05\/7-1024x678.jpg\" \/><\/a>\n\t\t\t<\/div><\/figure><figure class='gallery-item'>\n\t\t\t<div class='gallery-icon landscape'>\n\t\t\t\t<a href='https:\/\/www.ude.edu.ar\/areacultural\/wp-content\/uploads\/sites\/3\/2016\/05\/1.jpg' title=\"\" data-rl_title=\"\" class=\"rl-gallery-link\" data-rl_caption=\"\" data-rel=\"lightbox-gallery-2\"><img loading=\"lazy\" decoding=\"async\" width=\"150\" height=\"150\" src=\"https:\/\/www.ude.edu.ar\/areacultural\/wp-content\/uploads\/sites\/3\/2016\/05\/1-150x150.jpg\" class=\"attachment-thumbnail size-thumbnail\" alt=\"\" data-attachment-id=\"251\" data-orig-file=\"https:\/\/www.ude.edu.ar\/areacultural\/wp-content\/uploads\/sites\/3\/2016\/05\/1.jpg\" data-orig-size=\"1296,858\" data-comments-opened=\"0\" data-image-meta=\"{&quot;aperture&quot;:&quot;0&quot;,&quot;credit&quot;:&quot;&quot;,&quot;camera&quot;:&quot;&quot;,&quot;caption&quot;:&quot;&quot;,&quot;created_timestamp&quot;:&quot;0&quot;,&quot;copyright&quot;:&quot;&quot;,&quot;focal_length&quot;:&quot;0&quot;,&quot;iso&quot;:&quot;0&quot;,&quot;shutter_speed&quot;:&quot;0&quot;,&quot;title&quot;:&quot;&quot;,&quot;orientation&quot;:&quot;0&quot;,&quot;keywords&quot;:&quot;Array&quot;}\" data-image-title=\"1\" data-image-description=\"\" data-medium-file=\"https:\/\/www.ude.edu.ar\/areacultural\/wp-content\/uploads\/sites\/3\/2016\/05\/1-300x199.jpg\" data-large-file=\"https:\/\/www.ude.edu.ar\/areacultural\/wp-content\/uploads\/sites\/3\/2016\/05\/1-1024x678.jpg\" \/><\/a>\n\t\t\t<\/div><\/figure><figure class='gallery-item'>\n\t\t\t<div class='gallery-icon landscape'>\n\t\t\t\t<a href='https:\/\/www.ude.edu.ar\/areacultural\/wp-content\/uploads\/sites\/3\/2016\/05\/3.jpg' title=\"\" data-rl_title=\"\" class=\"rl-gallery-link\" data-rl_caption=\"\" data-rel=\"lightbox-gallery-2\"><img loading=\"lazy\" decoding=\"async\" width=\"150\" height=\"150\" src=\"https:\/\/www.ude.edu.ar\/areacultural\/wp-content\/uploads\/sites\/3\/2016\/05\/3-150x150.jpg\" class=\"attachment-thumbnail size-thumbnail\" alt=\"\" data-attachment-id=\"252\" data-orig-file=\"https:\/\/www.ude.edu.ar\/areacultural\/wp-content\/uploads\/sites\/3\/2016\/05\/3.jpg\" data-orig-size=\"1296,858\" data-comments-opened=\"0\" data-image-meta=\"{&quot;aperture&quot;:&quot;0&quot;,&quot;credit&quot;:&quot;&quot;,&quot;camera&quot;:&quot;&quot;,&quot;caption&quot;:&quot;&quot;,&quot;created_timestamp&quot;:&quot;0&quot;,&quot;copyright&quot;:&quot;&quot;,&quot;focal_length&quot;:&quot;0&quot;,&quot;iso&quot;:&quot;0&quot;,&quot;shutter_speed&quot;:&quot;0&quot;,&quot;title&quot;:&quot;&quot;,&quot;orientation&quot;:&quot;0&quot;,&quot;keywords&quot;:&quot;Array&quot;}\" data-image-title=\"3\" data-image-description=\"\" data-medium-file=\"https:\/\/www.ude.edu.ar\/areacultural\/wp-content\/uploads\/sites\/3\/2016\/05\/3-300x199.jpg\" data-large-file=\"https:\/\/www.ude.edu.ar\/areacultural\/wp-content\/uploads\/sites\/3\/2016\/05\/3-1024x678.jpg\" \/><\/a>\n\t\t\t<\/div><\/figure><figure class='gallery-item'>\n\t\t\t<div class='gallery-icon landscape'>\n\t\t\t\t<a href='https:\/\/www.ude.edu.ar\/areacultural\/wp-content\/uploads\/sites\/3\/2016\/05\/6.jpg' title=\"\" data-rl_title=\"\" class=\"rl-gallery-link\" data-rl_caption=\"\" data-rel=\"lightbox-gallery-2\"><img loading=\"lazy\" decoding=\"async\" width=\"150\" height=\"150\" src=\"https:\/\/www.ude.edu.ar\/areacultural\/wp-content\/uploads\/sites\/3\/2016\/05\/6-150x150.jpg\" class=\"attachment-thumbnail size-thumbnail\" alt=\"\" data-attachment-id=\"253\" data-orig-file=\"https:\/\/www.ude.edu.ar\/areacultural\/wp-content\/uploads\/sites\/3\/2016\/05\/6.jpg\" data-orig-size=\"1296,858\" data-comments-opened=\"0\" data-image-meta=\"{&quot;aperture&quot;:&quot;0&quot;,&quot;credit&quot;:&quot;&quot;,&quot;camera&quot;:&quot;&quot;,&quot;caption&quot;:&quot;&quot;,&quot;created_timestamp&quot;:&quot;0&quot;,&quot;copyright&quot;:&quot;&quot;,&quot;focal_length&quot;:&quot;0&quot;,&quot;iso&quot;:&quot;0&quot;,&quot;shutter_speed&quot;:&quot;0&quot;,&quot;title&quot;:&quot;&quot;,&quot;orientation&quot;:&quot;0&quot;,&quot;keywords&quot;:&quot;Array&quot;}\" data-image-title=\"6\" data-image-description=\"\" data-medium-file=\"https:\/\/www.ude.edu.ar\/areacultural\/wp-content\/uploads\/sites\/3\/2016\/05\/6-300x199.jpg\" data-large-file=\"https:\/\/www.ude.edu.ar\/areacultural\/wp-content\/uploads\/sites\/3\/2016\/05\/6-1024x678.jpg\" \/><\/a>\n\t\t\t<\/div><\/figure><figure class='gallery-item'>\n\t\t\t<div class='gallery-icon landscape'>\n\t\t\t\t<a href='https:\/\/www.ude.edu.ar\/areacultural\/wp-content\/uploads\/sites\/3\/2016\/05\/9.jpg' title=\"\" data-rl_title=\"\" class=\"rl-gallery-link\" data-rl_caption=\"\" data-rel=\"lightbox-gallery-2\"><img loading=\"lazy\" decoding=\"async\" width=\"150\" height=\"150\" src=\"https:\/\/www.ude.edu.ar\/areacultural\/wp-content\/uploads\/sites\/3\/2016\/05\/9-150x150.jpg\" class=\"attachment-thumbnail size-thumbnail\" alt=\"\" data-attachment-id=\"254\" data-orig-file=\"https:\/\/www.ude.edu.ar\/areacultural\/wp-content\/uploads\/sites\/3\/2016\/05\/9.jpg\" data-orig-size=\"1296,858\" data-comments-opened=\"0\" data-image-meta=\"{&quot;aperture&quot;:&quot;0&quot;,&quot;credit&quot;:&quot;&quot;,&quot;camera&quot;:&quot;&quot;,&quot;caption&quot;:&quot;&quot;,&quot;created_timestamp&quot;:&quot;0&quot;,&quot;copyright&quot;:&quot;&quot;,&quot;focal_length&quot;:&quot;0&quot;,&quot;iso&quot;:&quot;0&quot;,&quot;shutter_speed&quot;:&quot;0&quot;,&quot;title&quot;:&quot;&quot;,&quot;orientation&quot;:&quot;0&quot;,&quot;keywords&quot;:&quot;Array&quot;}\" data-image-title=\"9\" data-image-description=\"\" data-medium-file=\"https:\/\/www.ude.edu.ar\/areacultural\/wp-content\/uploads\/sites\/3\/2016\/05\/9-300x199.jpg\" data-large-file=\"https:\/\/www.ude.edu.ar\/areacultural\/wp-content\/uploads\/sites\/3\/2016\/05\/9-1024x678.jpg\" \/><\/a>\n\t\t\t<\/div><\/figure>\n\t\t<\/div>\n\n<p><iframe loading=\"lazy\" src=\"https:\/\/www.youtube.com\/embed\/-TDi3_KNiwg\" width=\"560\" height=\"315\" frameborder=\"0\" allowfullscreen=\"allowfullscreen\"><\/iframe><\/p>\n<hr \/>\n<h3 style=\"text-align: justify;\">Colaci\u00f3n de Grado<\/h3>\n<p style=\"text-align: justify;\">El Mi\u00e9rcoles 15 de junio participamos de los actos de Colaci\u00f3n de Grado en la Universidad del Este. \u00a1\u00a1Felicitamos a todos los alumnos graduados!!<\/p>\n<div data-carousel-extra='{\"blog_id\":3,\"permalink\":\"https:\\\/\\\/www.ude.edu.ar\\\/areacultural\\\/actividades\\\/talleres\\\/coro\\\/\",\"likes_blog_id\":false}' id='gallery-3' class='gallery galleryid-99 gallery-columns-3 gallery-size-thumbnail'><figure class='gallery-item'>\n\t\t\t<div class='gallery-icon landscape'>\n\t\t\t\t<a href='https:\/\/www.ude.edu.ar\/areacultural\/wp-content\/uploads\/sites\/3\/2016\/05\/d.jpg' title=\"\" data-rl_title=\"\" class=\"rl-gallery-link\" data-rl_caption=\"\" data-rel=\"lightbox-gallery-3\"><img loading=\"lazy\" decoding=\"async\" width=\"150\" height=\"150\" src=\"https:\/\/www.ude.edu.ar\/areacultural\/wp-content\/uploads\/sites\/3\/2016\/05\/d-150x150.jpg\" class=\"attachment-thumbnail size-thumbnail\" alt=\"\" data-attachment-id=\"256\" data-orig-file=\"https:\/\/www.ude.edu.ar\/areacultural\/wp-content\/uploads\/sites\/3\/2016\/05\/d.jpg\" data-orig-size=\"1296,864\" data-comments-opened=\"0\" data-image-meta=\"{&quot;aperture&quot;:&quot;0&quot;,&quot;credit&quot;:&quot;&quot;,&quot;camera&quot;:&quot;&quot;,&quot;caption&quot;:&quot;&quot;,&quot;created_timestamp&quot;:&quot;0&quot;,&quot;copyright&quot;:&quot;&quot;,&quot;focal_length&quot;:&quot;0&quot;,&quot;iso&quot;:&quot;0&quot;,&quot;shutter_speed&quot;:&quot;0&quot;,&quot;title&quot;:&quot;&quot;,&quot;orientation&quot;:&quot;0&quot;,&quot;keywords&quot;:&quot;Array&quot;}\" data-image-title=\"d\" data-image-description=\"\" data-medium-file=\"https:\/\/www.ude.edu.ar\/areacultural\/wp-content\/uploads\/sites\/3\/2016\/05\/d-300x200.jpg\" data-large-file=\"https:\/\/www.ude.edu.ar\/areacultural\/wp-content\/uploads\/sites\/3\/2016\/05\/d-1024x683.jpg\" \/><\/a>\n\t\t\t<\/div><\/figure><figure class='gallery-item'>\n\t\t\t<div class='gallery-icon landscape'>\n\t\t\t\t<a href='https:\/\/www.ude.edu.ar\/areacultural\/wp-content\/uploads\/sites\/3\/2016\/05\/0.jpg' title=\"\" data-rl_title=\"\" class=\"rl-gallery-link\" data-rl_caption=\"\" data-rel=\"lightbox-gallery-3\"><img loading=\"lazy\" decoding=\"async\" width=\"150\" height=\"150\" src=\"https:\/\/www.ude.edu.ar\/areacultural\/wp-content\/uploads\/sites\/3\/2016\/05\/0-150x150.jpg\" class=\"attachment-thumbnail size-thumbnail\" alt=\"\" data-attachment-id=\"257\" data-orig-file=\"https:\/\/www.ude.edu.ar\/areacultural\/wp-content\/uploads\/sites\/3\/2016\/05\/0.jpg\" data-orig-size=\"1296,864\" data-comments-opened=\"0\" data-image-meta=\"{&quot;aperture&quot;:&quot;0&quot;,&quot;credit&quot;:&quot;&quot;,&quot;camera&quot;:&quot;&quot;,&quot;caption&quot;:&quot;&quot;,&quot;created_timestamp&quot;:&quot;0&quot;,&quot;copyright&quot;:&quot;&quot;,&quot;focal_length&quot;:&quot;0&quot;,&quot;iso&quot;:&quot;0&quot;,&quot;shutter_speed&quot;:&quot;0&quot;,&quot;title&quot;:&quot;&quot;,&quot;orientation&quot;:&quot;0&quot;,&quot;keywords&quot;:&quot;Array&quot;}\" data-image-title=\"0\" data-image-description=\"\" data-medium-file=\"https:\/\/www.ude.edu.ar\/areacultural\/wp-content\/uploads\/sites\/3\/2016\/05\/0-300x200.jpg\" data-large-file=\"https:\/\/www.ude.edu.ar\/areacultural\/wp-content\/uploads\/sites\/3\/2016\/05\/0-1024x683.jpg\" \/><\/a>\n\t\t\t<\/div><\/figure><figure class='gallery-item'>\n\t\t\t<div class='gallery-icon landscape'>\n\t\t\t\t<a href='https:\/\/www.ude.edu.ar\/areacultural\/wp-content\/uploads\/sites\/3\/2016\/05\/1-1.jpg' title=\"\" data-rl_title=\"\" class=\"rl-gallery-link\" data-rl_caption=\"\" data-rel=\"lightbox-gallery-3\"><img loading=\"lazy\" decoding=\"async\" width=\"150\" height=\"150\" src=\"https:\/\/www.ude.edu.ar\/areacultural\/wp-content\/uploads\/sites\/3\/2016\/05\/1-1-150x150.jpg\" class=\"attachment-thumbnail size-thumbnail\" alt=\"\" data-attachment-id=\"258\" data-orig-file=\"https:\/\/www.ude.edu.ar\/areacultural\/wp-content\/uploads\/sites\/3\/2016\/05\/1-1.jpg\" data-orig-size=\"1296,864\" data-comments-opened=\"0\" data-image-meta=\"{&quot;aperture&quot;:&quot;0&quot;,&quot;credit&quot;:&quot;&quot;,&quot;camera&quot;:&quot;&quot;,&quot;caption&quot;:&quot;&quot;,&quot;created_timestamp&quot;:&quot;0&quot;,&quot;copyright&quot;:&quot;&quot;,&quot;focal_length&quot;:&quot;0&quot;,&quot;iso&quot;:&quot;0&quot;,&quot;shutter_speed&quot;:&quot;0&quot;,&quot;title&quot;:&quot;&quot;,&quot;orientation&quot;:&quot;0&quot;,&quot;keywords&quot;:&quot;Array&quot;}\" data-image-title=\"1\" data-image-description=\"\" data-medium-file=\"https:\/\/www.ude.edu.ar\/areacultural\/wp-content\/uploads\/sites\/3\/2016\/05\/1-1-300x200.jpg\" data-large-file=\"https:\/\/www.ude.edu.ar\/areacultural\/wp-content\/uploads\/sites\/3\/2016\/05\/1-1-1024x683.jpg\" \/><\/a>\n\t\t\t<\/div><\/figure><figure class='gallery-item'>\n\t\t\t<div class='gallery-icon landscape'>\n\t\t\t\t<a href='https:\/\/www.ude.edu.ar\/areacultural\/wp-content\/uploads\/sites\/3\/2016\/05\/g.jpg' title=\"\" data-rl_title=\"\" class=\"rl-gallery-link\" data-rl_caption=\"\" data-rel=\"lightbox-gallery-3\"><img loading=\"lazy\" decoding=\"async\" width=\"150\" height=\"150\" src=\"https:\/\/www.ude.edu.ar\/areacultural\/wp-content\/uploads\/sites\/3\/2016\/05\/g-150x150.jpg\" class=\"attachment-thumbnail size-thumbnail\" alt=\"\" data-attachment-id=\"259\" data-orig-file=\"https:\/\/www.ude.edu.ar\/areacultural\/wp-content\/uploads\/sites\/3\/2016\/05\/g.jpg\" data-orig-size=\"1296,864\" data-comments-opened=\"0\" data-image-meta=\"{&quot;aperture&quot;:&quot;0&quot;,&quot;credit&quot;:&quot;&quot;,&quot;camera&quot;:&quot;&quot;,&quot;caption&quot;:&quot;&quot;,&quot;created_timestamp&quot;:&quot;0&quot;,&quot;copyright&quot;:&quot;&quot;,&quot;focal_length&quot;:&quot;0&quot;,&quot;iso&quot;:&quot;0&quot;,&quot;shutter_speed&quot;:&quot;0&quot;,&quot;title&quot;:&quot;&quot;,&quot;orientation&quot;:&quot;0&quot;,&quot;keywords&quot;:&quot;Array&quot;}\" data-image-title=\"g\" data-image-description=\"\" data-medium-file=\"https:\/\/www.ude.edu.ar\/areacultural\/wp-content\/uploads\/sites\/3\/2016\/05\/g-300x200.jpg\" data-large-file=\"https:\/\/www.ude.edu.ar\/areacultural\/wp-content\/uploads\/sites\/3\/2016\/05\/g-1024x683.jpg\" \/><\/a>\n\t\t\t<\/div><\/figure><figure class='gallery-item'>\n\t\t\t<div class='gallery-icon landscape'>\n\t\t\t\t<a href='https:\/\/www.ude.edu.ar\/areacultural\/wp-content\/uploads\/sites\/3\/2016\/05\/e.jpg' title=\"\" data-rl_title=\"\" class=\"rl-gallery-link\" data-rl_caption=\"\" data-rel=\"lightbox-gallery-3\"><img loading=\"lazy\" decoding=\"async\" width=\"150\" height=\"150\" src=\"https:\/\/www.ude.edu.ar\/areacultural\/wp-content\/uploads\/sites\/3\/2016\/05\/e-150x150.jpg\" class=\"attachment-thumbnail size-thumbnail\" alt=\"\" data-attachment-id=\"260\" data-orig-file=\"https:\/\/www.ude.edu.ar\/areacultural\/wp-content\/uploads\/sites\/3\/2016\/05\/e.jpg\" data-orig-size=\"1296,864\" data-comments-opened=\"0\" data-image-meta=\"{&quot;aperture&quot;:&quot;0&quot;,&quot;credit&quot;:&quot;&quot;,&quot;camera&quot;:&quot;&quot;,&quot;caption&quot;:&quot;&quot;,&quot;created_timestamp&quot;:&quot;0&quot;,&quot;copyright&quot;:&quot;&quot;,&quot;focal_length&quot;:&quot;0&quot;,&quot;iso&quot;:&quot;0&quot;,&quot;shutter_speed&quot;:&quot;0&quot;,&quot;title&quot;:&quot;&quot;,&quot;orientation&quot;:&quot;0&quot;,&quot;keywords&quot;:&quot;Array&quot;}\" data-image-title=\"e\" data-image-description=\"\" data-medium-file=\"https:\/\/www.ude.edu.ar\/areacultural\/wp-content\/uploads\/sites\/3\/2016\/05\/e-300x200.jpg\" data-large-file=\"https:\/\/www.ude.edu.ar\/areacultural\/wp-content\/uploads\/sites\/3\/2016\/05\/e-1024x683.jpg\" \/><\/a>\n\t\t\t<\/div><\/figure><figure class='gallery-item'>\n\t\t\t<div class='gallery-icon landscape'>\n\t\t\t\t<a href='https:\/\/www.ude.edu.ar\/areacultural\/wp-content\/uploads\/sites\/3\/2016\/05\/c.jpg' title=\"\" data-rl_title=\"\" class=\"rl-gallery-link\" data-rl_caption=\"\" data-rel=\"lightbox-gallery-3\"><img loading=\"lazy\" decoding=\"async\" width=\"150\" height=\"150\" src=\"https:\/\/www.ude.edu.ar\/areacultural\/wp-content\/uploads\/sites\/3\/2016\/05\/c-150x150.jpg\" class=\"attachment-thumbnail size-thumbnail\" alt=\"\" data-attachment-id=\"261\" data-orig-file=\"https:\/\/www.ude.edu.ar\/areacultural\/wp-content\/uploads\/sites\/3\/2016\/05\/c.jpg\" data-orig-size=\"1296,729\" data-comments-opened=\"0\" data-image-meta=\"{&quot;aperture&quot;:&quot;0&quot;,&quot;credit&quot;:&quot;&quot;,&quot;camera&quot;:&quot;&quot;,&quot;caption&quot;:&quot;&quot;,&quot;created_timestamp&quot;:&quot;1466018331&quot;,&quot;copyright&quot;:&quot;&quot;,&quot;focal_length&quot;:&quot;0&quot;,&quot;iso&quot;:&quot;0&quot;,&quot;shutter_speed&quot;:&quot;0&quot;,&quot;title&quot;:&quot;&quot;,&quot;orientation&quot;:&quot;0&quot;,&quot;keywords&quot;:&quot;Array&quot;}\" data-image-title=\"c\" data-image-description=\"\" data-medium-file=\"https:\/\/www.ude.edu.ar\/areacultural\/wp-content\/uploads\/sites\/3\/2016\/05\/c-300x169.jpg\" data-large-file=\"https:\/\/www.ude.edu.ar\/areacultural\/wp-content\/uploads\/sites\/3\/2016\/05\/c-1024x576.jpg\" \/><\/a>\n\t\t\t<\/div><\/figure>\n\t\t<\/div>\n\n<hr \/>\n<h3 style=\"text-align: justify;\"><strong>Una noche de variet\u00e9<\/strong><\/h3>\n<p style=\"text-align: justify;\">El s\u00e1bado <strong>4 de junio del 2016<\/strong>, el Coro de la Universidad del Este (UDE) dirigido por Noelia Di Santo, particip\u00f3 del evento organizado por el Coro del Centro de Jubilados de Ingenier\u00eda, dirigido por Florencia Massuco, en el marco de su 20\u00b0 aniversario. El festejo se realiz\u00f3 en el club El Fort\u00edn, ubicado en calle 68 entre 24 y 25.<\/p>\n<p style=\"text-align: justify;\">La primera actuaci\u00f3n estuvo a cargo del coro anfitri\u00f3n, que interpret\u00f3 obras populares de diversos generos.<\/p>\n<p style=\"text-align: justify;\">Luego, el p\u00fablico disfrut\u00f3 de la actuaci\u00f3n del Ensamble de Guitarras Jacaranda, dirigido por Sergio \u201cChecho\u201d Guerrero y compuesto por m\u00e1s de una docena de guitarristas estudiantes de la facultad de Bellas Artes. Una de sus interpretaciones destacadas fue \u201cCarmen suite\u201d, una serie de movimientos de la \u00f3pera compuesta por George Bizet en el siglo XIX.<\/p>\n<p style=\"text-align: justify;\">Despu\u00e9s del receso, durante el cual la gente pudo acercarse al buffet a beneficio, el Coro de la UDE hizo su participaci\u00f3n. El repertorio acad\u00e9mico elegido fue <strong>O bone Jesu<\/strong>\u00a0(Fernando Moruja),\u00a0<strong>Lux Aeterna\u00a0<\/strong>(Fernando Moruja) y\u00a0<strong>Agnus Dei<\/strong>\u00a0(Fernando Moruja), y el repertorio popular <strong>La Palomita<\/strong>\u00a0(popular boliviano con arreglo de Gustavo Tepes), <strong>Nada<\/strong> (tango con arreglo coral de D. Gonzalez), <strong>Son de La Loma<\/strong> (versi\u00f3n coral Electo Silva), y\u00a0<strong>Chacarera Santiague\u00f1a<\/strong>\u00a0(tradicional argentina con arreglo de Roberto Goldar).<\/p>\n<p style=\"text-align: justify;\">El cierre estuvo a cargo de Gafilo Tr\u00edo, quienes interpretaron tangos y boleros reconocidos, adem\u00e1s de algunas canciones propias como \u201cQuiero darte luz\u201d.<\/p>\n<p style=\"text-align: justify;\">Para finalizar la noche, el Coro del Centro de Jubilados de Ingenier\u00eda sopl\u00f3 las velas por sus veinte a\u00f1os de trabajo.<\/p>\n<p style=\"text-align: justify;\"><img loading=\"lazy\" decoding=\"async\" class=\"alignnone wp-image-203 size-medium\" src=\"https:\/\/www.ude.edu.ar\/areacultural\/wp-content\/uploads\/sites\/3\/2016\/05\/Coro-UDE-10-300x166.jpg\" alt=\"Coro-UDE-(10)\" width=\"300\" height=\"166\" srcset=\"https:\/\/www.ude.edu.ar\/areacultural\/wp-content\/uploads\/sites\/3\/2016\/05\/Coro-UDE-10-300x166.jpg 300w, https:\/\/www.ude.edu.ar\/areacultural\/wp-content\/uploads\/sites\/3\/2016\/05\/Coro-UDE-10.jpg 1024w\" sizes=\"(max-width: 300px) 85vw, 300px\" \/> <img loading=\"lazy\" decoding=\"async\" class=\"alignnone wp-image-204 \" src=\"https:\/\/www.ude.edu.ar\/areacultural\/wp-content\/uploads\/sites\/3\/2016\/05\/IMG_3925-300x143.jpg\" alt=\"IMG_3925\" width=\"347\" height=\"165\" srcset=\"https:\/\/www.ude.edu.ar\/areacultural\/wp-content\/uploads\/sites\/3\/2016\/05\/IMG_3925-300x143.jpg 300w, https:\/\/www.ude.edu.ar\/areacultural\/wp-content\/uploads\/sites\/3\/2016\/05\/IMG_3925.jpg 1024w\" sizes=\"(max-width: 347px) 85vw, 347px\" \/><\/p>\n<hr \/>\n<h3 style=\"text-align: justify;\"><strong>EL CORO DE LA UDE COMENZ\u00d3 SU PROGRAMACI\u00d3N DE CONCIERTOS PARA EL 2016 EN LA CIUDAD DE BERISSO<\/strong><\/h3>\n<p style=\"text-align: justify;\">El 30 de abril, el Coro de la Universidad del Este, dirigido por la directora Noelia Di Santo, tuvo su primer concierto del a\u00f1o en la Parroquia San Miguel Arc\u00e1ngel, ubicada en calle 63 entre 124 y 125, en la ciudad de Berisso. All\u00ed, comparti\u00f3 el encuentro con el Grupo Coral Berisso y el Coro Alegr\u00eda, ambos dirigidos por Sergio Mola.<\/p>\n<p style=\"text-align: justify;\">El Coro de la UDE interpret\u00f3 parte de su repertorio acad\u00e9mico con las obras <strong>O bone Jesu<\/strong> (motete de G. Pierluigi de Palestrina) y <strong>O bone Jesu<\/strong> (Fernando Moruja), y su repertorio popular con <strong>Nada <\/strong>(tango con arreglo coral de D. Gonz\u00e1lez) y <strong>La Palomita <\/strong>(popular boliviano con arreglo de Gustavo Tepes). A su vez, estren\u00f3 la obra <strong>Chacarera Santiague\u00f1a<\/strong> (tradicional argentina con arreglo de Roberto Goldar), que hab\u00eda comenzado a preparar a comienzos del a\u00f1o, y cerr\u00f3 con un son cubano llamado <strong>Son de La Loma<\/strong> (versi\u00f3n coral Electo Silva).<\/p>\n<p style=\"text-align: justify;\">El Secretario de Cultura de la Municipalidad de Berisso, Juan Carlos Herrero, estuvo presente en el evento y a su finalizaci\u00f3n hizo entrega de un certificado de participaci\u00f3n para el Coro de la UDE.<\/p>\n<p style=\"text-align: justify;\">El encuentro forma parte de un ciclo de conciertos que intenta acercar la actividad coral de la ciudad a los diferentes barrios y descentralizar la actividad cultural del centro de Berisso.<\/p>\n<p style=\"text-align: justify;\"><img loading=\"lazy\" decoding=\"async\" class=\"alignnone wp-image-119 size-full\" src=\"https:\/\/www.ude.edu.ar\/areacultural\/wp-content\/uploads\/sites\/3\/2016\/05\/coro_web.png\" alt=\"coro_web\" width=\"800\" height=\"600\" srcset=\"https:\/\/www.ude.edu.ar\/areacultural\/wp-content\/uploads\/sites\/3\/2016\/05\/coro_web.png 800w, https:\/\/www.ude.edu.ar\/areacultural\/wp-content\/uploads\/sites\/3\/2016\/05\/coro_web-300x225.png 300w\" sizes=\"(max-width: 800px) 85vw, 800px\" \/><\/p>\n<p style=\"text-align: justify;\"><em>Registro: B\u00e1rbara Dibene<\/em><\/p>\n<h4 style=\"text-align: justify;\"><strong>1\u00ba CONCIERTO DEL CORO DE LA UDE EN LA CIUDAD DE LA PLATA<\/strong><\/h4>\n<p style=\"text-align: justify;\">El 6 de mayo, el Coro de la Universidad del Este, dirigido por la directora Noelia Di Santo, se present\u00f3 junto al Coro del Ministerio de Infraestructura de la Provincia de Buenos Aires, dirigido por Hugo Figueras y co-dirigido por Victoria Garc\u00eda, encargada adem\u00e1s de la preparaci\u00f3n vocal de los coreutas.<\/p>\n<p style=\"text-align: justify;\">El lugar elegido fue la Parroquia Se\u00f1ora de Guadalupe, ubicada en calle 13 entre 57 y 58, en la ciudad de La Plata. El Padre Fernando Sagaspe fue quien gentilmente abri\u00f3 sus puertas para la organizaci\u00f3n del encuentro coral que comenz\u00f3 pasadas las 20.30hs.<\/p>\n<p style=\"text-align: justify;\">El elenco dirigido por Figueras abri\u00f3 la noche con versiones corales de canciones populares como <strong>Que saltes al vac\u00edo <\/strong>de la banda uruguaya de rock No te va a gustar.<\/p>\n<p style=\"text-align: justify;\">El Coro de la UDE, por su parte, interpret\u00f3 su repertorio acad\u00e9mico completo con las obras <strong>O bone Jesu<\/strong> (motete de G. Pierluigi de Palestrina), <strong>O bone Jesu<\/strong> (Fernando Moruja), <strong>Lux Aeterna <\/strong>(Fernando Moruja) y <strong>Agnus Dei<\/strong> (Fernando Moruja), y su repertorio popular con Son de La Loma (versi\u00f3n coral Electo Silva), Nada (tango con arreglo coral de D. Gonzalez), <strong>La Palomita<\/strong> (popular boliviano con arreglo de Gustavo Tepes) y <strong>Chacarera Santiague\u00f1a<\/strong> (tradicional argentina con arreglo de Roberto Goldar).<\/p>\n<p style=\"text-align: justify;\">Al finalizar, los dos coros interpretaron juntos el tango \u201cNada\u201d, con una gran ovaci\u00f3n por parte del p\u00fablico presente y alegr\u00eda de todos los coreutas por el momento compartido.<\/p>\n<p><img loading=\"lazy\" decoding=\"async\" class=\"alignnone wp-image-120\" src=\"https:\/\/www.ude.edu.ar\/areacultural\/wp-content\/uploads\/sites\/3\/2016\/05\/coro_web2-300x225.jpg\" alt=\"coro_web2\" width=\"800\" height=\"600\" srcset=\"https:\/\/www.ude.edu.ar\/areacultural\/wp-content\/uploads\/sites\/3\/2016\/05\/coro_web2-300x225.jpg 300w, https:\/\/www.ude.edu.ar\/areacultural\/wp-content\/uploads\/sites\/3\/2016\/05\/coro_web2-1024x768.jpg 1024w, https:\/\/www.ude.edu.ar\/areacultural\/wp-content\/uploads\/sites\/3\/2016\/05\/coro_web2.jpg 1040w\" sizes=\"(max-width: 800px) 85vw, 800px\" \/><\/p>\n<p><em>Registro: B\u00e1rbara Dibene<\/em><\/p>\n<p>&nbsp;<\/p>\n<h3><\/h3>\n<h2>Consultas:<\/h2>\n\n<div class=\"wpcf7 no-js\" id=\"wpcf7-f139-o1\" lang=\"es-AR\" dir=\"ltr\">\n<div class=\"screen-reader-response\"><p role=\"status\" aria-live=\"polite\" aria-atomic=\"true\"><\/p> <ul><\/ul><\/div>\n<form action=\"\/areacultural\/wp-json\/wp\/v2\/pages\/99#wpcf7-f139-o1\" method=\"post\" class=\"wpcf7-form init\" aria-label=\"Formulario de contacto\" novalidate=\"novalidate\" data-status=\"init\">\n<div style=\"display: none;\">\n<input type=\"hidden\" name=\"_wpcf7\" value=\"139\" \/>\n<input type=\"hidden\" name=\"_wpcf7_version\" value=\"5.9.5\" \/>\n<input type=\"hidden\" name=\"_wpcf7_locale\" value=\"es_AR\" \/>\n<input type=\"hidden\" name=\"_wpcf7_unit_tag\" value=\"wpcf7-f139-o1\" \/>\n<input type=\"hidden\" name=\"_wpcf7_container_post\" value=\"0\" \/>\n<input type=\"hidden\" name=\"_wpcf7_posted_data_hash\" value=\"\" \/>\n<input type=\"hidden\" name=\"_wpcf7_recaptcha_response\" value=\"\" \/>\n<\/div>\n<p>Nombre y Apellido *\n<\/p>\n<p><span class=\"wpcf7-form-control-wrap\" data-name=\"your-name\"><input size=\"40\" class=\"wpcf7-form-control wpcf7-text wpcf7-validates-as-required\" aria-required=\"true\" aria-invalid=\"false\" value=\"\" type=\"text\" name=\"your-name\" \/><\/span>\n<\/p>\n<p>Email *\n<\/p>\n<p><span class=\"wpcf7-form-control-wrap\" data-name=\"your-email\"><input size=\"40\" class=\"wpcf7-form-control wpcf7-email wpcf7-validates-as-required wpcf7-text wpcf7-validates-as-email\" aria-required=\"true\" aria-invalid=\"false\" value=\"\" type=\"email\" name=\"your-email\" \/><\/span>\n<\/p>\n<p>Asunto\n<\/p>\n<p><span class=\"wpcf7-form-control-wrap\" data-name=\"your-subject\"><input size=\"40\" class=\"wpcf7-form-control wpcf7-text\" aria-invalid=\"false\" value=\"\" type=\"text\" name=\"your-subject\" \/><\/span>\n<\/p>\n<p>Mensaje\n<\/p>\n<p><span class=\"wpcf7-form-control-wrap\" data-name=\"your-message\"><textarea cols=\"40\" rows=\"10\" class=\"wpcf7-form-control wpcf7-textarea\" aria-invalid=\"false\" name=\"your-message\"><\/textarea><\/span>\n<\/p>\n<p><input class=\"wpcf7-form-control wpcf7-submit has-spinner\" type=\"submit\" value=\"Enviar\" \/>\n<\/p><div class=\"wpcf7-response-output\" aria-hidden=\"true\"><\/div>\n<\/form>\n<\/div>\n\n","protected":false},"excerpt":{"rendered":"<p>La m\u00fasica coral y su pr\u00e1ctica develan que, no solamente el arte no es para un genio privilegiado y que todos pueden tener acceso; sino que tambi\u00e9n, es una herramienta que provee, a quienes participan de ella, la posibilidad de adquirir estructuras de conocimiento: cantar con otros de manera disociada, interpretar un lenguaje abstracto, poder &hellip; <a href=\"https:\/\/www.ude.edu.ar\/areacultural\/actividades\/talleres\/coro\/\" class=\"more-link\">Continuar leyendo<span class=\"screen-reader-text\"> &#8220;Coro&#8221;<\/span><\/a><\/p>\n","protected":false},"author":2,"featured_media":105,"parent":24,"menu_order":1,"comment_status":"closed","ping_status":"closed","template":"","meta":{"_acf_changed":false,"footnotes":""},"acf":[],"yoast_head":"<!-- This site is optimized with the Yoast SEO plugin v22.8 - https:\/\/yoast.com\/wordpress\/plugins\/seo\/ -->\n<title>Coro - UDE | \u00c1rea Cultural<\/title>\n<meta name=\"robots\" content=\"index, follow, max-snippet:-1, max-image-preview:large, max-video-preview:-1\" \/>\n<link rel=\"canonical\" href=\"https:\/\/www.ude.edu.ar\/areacultural\/actividades\/talleres\/coro\/\" \/>\n<meta property=\"og:locale\" content=\"es_ES\" \/>\n<meta property=\"og:type\" content=\"article\" \/>\n<meta property=\"og:title\" content=\"Coro - UDE | \u00c1rea Cultural\" \/>\n<meta property=\"og:description\" content=\"La m\u00fasica coral y su pr\u00e1ctica develan que, no solamente el arte no es para un genio privilegiado y que todos pueden tener acceso; sino que tambi\u00e9n, es una herramienta que provee, a quienes participan de ella, la posibilidad de adquirir estructuras de conocimiento: cantar con otros de manera disociada, interpretar un lenguaje abstracto, poder &hellip; Continuar leyendo &quot;Coro&quot;\" \/>\n<meta property=\"og:url\" content=\"https:\/\/www.ude.edu.ar\/areacultural\/actividades\/talleres\/coro\/\" \/>\n<meta property=\"og:site_name\" content=\"UDE | \u00c1rea Cultural\" \/>\n<meta property=\"article:modified_time\" content=\"2019-08-12T12:55:51+00:00\" \/>\n<meta property=\"og:image\" content=\"https:\/\/www.ude.edu.ar\/areacultural\/wp-content\/uploads\/sites\/3\/2016\/05\/slide2.png\" \/>\n\t<meta property=\"og:image:width\" content=\"1200\" \/>\n\t<meta property=\"og:image:height\" content=\"280\" \/>\n\t<meta property=\"og:image:type\" content=\"image\/png\" \/>\n<meta name=\"twitter:card\" content=\"summary_large_image\" \/>\n<meta name=\"twitter:label1\" content=\"Tiempo de lectura\" \/>\n\t<meta name=\"twitter:data1\" content=\"15 minutos\" \/>\n<script type=\"application\/ld+json\" class=\"yoast-schema-graph\">{\"@context\":\"https:\/\/schema.org\",\"@graph\":[{\"@type\":\"WebPage\",\"@id\":\"https:\/\/www.ude.edu.ar\/areacultural\/actividades\/talleres\/coro\/\",\"url\":\"https:\/\/www.ude.edu.ar\/areacultural\/actividades\/talleres\/coro\/\",\"name\":\"Coro - UDE | \u00c1rea Cultural\",\"isPartOf\":{\"@id\":\"https:\/\/www.ude.edu.ar\/areacultural\/#website\"},\"primaryImageOfPage\":{\"@id\":\"https:\/\/www.ude.edu.ar\/areacultural\/actividades\/talleres\/coro\/#primaryimage\"},\"image\":{\"@id\":\"https:\/\/www.ude.edu.ar\/areacultural\/actividades\/talleres\/coro\/#primaryimage\"},\"thumbnailUrl\":\"https:\/\/www.ude.edu.ar\/areacultural\/wp-content\/uploads\/sites\/3\/2016\/05\/slide2.png\",\"datePublished\":\"2016-05-12T18:17:17+00:00\",\"dateModified\":\"2019-08-12T12:55:51+00:00\",\"breadcrumb\":{\"@id\":\"https:\/\/www.ude.edu.ar\/areacultural\/actividades\/talleres\/coro\/#breadcrumb\"},\"inLanguage\":\"es-AR\",\"potentialAction\":[{\"@type\":\"ReadAction\",\"target\":[\"https:\/\/www.ude.edu.ar\/areacultural\/actividades\/talleres\/coro\/\"]}]},{\"@type\":\"ImageObject\",\"inLanguage\":\"es-AR\",\"@id\":\"https:\/\/www.ude.edu.ar\/areacultural\/actividades\/talleres\/coro\/#primaryimage\",\"url\":\"https:\/\/www.ude.edu.ar\/areacultural\/wp-content\/uploads\/sites\/3\/2016\/05\/slide2.png\",\"contentUrl\":\"https:\/\/www.ude.edu.ar\/areacultural\/wp-content\/uploads\/sites\/3\/2016\/05\/slide2.png\",\"width\":1200,\"height\":280},{\"@type\":\"BreadcrumbList\",\"@id\":\"https:\/\/www.ude.edu.ar\/areacultural\/actividades\/talleres\/coro\/#breadcrumb\",\"itemListElement\":[{\"@type\":\"ListItem\",\"position\":1,\"name\":\"Home\",\"item\":\"https:\/\/www.ude.edu.ar\/areacultural\/\"},{\"@type\":\"ListItem\",\"position\":2,\"name\":\"Actividades\",\"item\":\"https:\/\/www.ude.edu.ar\/areacultural\/actividades\/\"},{\"@type\":\"ListItem\",\"position\":3,\"name\":\"Talleres\",\"item\":\"https:\/\/www.ude.edu.ar\/areacultural\/actividades\/talleres\/\"},{\"@type\":\"ListItem\",\"position\":4,\"name\":\"Coro\"}]},{\"@type\":\"WebSite\",\"@id\":\"https:\/\/www.ude.edu.ar\/areacultural\/#website\",\"url\":\"https:\/\/www.ude.edu.ar\/areacultural\/\",\"name\":\"UDE | \u00c1rea Cultural\",\"description\":\"\u00c1rea Cultural de la Universidad del Este\",\"potentialAction\":[{\"@type\":\"SearchAction\",\"target\":{\"@type\":\"EntryPoint\",\"urlTemplate\":\"https:\/\/www.ude.edu.ar\/areacultural\/?s={search_term_string}\"},\"query-input\":\"required name=search_term_string\"}],\"inLanguage\":\"es-AR\"}]}<\/script>\n<!-- \/ Yoast SEO plugin. -->","yoast_head_json":{"title":"Coro - UDE | \u00c1rea Cultural","robots":{"index":"index","follow":"follow","max-snippet":"max-snippet:-1","max-image-preview":"max-image-preview:large","max-video-preview":"max-video-preview:-1"},"canonical":"https:\/\/www.ude.edu.ar\/areacultural\/actividades\/talleres\/coro\/","og_locale":"es_ES","og_type":"article","og_title":"Coro - UDE | \u00c1rea Cultural","og_description":"La m\u00fasica coral y su pr\u00e1ctica develan que, no solamente el arte no es para un genio privilegiado y que todos pueden tener acceso; sino que tambi\u00e9n, es una herramienta que provee, a quienes participan de ella, la posibilidad de adquirir estructuras de conocimiento: cantar con otros de manera disociada, interpretar un lenguaje abstracto, poder &hellip; Continuar leyendo \"Coro\"","og_url":"https:\/\/www.ude.edu.ar\/areacultural\/actividades\/talleres\/coro\/","og_site_name":"UDE | \u00c1rea Cultural","article_modified_time":"2019-08-12T12:55:51+00:00","og_image":[{"width":1200,"height":280,"url":"https:\/\/www.ude.edu.ar\/areacultural\/wp-content\/uploads\/sites\/3\/2016\/05\/slide2.png","type":"image\/png"}],"twitter_card":"summary_large_image","twitter_misc":{"Tiempo de lectura":"15 minutos"},"schema":{"@context":"https:\/\/schema.org","@graph":[{"@type":"WebPage","@id":"https:\/\/www.ude.edu.ar\/areacultural\/actividades\/talleres\/coro\/","url":"https:\/\/www.ude.edu.ar\/areacultural\/actividades\/talleres\/coro\/","name":"Coro - UDE | \u00c1rea Cultural","isPartOf":{"@id":"https:\/\/www.ude.edu.ar\/areacultural\/#website"},"primaryImageOfPage":{"@id":"https:\/\/www.ude.edu.ar\/areacultural\/actividades\/talleres\/coro\/#primaryimage"},"image":{"@id":"https:\/\/www.ude.edu.ar\/areacultural\/actividades\/talleres\/coro\/#primaryimage"},"thumbnailUrl":"https:\/\/www.ude.edu.ar\/areacultural\/wp-content\/uploads\/sites\/3\/2016\/05\/slide2.png","datePublished":"2016-05-12T18:17:17+00:00","dateModified":"2019-08-12T12:55:51+00:00","breadcrumb":{"@id":"https:\/\/www.ude.edu.ar\/areacultural\/actividades\/talleres\/coro\/#breadcrumb"},"inLanguage":"es-AR","potentialAction":[{"@type":"ReadAction","target":["https:\/\/www.ude.edu.ar\/areacultural\/actividades\/talleres\/coro\/"]}]},{"@type":"ImageObject","inLanguage":"es-AR","@id":"https:\/\/www.ude.edu.ar\/areacultural\/actividades\/talleres\/coro\/#primaryimage","url":"https:\/\/www.ude.edu.ar\/areacultural\/wp-content\/uploads\/sites\/3\/2016\/05\/slide2.png","contentUrl":"https:\/\/www.ude.edu.ar\/areacultural\/wp-content\/uploads\/sites\/3\/2016\/05\/slide2.png","width":1200,"height":280},{"@type":"BreadcrumbList","@id":"https:\/\/www.ude.edu.ar\/areacultural\/actividades\/talleres\/coro\/#breadcrumb","itemListElement":[{"@type":"ListItem","position":1,"name":"Home","item":"https:\/\/www.ude.edu.ar\/areacultural\/"},{"@type":"ListItem","position":2,"name":"Actividades","item":"https:\/\/www.ude.edu.ar\/areacultural\/actividades\/"},{"@type":"ListItem","position":3,"name":"Talleres","item":"https:\/\/www.ude.edu.ar\/areacultural\/actividades\/talleres\/"},{"@type":"ListItem","position":4,"name":"Coro"}]},{"@type":"WebSite","@id":"https:\/\/www.ude.edu.ar\/areacultural\/#website","url":"https:\/\/www.ude.edu.ar\/areacultural\/","name":"UDE | \u00c1rea Cultural","description":"\u00c1rea Cultural de la Universidad del Este","potentialAction":[{"@type":"SearchAction","target":{"@type":"EntryPoint","urlTemplate":"https:\/\/www.ude.edu.ar\/areacultural\/?s={search_term_string}"},"query-input":"required name=search_term_string"}],"inLanguage":"es-AR"}]}},"_links":{"self":[{"href":"https:\/\/www.ude.edu.ar\/areacultural\/wp-json\/wp\/v2\/pages\/99"}],"collection":[{"href":"https:\/\/www.ude.edu.ar\/areacultural\/wp-json\/wp\/v2\/pages"}],"about":[{"href":"https:\/\/www.ude.edu.ar\/areacultural\/wp-json\/wp\/v2\/types\/page"}],"author":[{"embeddable":true,"href":"https:\/\/www.ude.edu.ar\/areacultural\/wp-json\/wp\/v2\/users\/2"}],"replies":[{"embeddable":true,"href":"https:\/\/www.ude.edu.ar\/areacultural\/wp-json\/wp\/v2\/comments?post=99"}],"version-history":[{"count":56,"href":"https:\/\/www.ude.edu.ar\/areacultural\/wp-json\/wp\/v2\/pages\/99\/revisions"}],"predecessor-version":[{"id":862,"href":"https:\/\/www.ude.edu.ar\/areacultural\/wp-json\/wp\/v2\/pages\/99\/revisions\/862"}],"up":[{"embeddable":true,"href":"https:\/\/www.ude.edu.ar\/areacultural\/wp-json\/wp\/v2\/pages\/24"}],"wp:featuredmedia":[{"embeddable":true,"href":"https:\/\/www.ude.edu.ar\/areacultural\/wp-json\/wp\/v2\/media\/105"}],"wp:attachment":[{"href":"https:\/\/www.ude.edu.ar\/areacultural\/wp-json\/wp\/v2\/media?parent=99"}],"curies":[{"name":"wp","href":"https:\/\/api.w.org\/{rel}","templated":true}]}}