{"id":37,"date":"2016-04-29T15:27:35","date_gmt":"2016-04-29T15:27:35","guid":{"rendered":"https:\/\/www.ude.edu.ar\/areacultural\/?page_id=37"},"modified":"2024-06-14T09:26:32","modified_gmt":"2024-06-14T12:26:32","slug":"inicio","status":"publish","type":"page","link":"https:\/\/www.ude.edu.ar\/areacultural\/","title":{"rendered":""},"content":{"rendered":"<p><em><span style=\"color: #999999;\">| 14 de junio 2024<\/span><\/em><\/p>\n<p><img loading=\"lazy\" decoding=\"async\" class=\"alignnone wp-image-1411 size-full\" src=\"https:\/\/www.ude.edu.ar\/areacultural\/wp-content\/uploads\/sites\/3\/2024\/06\/2024-06-12.png\" alt=\"\" width=\"963\" height=\"396\" srcset=\"https:\/\/www.ude.edu.ar\/areacultural\/wp-content\/uploads\/sites\/3\/2024\/06\/2024-06-12.png 963w, https:\/\/www.ude.edu.ar\/areacultural\/wp-content\/uploads\/sites\/3\/2024\/06\/2024-06-12-300x123.png 300w\" sizes=\"(max-width: 709px) 85vw, (max-width: 909px) 67vw, (max-width: 1362px) 62vw, 840px\" \/><\/p>\n<h5>Inauguraci\u00f3n de &#8220;Poes\u00edas Visuales&#8221; junto a Sebasti\u00e1n Guerrini<\/h5>\n<p>El pasado mi\u00e9rcoles 12 de junio se realiz\u00f3 la inauguraci\u00f3n de la muestra <em>&#8220;Poes\u00edas Visuales&#8221;<\/em> del artista Sebasti\u00e1n Guerrini en el hall central de nuestra Sede Acad\u00e9mica&#8230;<\/p>\n<p><em><a href=\"https:\/\/www.ude.edu.ar\/areacultural\/2024\/06\/14\/inauguracion-de-poesias-visuales-junto-a-sebastian-guerrini\/\">(leer m\u00e1s&#8230;)<\/a><\/em><\/p>\n<p>&nbsp;<\/p>\n<hr \/>\n<hr \/>\n<p><em><span style=\"color: #999999;\">|<\/span><\/em><em><span style=\"color: #999999;\">\u00a01o de octubre 2023<\/span><\/em><\/p>\n<p><img loading=\"lazy\" decoding=\"async\" class=\"alignnone wp-image-1405 size-full\" src=\"https:\/\/www.ude.edu.ar\/areacultural\/wp-content\/uploads\/sites\/3\/2024\/05\/2023-10-23.png\" alt=\"\" width=\"851\" height=\"251\" srcset=\"https:\/\/www.ude.edu.ar\/areacultural\/wp-content\/uploads\/sites\/3\/2024\/05\/2023-10-23.png 851w, https:\/\/www.ude.edu.ar\/areacultural\/wp-content\/uploads\/sites\/3\/2024\/05\/2023-10-23-300x88.png 300w\" sizes=\"(max-width: 709px) 85vw, (max-width: 909px) 67vw, (max-width: 1362px) 62vw, 840px\" \/><\/p>\n<h5>Articulaci\u00f3n Educacional con la Asociaci\u00f3n Civil &#8220;Esos Locos Bajitos&#8221;<\/h5>\n<p>Desde el \u00c1rea Cultural de la Universidad del Este se estableci\u00f3 un contacto con la Asociaci\u00f3n Civil &#8220;Esos Locos Bajitos&#8221; ubicada en calle 508 entre 9 y 10 s\/n, Gonnet&#8230;.<\/p>\n<p><em><a href=\"https:\/\/www.ude.edu.ar\/areacultural\/2023\/09\/10\/articulacion-educacional-con-la-asociacion-civil-esos-locos-bajitos\/\">(leer m\u00e1s&#8230;)<\/a><\/em><\/p>\n<hr \/>\n<p><em><span style=\"color: #999999;\">| 23 de agosto 2023<\/span><\/em><\/p>\n<p><img loading=\"lazy\" decoding=\"async\" class=\"alignnone wp-image-1389 size-full\" src=\"https:\/\/www.ude.edu.ar\/areacultural\/wp-content\/uploads\/sites\/3\/2024\/05\/2023-08-23.png\" alt=\"\" width=\"851\" height=\"251\" srcset=\"https:\/\/www.ude.edu.ar\/areacultural\/wp-content\/uploads\/sites\/3\/2024\/05\/2023-08-23.png 851w, https:\/\/www.ude.edu.ar\/areacultural\/wp-content\/uploads\/sites\/3\/2024\/05\/2023-08-23-300x88.png 300w\" sizes=\"(max-width: 709px) 85vw, (max-width: 909px) 67vw, (max-width: 1362px) 62vw, 840px\" \/><\/p>\n<h5>Muestra fotogr\u00e1fica: &#8220;Somos&#8221;<\/h5>\n<p>Exposici\u00f3n art\u00edstica &#8220;Somos&#8221; por la artista Flora Valdez. Inauguraci\u00f3n 23 de agosto. Hall central, sede acad\u00e9mica UDE&#8230;.<\/p>\n<p><em><a href=\"https:\/\/www.ude.edu.ar\/areacultural\/2023\/08\/23\/muestra-fotografica-somos\/\">(leer m\u00e1s&#8230;)<\/a><\/em><\/p>\n<hr \/>\n<p><em><span style=\"color: #999999;\">| 13 de junio 2023<\/span><\/em><\/p>\n<p><img loading=\"lazy\" decoding=\"async\" class=\"alignnone wp-image-1377 size-full\" style=\"font-size: 16px; font-weight: 400;\" src=\"https:\/\/www.ude.edu.ar\/areacultural\/wp-content\/uploads\/sites\/3\/2024\/05\/2023-06-13.png\" alt=\"\" width=\"851\" height=\"251\" srcset=\"https:\/\/www.ude.edu.ar\/areacultural\/wp-content\/uploads\/sites\/3\/2024\/05\/2023-06-13.png 851w, https:\/\/www.ude.edu.ar\/areacultural\/wp-content\/uploads\/sites\/3\/2024\/05\/2023-06-13-300x88.png 300w\" sizes=\"(max-width: 709px) 85vw, (max-width: 909px) 67vw, (max-width: 1362px) 62vw, 840px\" \/><\/p>\n<h5>Muestra de Dise\u00f1o de Interiores &#8220;Mar Pl\u00e1stico: iluminando el cambio&#8221;<\/h5>\n<p>Muestra de los trabajos realizados por estudiantes del Taller de Dise\u00f1o y Equipamiento I. Expositores: Estudiantes del 3\u00aa a\u00f1o de la carrera Licenciatura en Dise\u00f1o de Interiores&#8230;<\/p>\n<p><em><a href=\"https:\/\/www.ude.edu.ar\/areacultural\/2023\/06\/13\/muestra-de-diseno-de-interiores-mar-plastico-iluminando-el-cambio\/\">(leer m\u00e1s&#8230;)<\/a><\/em><\/p>\n<hr \/>\n<p><em><span style=\"color: #999999;\">| 31 de mayo 2023<\/span><\/em><\/p>\n<p><img loading=\"lazy\" decoding=\"async\" class=\"alignnone wp-image-1361 size-full\" style=\"font-size: 16px; font-weight: 400;\" src=\"https:\/\/www.ude.edu.ar\/areacultural\/wp-content\/uploads\/sites\/3\/2024\/05\/2023-05-31.png\" alt=\"\" width=\"851\" height=\"251\" srcset=\"https:\/\/www.ude.edu.ar\/areacultural\/wp-content\/uploads\/sites\/3\/2024\/05\/2023-05-31.png 851w, https:\/\/www.ude.edu.ar\/areacultural\/wp-content\/uploads\/sites\/3\/2024\/05\/2023-05-31-300x88.png 300w\" sizes=\"(max-width: 709px) 85vw, (max-width: 909px) 67vw, (max-width: 1362px) 62vw, 840px\" \/><\/p>\n<h5>Muestra fotogr\u00e1fica &#8220;Un viaje autodidacta&#8221;<\/h5>\n<p>Una oportunidad para apreciar la belleza de la fotograf\u00eda y para conocer el trabajo de artistas de nuestra ciudad&#8230;<\/p>\n<p><em><a href=\"https:\/\/www.ude.edu.ar\/areacultural\/2023\/05\/31\/muestra-fotografica-un-viaje-autodidacta\/\">(leer m\u00e1s&#8230;)<\/a><\/em><\/p>\n<p>&nbsp;<\/p>\n<hr \/>\n<hr \/>\n<p><em><span style=\"color: #999999;\">| 26 de octubre 2022<\/span><\/em><\/p>\n<p><img loading=\"lazy\" decoding=\"async\" class=\"alignnone wp-image-1348 size-full\" src=\"https:\/\/www.ude.edu.ar\/areacultural\/wp-content\/uploads\/sites\/3\/2024\/05\/2022-10-26.png\" alt=\"\" width=\"851\" height=\"251\" srcset=\"https:\/\/www.ude.edu.ar\/areacultural\/wp-content\/uploads\/sites\/3\/2024\/05\/2022-10-26.png 851w, https:\/\/www.ude.edu.ar\/areacultural\/wp-content\/uploads\/sites\/3\/2024\/05\/2022-10-26-300x88.png 300w\" sizes=\"(max-width: 709px) 85vw, (max-width: 909px) 67vw, (max-width: 1362px) 62vw, 840px\" \/><\/p>\n<h5>Visita guiada en el Palacio Gibert: \u201cCaminando Patrimonio\u201d<\/h5>\n<p>El pasado 26 de octubre tuvimos el agrado de recibir al grupo liderado por Favio Scopel,\u00a0<strong>Caminando La Plata, en nuestra Universidad<\/strong>&#8230;<\/p>\n<p><em><a href=\"https:\/\/www.ude.edu.ar\/areacultural\/2022\/10\/26\/visita-guiada-en-el-palacio-gibert-caminando-patrimonio\/\">(leer m\u00e1s&#8230;)<\/a><\/em><\/p>\n<hr \/>\n<hr \/>\n<p><span style=\"color: #999999;\">|<em> 17 de octubre 2022<\/em><\/span><\/p>\n<p><img loading=\"lazy\" decoding=\"async\" class=\"alignnone wp-image-1314 size-full\" src=\"https:\/\/www.ude.edu.ar\/areacultural\/wp-content\/uploads\/sites\/3\/2024\/05\/2022-08-17.png\" alt=\"\" width=\"851\" height=\"251\" srcset=\"https:\/\/www.ude.edu.ar\/areacultural\/wp-content\/uploads\/sites\/3\/2024\/05\/2022-08-17.png 851w, https:\/\/www.ude.edu.ar\/areacultural\/wp-content\/uploads\/sites\/3\/2024\/05\/2022-08-17-300x88.png 300w\" sizes=\"(max-width: 709px) 85vw, (max-width: 909px) 67vw, (max-width: 1362px) 62vw, 840px\" \/><\/p>\n<h5>Muestra de luminarias: \u201cFalta Luz\u201d<\/h5>\n<p style=\"text-align: justify;\"><span style=\"font-weight: 400;\">El pasado mi\u00e9rcoles se llev\u00f3 a cabo la muestra de luminarias \u201cFalta Luz\u201d en el buffet de la Universidad. Una exposici\u00f3n de los <strong>trabajos finales realizados por estudiantes del Taller de Dise\u00f1o y Equipamiento I de la Licenciatura en Dise\u00f1o de Interiores<\/strong> &#8230;<\/span><\/p>\n<p><em><a href=\"https:\/\/www.ude.edu.ar\/areacultural\/2022\/08\/17\/muestra-de-luminarias-falta-luz\/\">(leer m\u00e1s&#8230;)<\/a><\/em><\/p>\n<hr \/>\n<p><span style=\"color: #999999;\">| <em>28 de septiembre 2022<\/em><\/span><\/p>\n<p><img loading=\"lazy\" decoding=\"async\" class=\"alignnone wp-image-1336 size-full\" src=\"https:\/\/www.ude.edu.ar\/areacultural\/wp-content\/uploads\/sites\/3\/2024\/05\/2022-09-28.png\" alt=\"\" width=\"851\" height=\"251\" srcset=\"https:\/\/www.ude.edu.ar\/areacultural\/wp-content\/uploads\/sites\/3\/2024\/05\/2022-09-28.png 851w, https:\/\/www.ude.edu.ar\/areacultural\/wp-content\/uploads\/sites\/3\/2024\/05\/2022-09-28-300x88.png 300w\" sizes=\"(max-width: 709px) 85vw, (max-width: 909px) 67vw, (max-width: 1362px) 62vw, 840px\" \/><\/p>\n<h5 class=\"entry-title\">Muestra Fotogr\u00e1fica: \u201cTolosa, barrio ferroviario\u201d<\/h5>\n<p>Con la mirada puesta en la periferia y en este caso con acento en el patrimonio local, se inaugur\u00f3, en el hall central de la Universidad del Este, una muestra que da cuenta de la Localidad de Tolosa y su idiosincrasia Ferroviaria<span style=\"font-weight: 400;\">&#8230;<\/span><\/p>\n<p><em><a href=\"https:\/\/www.ude.edu.ar\/areacultural\/2022\/09\/28\/muestra-fotografica-tolosa-barrio-ferroviario\/\">(leer m\u00e1s&#8230;)<\/a><\/em><\/p>\n<hr \/>\n<p><span style=\"color: #999999;\">|<em> 13 de julio 2022<\/em><\/span><\/p>\n<p><img loading=\"lazy\" decoding=\"async\" class=\"alignnone wp-image-1285 size-full\" src=\"https:\/\/www.ude.edu.ar\/areacultural\/wp-content\/uploads\/sites\/3\/2024\/05\/2022-07-13.png\" alt=\"\" width=\"851\" height=\"251\" srcset=\"https:\/\/www.ude.edu.ar\/areacultural\/wp-content\/uploads\/sites\/3\/2024\/05\/2022-07-13.png 851w, https:\/\/www.ude.edu.ar\/areacultural\/wp-content\/uploads\/sites\/3\/2024\/05\/2022-07-13-300x88.png 300w\" sizes=\"(max-width: 709px) 85vw, (max-width: 909px) 67vw, (max-width: 1362px) 62vw, 840px\" \/><\/p>\n<h5><strong>Muestra de Dise\u00f1o de Interiores \u201cMaquetas\u201d<\/strong><\/h5>\n<p style=\"text-align: justify;\"><span style=\"font-weight: 400;\">Como resultado de un trabajo colaborativo entre el \u00c1rea Cultural y la Licenciatura en Dise\u00f1o de Interiores se desarroll\u00f3 la muestra <strong>\u201cMaquetas\u201d<\/strong>&#8230;<\/span><\/p>\n<p><em><a href=\"https:\/\/www.ude.edu.ar\/areacultural\/2024\/05\/06\/muestra-de-interiores-maquetas\/\">(leer m\u00e1s&#8230;)<\/a><\/em><\/p>\n<hr \/>\n<p><span style=\"color: #999999;\">| <em>10 de junio 2022<\/em><\/span><\/p>\n<p><img loading=\"lazy\" decoding=\"async\" class=\"alignnone wp-image-1308 size-full\" src=\"https:\/\/www.ude.edu.ar\/areacultural\/wp-content\/uploads\/sites\/3\/2024\/05\/2022-07-13-1.png\" alt=\"\" width=\"851\" height=\"251\" srcset=\"https:\/\/www.ude.edu.ar\/areacultural\/wp-content\/uploads\/sites\/3\/2024\/05\/2022-07-13-1.png 851w, https:\/\/www.ude.edu.ar\/areacultural\/wp-content\/uploads\/sites\/3\/2024\/05\/2022-07-13-1-300x88.png 300w\" sizes=\"(max-width: 709px) 85vw, (max-width: 909px) 67vw, (max-width: 1362px) 62vw, 840px\" \/><\/p>\n<h5 class=\"entry-title\">Muestra fotogr\u00e1fica \u201cLiving: Mirada de lo \u00edntimo\u201d<\/h5>\n<p style=\"text-align: justify;\"><span style=\"font-weight: 400;\">Se realiz\u00f3 una muestra fotogr\u00e1fica en el Hall Central de la Universidad del Este. Dicha jornada estuvo a cargo de la\u00a0<strong>artista y fot\u00f3grafa Laura Chiambrando.<\/strong>&#8230;<\/span><\/p>\n<p><em><a href=\"https:\/\/www.ude.edu.ar\/areacultural\/2022\/06\/10\/muestra-fotografica-living-mirada-de-lo-intimo\/\">(leer m\u00e1s&#8230;)<\/a><\/em><\/p>\n<p>&nbsp;<\/p>\n<hr \/>\n<hr \/>\n<p><strong>| \u00a024 y 31 de julio, 7 y 14 de agosto 2020<\/strong><\/p>\n<p><img loading=\"lazy\" decoding=\"async\" class=\"alignnone wp-image-1238\" src=\"https:\/\/www.ude.edu.ar\/areacultural\/wp-content\/uploads\/sites\/3\/2020\/07\/WEB-DESTACADA-1.png\" alt=\"\" width=\"539\" height=\"283\" srcset=\"https:\/\/www.ude.edu.ar\/areacultural\/wp-content\/uploads\/sites\/3\/2020\/07\/WEB-DESTACADA-1.png 800w, https:\/\/www.ude.edu.ar\/areacultural\/wp-content\/uploads\/sites\/3\/2020\/07\/WEB-DESTACADA-1-300x158.png 300w\" sizes=\"(max-width: 539px) 85vw, 539px\" \/><\/p>\n<h5 style=\"text-align: justify;\">Ciclo de talleres &#8220;Salud Emocional&#8221;<\/h5>\n<p style=\"text-align: justify;\"><span style=\"font-weight: 400;\">El programa Salud Emocional es un ciclo de cuatro talleres introductorios donde se trabajar\u00e1 en la b\u00fasqueda de bienestar y una vida consciente a trav\u00e9s de la respiraci\u00f3n y meditaci\u00f3n, de la alimentaci\u00f3n, de herramientas para lidiar con la ansiedad propia a estos tiempos de aislamiento social y a trav\u00e9s del arte y el juego como medios para el crecimiento personal.<\/span><\/p>\n<p><a href=\"https:\/\/www.ude.edu.ar\/areacultural\/2020\/07\/08\/salud-emocional\/\">(leer m\u00e1s&#8230;)<\/a><\/p>\n<hr \/>\n<p><strong>| 28 de agosto 2019<\/strong><\/p>\n<p>Mi\u00e9rcoles culturales #5<\/p>\n<p><img loading=\"lazy\" decoding=\"async\" class=\"alignnone wp-image-1165\" src=\"https:\/\/www.ude.edu.ar\/areacultural\/wp-content\/uploads\/sites\/3\/2019\/09\/web-cultura-ROTADOR-1-300x158.png\" alt=\"\" width=\"539\" height=\"283\" srcset=\"https:\/\/www.ude.edu.ar\/areacultural\/wp-content\/uploads\/sites\/3\/2019\/09\/web-cultura-ROTADOR-1-300x158.png 300w, https:\/\/www.ude.edu.ar\/areacultural\/wp-content\/uploads\/sites\/3\/2019\/09\/web-cultura-ROTADOR-1.png 800w\" sizes=\"(max-width: 539px) 85vw, 539px\" \/><\/p>\n<h5 style=\"text-align: justify;\">Duo CHAMIGO<\/h5>\n<ul>\n<li>Guitarra y Voz\/<strong> Agust\u00edn Marrochi<\/strong><\/li>\n<li>Guitarra y Voz\/<strong>\u00a0 Vicky Franzino<\/strong><\/li>\n<li>Artista invitada | <strong>Josefina Ignisci<\/strong> Guitarra<\/li>\n<\/ul>\n<p style=\"text-align: justify;\">El evento incluy\u00f3\u00a0 un amplio repertorio Beatle que invita a bucear por las canciones m\u00e1s representativas de los cuatro grandes de Liverpool.<\/p>\n<p><a href=\"https:\/\/www.ude.edu.ar\/areacultural\/2019\/09\/03\/miercoles-culturales-5\/\">(leer m\u00e1s&#8230;)<\/a><\/p>\n<hr \/>\n<p>| <b>10 de julio 2019<\/b><\/p>\n<p>Mi\u00e9rcoles culturales #4<\/p>\n<p><img loading=\"lazy\" decoding=\"async\" class=\"alignnone wp-image-1148\" src=\"https:\/\/www.ude.edu.ar\/areacultural\/wp-content\/uploads\/sites\/3\/2019\/09\/web-02-1-300x157.png\" alt=\"\" width=\"541\" height=\"283\" srcset=\"https:\/\/www.ude.edu.ar\/areacultural\/wp-content\/uploads\/sites\/3\/2019\/09\/web-02-1-300x157.png 300w, https:\/\/www.ude.edu.ar\/areacultural\/wp-content\/uploads\/sites\/3\/2019\/09\/web-02-1-1024x537.png 1024w, https:\/\/www.ude.edu.ar\/areacultural\/wp-content\/uploads\/sites\/3\/2019\/09\/web-02-1-1200x630.png 1200w, https:\/\/www.ude.edu.ar\/areacultural\/wp-content\/uploads\/sites\/3\/2019\/09\/web-02-1.png 1667w\" sizes=\"(max-width: 541px) 85vw, 541px\" \/><\/p>\n<h5 style=\"text-align: justify;\">SILVER<\/h5>\n<ul>\n<li style=\"text-align: justify;\">Piano y Canto\/ <strong>Pamela Desimone.<\/strong><\/li>\n<li style=\"text-align: justify;\">Bajo\/ <strong>Juano Monteleone.<\/strong><\/li>\n<\/ul>\n<p style=\"text-align: justify;\"><b>Repertorio:<\/b> Pop en ingl\u00e9s, desde lo m\u00e1s cl\u00e1sico a lo m\u00e1s actual. El d\u00fao surgi\u00f3 teniendo como principales influencias a Bruno Mars y Stevie Wonder, m\u00fasicos extremadamente admirados por ambos integrantes.<\/p>\n<p><a href=\"https:\/\/www.ude.edu.ar\/areacultural\/2019\/09\/03\/1151\/\">(leer m\u00e1s&#8230;)<\/a><\/p>\n<hr \/>\n<p>| <b>07 de junio 2019<\/b><\/p>\n<p><img loading=\"lazy\" decoding=\"async\" class=\"alignnone wp-image-1127\" src=\"https:\/\/www.ude.edu.ar\/areacultural\/wp-content\/uploads\/sites\/3\/2019\/09\/web-02-300x158.png\" alt=\"\" width=\"541\" height=\"285\" srcset=\"https:\/\/www.ude.edu.ar\/areacultural\/wp-content\/uploads\/sites\/3\/2019\/09\/web-02-300x158.png 300w, https:\/\/www.ude.edu.ar\/areacultural\/wp-content\/uploads\/sites\/3\/2019\/09\/web-02.png 801w\" sizes=\"(max-width: 541px) 85vw, 541px\" \/><\/p>\n<p style=\"text-align: justify;\" align=\"JUSTIFY\">Evento multidisciplinario en el cual la pintura fue la disciplina central.<\/p>\n<h5 align=\"JUSTIFY\">Overol Colectivo<\/h5>\n<p style=\"text-align: justify;\" align=\"JUSTIFY\">Exhibieron su trabajo los integrantes de <strong><em>Overol Colectivo<\/em><\/strong>, un grupo conformado por artistas pl\u00e1sticos de la Ciudad de La Plata y Buenos Aires. A ellos los une la pintura como manifestaci\u00f3n pl\u00e1stica, pero cada uno presenta diversas experimentaciones art\u00edsticas, tales como escultura, poes\u00eda,\u00a0 dibujo, entre otras.<\/p>\n<p style=\"text-align: justify;\" align=\"JUSTIFY\">Lo multidisciplinario se debe a la visibilidad de diversos lenguajes art\u00edsticos al un\u00edsono. Acompa\u00f1\u00f3 la muestra de pinturas la m\u00fasica del pianista Kevin Joyce, artista invitado y amigo del colectivo y la lectura de poemas en conjunto con la propuesta musical, as\u00ed como tambi\u00e9n la pintura en vivo sobre lienzo y la intervenci\u00f3n de modelo vivo, en la cual se llevar\u00e1 a cabo la pintura sobre vestimenta de modelo.<\/p>\n<p><a href=\"https:\/\/www.ude.edu.ar\/areacultural\/2019\/09\/03\/obrar-el-simbolo-la-mirada\/\">(leer m\u00e1s&#8230;)<\/a><\/p>\n<hr \/>\n<p>| <b>22 de mayo 2019<\/b><\/p>\n<p>Mi\u00e9rcoles culturales #3<\/p>\n<p><img loading=\"lazy\" decoding=\"async\" class=\"alignnone wp-image-1100\" src=\"https:\/\/www.ude.edu.ar\/areacultural\/wp-content\/uploads\/sites\/3\/2019\/09\/ROTADOR-300x158.png\" alt=\"\" width=\"547\" height=\"288\" srcset=\"https:\/\/www.ude.edu.ar\/areacultural\/wp-content\/uploads\/sites\/3\/2019\/09\/ROTADOR-300x158.png 300w, https:\/\/www.ude.edu.ar\/areacultural\/wp-content\/uploads\/sites\/3\/2019\/09\/ROTADOR.png 800w\" sizes=\"(max-width: 547px) 85vw, 547px\" \/><\/p>\n<h5>Muestra de Fotograf\u00eda.<\/h5>\n<p style=\"text-align: justify;\">La muestra se inauguro el 22 de mayo y se expuso hasta el 6 de junio.<\/p>\n<p style=\"text-align: justify;\"><span style=\"font-weight: 400;\">Desde el encuentro de 5 artistas nace la posibilidad del di\u00e1logo y el encuentro. Lo colectivo entendido como la uni\u00f3n trascendental de distintas interpretaciones y miradas particulares y subjetivas hacia un fin superador, la aceptaci\u00f3n y el intercambio amigable con lo diferente. En tiempos de concepciones culturales que van corriendo el acento hist\u00f3rico de la tr\u00edada ARTISTA, OBRA, P\u00daBLICO. La propuesta de la muestra pretende ser tambi\u00e9n un puente para la participaci\u00f3n activa de los ocasionales concurrentes. Entendemos que en estos tiempos la interacci\u00f3n del p\u00fablico en su faz creativa, reclama un lugar de relieve tanto en los procesos como en la completud de las obras.\u00a0<\/span><\/p>\n<p><span style=\"font-weight: 400;\">Artistas:<\/span><\/p>\n<ul>\n<li><b>\u00a0Diego Sebastian Torres<\/b><\/li>\n<li><b>\u00a0Fedrerico Barrios<\/b><\/li>\n<li><b>\u00a0Pilar Nu\u00f1ez Barcia<\/b><\/li>\n<li><b>\u00a0Yanella Cavallo <\/b><\/li>\n<li><strong>\u00a0Bruno Valentini<\/strong><\/li>\n<\/ul>\n<p><a href=\"https:\/\/www.ude.edu.ar\/areacultural\/2019\/09\/03\/miercoles-culturales-3\/\">(leer m\u00e1s&#8230;)<\/a><\/p>\n<hr \/>\n<p>| <b>24 de abril 2019<\/b><\/p>\n<p>Mi\u00e9rcoles culturales #2<\/p>\n<p><img loading=\"lazy\" decoding=\"async\" class=\"alignnone wp-image-1075\" src=\"https:\/\/www.ude.edu.ar\/areacultural\/wp-content\/uploads\/sites\/3\/2019\/09\/web-cultura-ROTADOR-300x158.png\" alt=\"\" width=\"548\" height=\"289\" srcset=\"https:\/\/www.ude.edu.ar\/areacultural\/wp-content\/uploads\/sites\/3\/2019\/09\/web-cultura-ROTADOR-300x158.png 300w, https:\/\/www.ude.edu.ar\/areacultural\/wp-content\/uploads\/sites\/3\/2019\/09\/web-cultura-ROTADOR.png 800w\" sizes=\"(max-width: 548px) 85vw, 548px\" \/><\/p>\n<h5>HAMBURGO 60 (<span style=\"color: #993366;\"><a style=\"color: #993366;\" href=\"https:\/\/www.instagram.com\/hamburgo.60\/?hl=es-la\">Instagram<\/a>)\u00a0<\/span><\/h5>\n<p style=\"text-align: justify;\">Es un grupo integrado por m\u00fasicos j\u00f3venes de la ciudad\u00a0 de La Plata. Su repertorio esta compuesto por covers y temas propios con influencias del Rock Indie y una somera reminisencia de los Beatles y los Rolling Stones.<\/p>\n<h5>Integrantes del grupo<\/h5>\n<ul>\n<li>Guitarra electroac\u00fastica y voz<strong> \/ Julio Bardi<\/strong><\/li>\n<li>Guitarra electroac\u00fastica y voz<strong> \/ Francisco Bezzi<\/strong><\/li>\n<li>Bajo y voz<strong> \/ Santiago de Felipe<\/strong><\/li>\n<li>Percusi\u00f3n<strong> \/ Nicol\u00e1s Porzio<\/strong><\/li>\n<\/ul>\n<h5>Covers + temas propios<\/h5>\n<p><a href=\"https:\/\/www.ude.edu.ar\/areacultural\/2019\/09\/03\/miercoles-culturales-2\/\">(leer m\u00e1s&#8230;)<\/a><\/p>\n<hr \/>\n<p>| <b>13 de marzo 2019<\/b><\/p>\n<p>Mi\u00e9rcoles culturales #1<\/p>\n<p><img loading=\"lazy\" decoding=\"async\" class=\"alignnone wp-image-1005\" src=\"https:\/\/www.ude.edu.ar\/areacultural\/wp-content\/uploads\/sites\/3\/2019\/07\/evento-300x158.png\" alt=\"\" width=\"562\" height=\"296\" srcset=\"https:\/\/www.ude.edu.ar\/areacultural\/wp-content\/uploads\/sites\/3\/2019\/07\/evento-300x158.png 300w, https:\/\/www.ude.edu.ar\/areacultural\/wp-content\/uploads\/sites\/3\/2019\/07\/evento.png 800w\" sizes=\"(max-width: 562px) 85vw, 562px\" \/><\/p>\n<h5>Quattro jazz<\/h5>\n<p>Estilo: Jazz Standards, Funk, Bossa, Balads<\/p>\n<h5>Integrantes del grupo<\/h5>\n<ul>\n<li>Saxo tenor\/ <strong>Alejandro Asprella<\/strong><\/li>\n<li>Saxo alto\/ <strong>Jonatan Kuhle<\/strong><\/li>\n<li>Piano.teclado\/<strong> Ram\u00f3n Fern\u00e1ndez Urretavizcaya<\/strong><\/li>\n<li>Guitarra \/ <strong>Bruno Stange<\/strong><\/li>\n<li>Bajo\/ <strong>Emiliano Gronda<\/strong><\/li>\n<li>Bater\u00eda\/<strong> Santiago Asprella<\/strong><\/li>\n<\/ul>\n<h4>Nadia Romero Marchesini \u2013 Ilustradora<\/h4>\n<p><a href=\"https:\/\/www.ude.edu.ar\/areacultural\/2019\/07\/02\/miercoles-cultural-1\/\">(leer m\u00e1s&#8230;)<\/a><\/p>\n<hr \/>\n<p>| <b>15 de febrero 2019<\/b><\/p>\n<p><img loading=\"lazy\" decoding=\"async\" class=\"alignnone wp-image-997\" src=\"https:\/\/www.ude.edu.ar\/areacultural\/wp-content\/uploads\/sites\/3\/2019\/07\/web-banner-300x61.png\" alt=\"\" width=\"822\" height=\"167\" srcset=\"https:\/\/www.ude.edu.ar\/areacultural\/wp-content\/uploads\/sites\/3\/2019\/07\/web-banner-300x61.png 300w, https:\/\/www.ude.edu.ar\/areacultural\/wp-content\/uploads\/sites\/3\/2019\/07\/web-banner-1024x209.png 1024w, https:\/\/www.ude.edu.ar\/areacultural\/wp-content\/uploads\/sites\/3\/2019\/07\/web-banner-1200x244.png 1200w, https:\/\/www.ude.edu.ar\/areacultural\/wp-content\/uploads\/sites\/3\/2019\/07\/web-banner.png 1768w\" sizes=\"(max-width: 822px) 85vw, 822px\" \/><\/p>\n<p style=\"text-align: justify;\"><strong>TOPLAP<\/strong> es una organizaci\u00f3n fundada en 2004 para explorar y promover el <strong>live coding<\/strong>. Este 2019 cumple 15 a\u00f1os y lo festeja con un streaming global. Desde la ciudad de La Plata, el <strong>colectivo CLiC<\/strong> se sumo al festejo invitando a quienes quieran livecodear, bailar, escuchar, observar y pasar un buen rato.<br \/>\nEl esp\u00edritu del evento fue encontrarnos y ser parte del streaming.<\/p>\n<p><a href=\"https:\/\/www.ude.edu.ar\/areacultural\/2019\/07\/02\/clic-en-toplap-15o-aniversario\/\">(leer m\u00e1s&#8230;)<\/a><\/p>\n<hr \/>\n<p><strong>| 06 de diciembre 2018<\/strong><\/p>\n<p><img loading=\"lazy\" decoding=\"async\" class=\"alignnone wp-image-933\" src=\"https:\/\/www.ude.edu.ar\/areacultural\/wp-content\/uploads\/sites\/3\/2019\/05\/banner-web-2-300x69.png\" alt=\"\" width=\"843\" height=\"194\" srcset=\"https:\/\/www.ude.edu.ar\/areacultural\/wp-content\/uploads\/sites\/3\/2019\/05\/banner-web-2-300x69.png 300w, https:\/\/www.ude.edu.ar\/areacultural\/wp-content\/uploads\/sites\/3\/2019\/05\/banner-web-2-1024x237.png 1024w, https:\/\/www.ude.edu.ar\/areacultural\/wp-content\/uploads\/sites\/3\/2019\/05\/banner-web-2-1200x278.png 1200w, https:\/\/www.ude.edu.ar\/areacultural\/wp-content\/uploads\/sites\/3\/2019\/05\/banner-web-2.png 1993w\" sizes=\"(max-width: 709px) 85vw, (max-width: 909px) 67vw, (max-width: 1362px) 62vw, 840px\" \/><\/p>\n<p style=\"text-align: justify;\">El pasado 6 de diciembre el \u00c1rea cultural de la UDE llev\u00f3 adelante CLiC &#8211; Colectivo de Live Coders &#8211; un espacio de intercambio y producci\u00f3n colectiva, abierto, cuidado, horizontal y adhocr\u00e1tico para abordar, investigar y performar utilizando t\u00e9cnicas y herramientas de live coding.<\/p>\n<p style=\"text-align: justify;\">La obra propuesta plante\u00f3 una mesa\/escenario circular, donde el colectivo realiz\u00f3 una improvisaci\u00f3n de m\u00fasica y visuales en tiempo real,\u00a0donde la audiencia, no solo pudo disfrutar de la obra, si no ser parte de ella.\u00a0La obra se puede habitar, ser parte de ella y mediante estas acciones fundirse en el colectivo independientemente de los conocimientos e inquietudes en el \u00e1rea.<\/p>\n<p><a href=\"https:\/\/www.ude.edu.ar\/areacultural\/2019\/05\/10\/live-coders\/\">(leer m\u00e1s&#8230;)<\/a><\/p>\n<hr \/>\n<p><strong>| 21 de septiembre 2018<\/strong><\/p>\n<p><img loading=\"lazy\" decoding=\"async\" class=\"alignnone wp-image-953\" src=\"https:\/\/www.ude.edu.ar\/areacultural\/wp-content\/uploads\/sites\/3\/2019\/05\/biblio-placa-TV-300x169.png\" alt=\"\" width=\"779\" height=\"439\" srcset=\"https:\/\/www.ude.edu.ar\/areacultural\/wp-content\/uploads\/sites\/3\/2019\/05\/biblio-placa-TV-300x169.png 300w, https:\/\/www.ude.edu.ar\/areacultural\/wp-content\/uploads\/sites\/3\/2019\/05\/biblio-placa-TV-1024x576.png 1024w, https:\/\/www.ude.edu.ar\/areacultural\/wp-content\/uploads\/sites\/3\/2019\/05\/biblio-placa-TV-1200x675.png 1200w, https:\/\/www.ude.edu.ar\/areacultural\/wp-content\/uploads\/sites\/3\/2019\/05\/biblio-placa-TV.png 1920w\" sizes=\"(max-width: 779px) 85vw, 779px\" \/><\/p>\n<p style=\"text-align: justify;\">El pasado 21 de Septiembre la Universidad del Este se sum\u00f3 al movimiento mundial del D\u00eda de la Bibliodiversidad. En una intervenci\u00f3n conjunta del \u00c1rea Cultural y la Biblioteca de la UDE, se realiz\u00f3 una gran suelta de libros en toda la instituci\u00f3n y locales de la ciudad.<\/p>\n<p><a href=\"https:\/\/www.ude.edu.ar\/areacultural\/rl_gallery\/bibliodiversidad\/\">(leer m\u00e1s&#8230;)<\/a><\/p>\n<hr \/>\n<p><b>| 20 de octubre 2018<\/b><\/p>\n<p><img loading=\"lazy\" decoding=\"async\" class=\"alignnone wp-image-964\" src=\"https:\/\/www.ude.edu.ar\/areacultural\/wp-content\/uploads\/sites\/3\/2019\/05\/banner_-300x69.png\" alt=\"\" width=\"830\" height=\"191\" srcset=\"https:\/\/www.ude.edu.ar\/areacultural\/wp-content\/uploads\/sites\/3\/2019\/05\/banner_-300x69.png 300w, https:\/\/www.ude.edu.ar\/areacultural\/wp-content\/uploads\/sites\/3\/2019\/05\/banner_-1024x237.png 1024w, https:\/\/www.ude.edu.ar\/areacultural\/wp-content\/uploads\/sites\/3\/2019\/05\/banner_-1200x278.png 1200w, https:\/\/www.ude.edu.ar\/areacultural\/wp-content\/uploads\/sites\/3\/2019\/05\/banner_.png 1993w\" sizes=\"(max-width: 830px) 85vw, 830px\" \/><\/p>\n<p style=\"text-align: justify;\"><em>La Universidad del Este, desde el \u00c1rea Cultural, acompa\u00f1\u00f3 el pasado 20 de octubre la segunda edici\u00f3n de Ser el Amor, evento multidisciplinario de jornada completa para conectar con el poder personal, autoconocimiento y el amor.<\/em><\/p>\n<p><a href=\"https:\/\/www.ude.edu.ar\/areacultural\/2019\/05\/16\/ser-el-amor\/\">(leer m\u00e1s&#8230;)<\/a><\/p>\n<hr \/>\n<p>|\u00a0<strong>FECHA:\u00a0<\/strong>JUEVES 07\/9<\/p>\n<p><img loading=\"lazy\" decoding=\"async\" class=\"alignnone wp-image-913\" src=\"https:\/\/www.ude.edu.ar\/areacultural\/wp-content\/uploads\/sites\/3\/2019\/05\/banner-web-300x69.png\" alt=\"\" width=\"835\" height=\"192\" srcset=\"https:\/\/www.ude.edu.ar\/areacultural\/wp-content\/uploads\/sites\/3\/2019\/05\/banner-web-300x69.png 300w, https:\/\/www.ude.edu.ar\/areacultural\/wp-content\/uploads\/sites\/3\/2019\/05\/banner-web-1024x237.png 1024w, https:\/\/www.ude.edu.ar\/areacultural\/wp-content\/uploads\/sites\/3\/2019\/05\/banner-web-1200x278.png 1200w, https:\/\/www.ude.edu.ar\/areacultural\/wp-content\/uploads\/sites\/3\/2019\/05\/banner-web.png 1993w\" sizes=\"(max-width: 835px) 85vw, 835px\" \/><\/p>\n<p>El viernes 7 de Septiembre se present\u00f3 en nuestro Auditorio el D\u00fao Ac\u00fastico Electr\u00f3nico \u00a0&#8220;DISPARA!&#8221;<\/p>\n<p>Dicha presentaci\u00f3n se realiz\u00f3 dentro del programa cultural <strong>&#8220;Ac\u00fasticosUDE&#8221;<\/strong><\/p>\n<p>La banda integrada por Gabriel \u00c1lvarez y Leandro Tacconi recre\u00f3 el cancionero del Rock argentino con reversiones propias.<br \/>\n@leantacconi : Guitarra y voz<br \/>\n@gabrielmensajero : Acorde\u00f3n, teclados y voz<\/p>\n<p><a href=\"https:\/\/www.ude.edu.ar\/areacultural\/2019\/05\/10\/dispara-ciclo-acustico\/\">(leer m\u00e1s&#8230;)<\/a><\/p>\n<hr \/>\n<p><strong>FECHA:\u00a0<\/strong>JUEVES 07\/12<\/p>\n<p><img decoding=\"async\" class=\"aligncenter size-full wp-image-853\" src=\"https:\/\/www.ude.edu.ar\/areacultural\/wp-content\/uploads\/sites\/3\/2016\/05\/web-coro-findea--o.png\" alt=\"\" width=\"100%\" srcset=\"https:\/\/www.ude.edu.ar\/areacultural\/wp-content\/uploads\/sites\/3\/2016\/05\/web-coro-findea--o.png 1041w, https:\/\/www.ude.edu.ar\/areacultural\/wp-content\/uploads\/sites\/3\/2016\/05\/web-coro-findea--o-300x69.png 300w, https:\/\/www.ude.edu.ar\/areacultural\/wp-content\/uploads\/sites\/3\/2016\/05\/web-coro-findea--o-1024x237.png 1024w\" sizes=\"(max-width: 709px) 85vw, (max-width: 909px) 67vw, (max-width: 1362px) 62vw, 840px\" \/><\/p>\n<p style=\"text-align: justify;\"><em>Nuestro Coro, dirigido por la Lic. Noelia Di Santo, cierran un gran a\u00f1o invit\u00e1ndote al concierto que se llevar\u00e1 a cabo en el Sal\u00f3n Auditorio del Centro Cultural Islas Malvinas, ubicado en calle 19 entre 50 y 54.\u00a0<\/em><\/p>\n<p style=\"text-align: justify;\">La entrada ser\u00e1 libre y gratuita y se podr\u00e1 disfrutar del repertorio de m\u00fasica coral a capella acad\u00e9mica y popular. \u00a1Los esperamos!<\/p>\n<hr \/>\n<p><strong>| FECHA:<\/strong> Jueves 12\/10<\/p>\n<h1>#10 &#8211; &#8220;Grabadores del Museo de la Xilograf\u00eda de La Plata- Fundado por Edgardo Antonio Vigo en 1967\u201d<\/h1>\n<p><img decoding=\"async\" class=\"aligncenter size-full wp-image-776\" src=\"https:\/\/www.ude.edu.ar\/areacultural\/wp-content\/uploads\/sites\/3\/2017\/09\/web-vigo.png\" alt=\"\" width=\"100%\" srcset=\"https:\/\/www.ude.edu.ar\/areacultural\/wp-content\/uploads\/sites\/3\/2017\/09\/web-vigo.png 1041w, https:\/\/www.ude.edu.ar\/areacultural\/wp-content\/uploads\/sites\/3\/2017\/09\/web-vigo-300x69.png 300w, https:\/\/www.ude.edu.ar\/areacultural\/wp-content\/uploads\/sites\/3\/2017\/09\/web-vigo-1024x237.png 1024w\" sizes=\"(max-width: 709px) 85vw, (max-width: 909px) 67vw, (max-width: 1362px) 62vw, 840px\" \/><\/p>\n<p>El \u00c1rea Cultural de la Universidad del Este, en el marco del vig\u00e9simo aniversario del fallecimiento de Edgardo Antonio Vigo, propone y decide impulsar un trabajo en conjunto con el equipo del CAEV (Centro de Arte Experimental Vigo).<\/p>\n<p><a href=\"https:\/\/www.ude.edu.ar\/areacultural\/2017\/09\/26\/10-grabadores-del-museo-de-la-xilografia-de-la-plata-fundado-por-edgardo-antonio-vigo-en-1967\/\">(leer m\u00e1s&#8230;)<\/a><\/p>\n<hr \/>\n<p><img loading=\"lazy\" decoding=\"async\" class=\"aligncenter size-full wp-image-726\" src=\"https:\/\/www.ude.edu.ar\/areacultural\/wp-content\/uploads\/sites\/3\/2016\/04\/curaduria-web-1.png\" alt=\"\" width=\"1041\" height=\"241\" srcset=\"https:\/\/www.ude.edu.ar\/areacultural\/wp-content\/uploads\/sites\/3\/2016\/04\/curaduria-web-1.png 1041w, https:\/\/www.ude.edu.ar\/areacultural\/wp-content\/uploads\/sites\/3\/2016\/04\/curaduria-web-1-300x69.png 300w, https:\/\/www.ude.edu.ar\/areacultural\/wp-content\/uploads\/sites\/3\/2016\/04\/curaduria-web-1-1024x237.png 1024w\" sizes=\"(max-width: 709px) 85vw, (max-width: 909px) 67vw, (max-width: 1362px) 62vw, 840px\" \/><\/p>\n<h3><em><strong>Seminario introductorio de\u00a0Curadur\u00eda en Artes Visuales<br \/>\n<\/strong><\/em><strong>DOCENTE:<\/strong>\u00a0Andr\u00e9s Labak\u00e9 &#8211; Click <a href=\"https:\/\/www.ude.edu.ar\/areacultural\/wp-content\/uploads\/sites\/3\/2017\/06\/Andres-Labak---CV-reducido-2017-UDE-La-Plata.pdf\">aqu\u00ed<\/a> para ver CV<em><strong><br \/>\n<\/strong><\/em><\/h3>\n<blockquote><p>Destinado a todo p\u00fablico interesado con ciertos conocimientos afines, gestores, productores, artistas, estudiantes, docentes, p\u00fablico en general.<\/p><\/blockquote>\n<p><a href=\"https:\/\/www.ude.edu.ar\/areacultural\/actividades\/seminarios\/\">(leer m\u00e1s&#8230;)<\/a><\/p>\n<hr \/>\n<h6><span style=\"color: #45509e;\">EXPOSICI\u00d3N,\u00a0<span style=\"color: #999999;\">3\/03<\/span><\/span><\/h6>\n<h1>#4 &#8211; Algunos Segundos (1980-2015)<\/h1>\n<p><strong>ARTISTA:<\/strong> Ariel Stivala | <strong>FECHA:<\/strong> Viernes 03\/03, 19 hs.<\/p>\n<p><img decoding=\"async\" class=\"alignleft size-full wp-image-483\" src=\"https:\/\/www.ude.edu.ar\/areacultural\/wp-content\/uploads\/sites\/3\/2017\/02\/web-ari.png\" alt=\"\" width=\"100%\" srcset=\"https:\/\/www.ude.edu.ar\/areacultural\/wp-content\/uploads\/sites\/3\/2017\/02\/web-ari.png 1041w, https:\/\/www.ude.edu.ar\/areacultural\/wp-content\/uploads\/sites\/3\/2017\/02\/web-ari-300x69.png 300w, https:\/\/www.ude.edu.ar\/areacultural\/wp-content\/uploads\/sites\/3\/2017\/02\/web-ari-1024x237.png 1024w\" sizes=\"(max-width: 709px) 85vw, (max-width: 909px) 67vw, (max-width: 1362px) 62vw, 840px\" \/><\/p>\n<p style=\"text-align: justify;\">Una, dos, tres, cuatro coincidencias: nos parece vislumbrar un\u00a0 hilo rojo que conecta a aquellos que est\u00e1n destinados a encontrarse.\u00a0 Una trama pareciera unirnos a personas, lugares, experiencias, de maneras desconocidas y dif\u00edciles de explicar. La l\u00f3gica falla ante la persistencia de la casualidad: \u00bfC\u00f3mo extraer sentidos de aquello que llamamos coincidencia?<\/p>\n<p style=\"text-align: justify;\"><a href=\"https:\/\/www.ude.edu.ar\/areacultural\/2017\/02\/23\/4-algunos-segundos-1980-2015\/\">(leer m\u00e1s&#8230;)<\/a><\/p>\n<hr \/>\n<h6><span style=\"color: #003366;\">CONCIERTO DE FIN DE A\u00d1O,<\/span> <span style=\"color: #999999;\">1\/12<\/span><\/h6>\n<p style=\"text-align: justify;\"><em>El pr\u00f3ximo 1\u00b0 de Diciembre el Coro de la UDE, dirigido por la Lic. Noelia Di Santo, despide un intenso a\u00f1o de trabajo: Con 15\u00a0presentaciones en diferentes lugares de la ciudad y espacios institucionales\u00a0y preparando una Gira a Brasil para el mes de diciembre, nuestro coro realizar\u00e1\u00a0\u00a0su concierto de fin de a\u00f1o.<\/em><\/p>\n<p style=\"text-align: justify;\"><em>El mismo tendr\u00e1 lugar en la Casa de la empleada (calle 44 entre 3 y 4) y ofrecer\u00e1 un amplio\u00a0repertorio de\u00a0obras tanto\u00a0acad\u00e9micas como populares.\u00a0<\/em><\/p>\n<p style=\"text-align: justify;\"><em>\u00a1Los esperamos para celebrar este gran a\u00f1o de crecimiento!<\/em><\/p>\n<p><em>Entrada libre y gratuita.<\/em><\/p>\n<hr \/>\n<h6><span style=\"color: #45509e;\">EXPOSICI\u00d3N,\u00a0<span style=\"color: #999999;\">2\/12<\/span><\/span><\/h6>\n<p><img loading=\"lazy\" decoding=\"async\" class=\"alignleft size-full wp-image-417\" src=\"https:\/\/www.ude.edu.ar\/areacultural\/wp-content\/uploads\/sites\/3\/2016\/04\/web.png\" alt=\"web\" width=\"1024\" height=\"241\" srcset=\"https:\/\/www.ude.edu.ar\/areacultural\/wp-content\/uploads\/sites\/3\/2016\/04\/web.png 1024w, https:\/\/www.ude.edu.ar\/areacultural\/wp-content\/uploads\/sites\/3\/2016\/04\/web-300x71.png 300w\" sizes=\"(max-width: 709px) 85vw, (max-width: 909px) 67vw, (max-width: 1362px) 62vw, 840px\" \/><\/p>\n<p>En el marco del convenio entre la Universidad del Este y la Universidad Nacional de La Plata los alumnos de la c\u00e1tedra de Taller de Producci\u00f3n Pl\u00e1stica Pintura, del 5to. A\u00f1o de la Lic. En Artes Pl\u00e1sticas de la Facultad de Bellas Artes, exponen en nuestro nuevo espacio, la muestra &#8220;Enlaces&#8221;.<\/p>\n<hr \/>\n<table style=\"width: 100%; height: 15px; background-color: #c7c7c7;\">\n<tbody>\n<tr style=\"height: 4.6875px;\">\n<td style=\"height: 4.6875px; width: 824px;\"><\/td>\n<\/tr>\n<\/tbody>\n<\/table>\n<h6 style=\"text-align: justify;\"><span style=\"color: #45509e;\">EXPOSICI\u00d3N,\u00a0<span style=\"color: #999999;\">24\/11<\/span><\/span><\/h6>\n<p><img loading=\"lazy\" decoding=\"async\" class=\"alignleft size-full wp-image-410\" src=\"https:\/\/www.ude.edu.ar\/areacultural\/wp-content\/uploads\/sites\/3\/2016\/04\/banner_poeticas.png\" alt=\"banner_poeticas\" width=\"1024\" height=\"241\" srcset=\"https:\/\/www.ude.edu.ar\/areacultural\/wp-content\/uploads\/sites\/3\/2016\/04\/banner_poeticas.png 1024w, https:\/\/www.ude.edu.ar\/areacultural\/wp-content\/uploads\/sites\/3\/2016\/04\/banner_poeticas-300x71.png 300w\" sizes=\"(max-width: 709px) 85vw, (max-width: 909px) 67vw, (max-width: 1362px) 62vw, 840px\" \/><\/p>\n<blockquote><p><i>&#8220;El arte comienza justamente all\u00ed donde se puede\u00a0<\/i><i>hacer algo tambi\u00e9n de un modo diferente&#8221;<\/i><\/p>\n<p>H.-G. Gadamer<\/p><\/blockquote>\n<p style=\"text-align: justify;\">En el marco del convenio entre la Universidad del Este y la Universidad Nacional de La Plata los alumnos de la c\u00e1tedra de Cl\u00ednica de obra, del 5to. A\u00f1o de la Lic. En Artes Pl\u00e1sticas de la Facultad de Bellas Artes, exponen en nuestro nuevo espacio, la muestra &#8220;Hendidura: Po\u00e9ticas del corte y la uni\u00f3n&#8221;.<\/p>\n<p style=\"text-align: justify;\">(<a href=\"https:\/\/www.ude.edu.ar\/areacultural\/2016\/11\/18\/404\/\">leer mas&#8230;<\/a>)<\/p>\n<hr \/>\n<table style=\"width: 100%; height: 15px; background-color: #c7c7c7;\">\n<tbody>\n<tr style=\"height: 4.6875px;\">\n<td style=\"height: 4.6875px; width: 824px;\"><\/td>\n<\/tr>\n<\/tbody>\n<\/table>\n<h6 style=\"text-align: justify;\"><span style=\"color: #45509e;\">EXPOSICI\u00d3N,\u00a0<span style=\"color: #999999;\">07\/11<\/span><\/span><\/h6>\n<p id=\"yui_3_16_0_ym19_1_1477578573336_13576\" class=\"yiv5786801091MsoNormal\" style=\"text-align: justify;\"><img loading=\"lazy\" decoding=\"async\" class=\"alignleft size-full wp-image-389\" src=\"https:\/\/www.ude.edu.ar\/areacultural\/wp-content\/uploads\/sites\/3\/2016\/10\/curutchet-web-area.png\" alt=\"curutchet-web-area\" width=\"1347\" height=\"317\" srcset=\"https:\/\/www.ude.edu.ar\/areacultural\/wp-content\/uploads\/sites\/3\/2016\/10\/curutchet-web-area.png 1347w, https:\/\/www.ude.edu.ar\/areacultural\/wp-content\/uploads\/sites\/3\/2016\/10\/curutchet-web-area-300x71.png 300w, https:\/\/www.ude.edu.ar\/areacultural\/wp-content\/uploads\/sites\/3\/2016\/10\/curutchet-web-area-1024x241.png 1024w, https:\/\/www.ude.edu.ar\/areacultural\/wp-content\/uploads\/sites\/3\/2016\/10\/curutchet-web-area-1200x282.png 1200w\" sizes=\"(max-width: 709px) 85vw, (max-width: 909px) 67vw, (max-width: 1362px) 62vw, 840px\" \/><\/p>\n<p class=\"yiv5786801091MsoNormal\" style=\"text-align: justify;\">#Proyecto Curutchet se enmarca dentro de una serie de proyectos de dise\u00f1o que se vienen llevando a cabo dentro de la materia Dise\u00f1o de Indumentaria I de la C\u00e1tedra Lisi Gonzalez, donde el eje principal es que los alumnos puedan redescubrir el acervo cultural de la Ciudad de La Plata .<u><\/u><u><\/u><\/p>\n<p id=\"yui_3_16_0_ym19_1_1477578573336_13582\" class=\"yiv5786801091MsoNormal\" style=\"text-align: justify;\">Dada la importancia que reviste la Casa Curutchet como parte de la identidad de la ciudad (<a href=\"https:\/\/www.ude.edu.ar\/areacultural\/2016\/10\/27\/proyecto-curutchet\/\">leer mas&#8230;<\/a>)<\/p>\n<hr \/>\n<table style=\"width: 100%; height: 15px; background-color: #c7c7c7;\">\n<tbody>\n<tr style=\"height: 4px;\">\n<td style=\"height: 4px; width: 824px;\"><\/td>\n<\/tr>\n<\/tbody>\n<\/table>\n<h6 style=\"text-align: justify;\"><span style=\"color: #45509e;\">EXPOSICI\u00d3N,\u00a0<span style=\"color: #999999;\">07\/10<\/span><\/span><\/h6>\n<h1 style=\"text-align: justify;\">Im\u00e1genes L\u00fadicas |\u00a0Eleonora Burry<\/h1>\n<h6 id=\"yui_3_16_0_ym19_1_1465907638435_4399\" class=\"yiv6566688028MsoNormal\"><img loading=\"lazy\" decoding=\"async\" class=\"alignleft size-full wp-image-349\" src=\"https:\/\/www.ude.edu.ar\/areacultural\/wp-content\/uploads\/sites\/3\/2016\/04\/eleonora-muestra-facebook3.png\" alt=\"eleonora-muestra-facebook3\" width=\"1051\" height=\"1046\" srcset=\"https:\/\/www.ude.edu.ar\/areacultural\/wp-content\/uploads\/sites\/3\/2016\/04\/eleonora-muestra-facebook3.png 1051w, https:\/\/www.ude.edu.ar\/areacultural\/wp-content\/uploads\/sites\/3\/2016\/04\/eleonora-muestra-facebook3-150x150.png 150w, https:\/\/www.ude.edu.ar\/areacultural\/wp-content\/uploads\/sites\/3\/2016\/04\/eleonora-muestra-facebook3-300x300.png 300w, https:\/\/www.ude.edu.ar\/areacultural\/wp-content\/uploads\/sites\/3\/2016\/04\/eleonora-muestra-facebook3-1024x1019.png 1024w\" sizes=\"(max-width: 709px) 85vw, (max-width: 909px) 67vw, (max-width: 1362px) 62vw, 840px\" \/><\/h6>\n<p id=\"yui_3_16_0_ym19_1_1475500855028_23706\" class=\"yiv8388809553MsoNormal\">\u201cLa obra de Eleonora se basa en la construcci\u00f3n de un discurso po\u00e9tico sustentado sobre motivos asociados a la ni\u00f1ez y sus m\u00faltiples recuerdos.<\/p>\n<p id=\"yui_3_16_0_ym19_1_1475500855028_23697\" class=\"yiv8388809553MsoNormal\">La tem\u00e1tica infantil, como reminiscencia, activa los recuerdos y permite la reconstrucci\u00f3n del pasado.<\/p>\n<p id=\"yui_3_16_0_ym19_1_1475500855028_23737\" class=\"yiv8388809553MsoNormal\">La realizaci\u00f3n pl\u00e1stica, se llena entonces de cargas afectivas, como visi\u00f3n de un mundo interior.\u201d<\/p>\n<p class=\"yiv8388809553MsoNormal\"><a href=\"https:\/\/www.ude.edu.ar\/areacultural\/2016\/10\/03\/3-imagenes-ludicas\/\">leer mas&#8230;<\/a><\/p>\n<hr \/>\n<table style=\"width: 100%; height: 15px; background-color: #c7c7c7;\">\n<tbody>\n<tr style=\"height: 4px;\">\n<td style=\"height: 4px; width: 824px;\"><\/td>\n<\/tr>\n<\/tbody>\n<\/table>\n<h6 style=\"text-align: justify;\">CORO,<span style=\"color: #8d8e90;\">\u00a009\/09<\/span><\/h6>\n<h1><strong>Nueva\u00a0presentaci\u00f3n en el Pasaje Dardo Rocha<\/strong><\/h1>\n<p><a href=\"https:\/\/www.ude.edu.ar\/areacultural\/actividades\/talleres\/coro\/\"><img loading=\"lazy\" decoding=\"async\" class=\"size-large wp-image-329 aligncenter\" src=\"https:\/\/www.ude.edu.ar\/areacultural\/wp-content\/uploads\/sites\/3\/2016\/04\/coroweb-1024x909.png\" alt=\"coroweb\" width=\"840\" height=\"746\" srcset=\"https:\/\/www.ude.edu.ar\/areacultural\/wp-content\/uploads\/sites\/3\/2016\/04\/coroweb-1024x909.png 1024w, https:\/\/www.ude.edu.ar\/areacultural\/wp-content\/uploads\/sites\/3\/2016\/04\/coroweb-300x266.png 300w, https:\/\/www.ude.edu.ar\/areacultural\/wp-content\/uploads\/sites\/3\/2016\/04\/coroweb.png 1051w\" sizes=\"(max-width: 709px) 85vw, (max-width: 909px) 67vw, (max-width: 1362px) 62vw, 840px\" \/><\/a><\/p>\n<p style=\"text-align: justify; background: white; margin: 5.35pt 0cm .0001pt 0cm;\"><span style=\"font-family: 'Arial','sans-serif'; color: #1d2129;\">El viernes 9 de septiembre a las 20 horas en el Pasaje Dardo Rocha, ubicado en calle 50 entre 6 y 7, el Coro de la Universidad del Este, dirigido por la directora Noelia Disanto, participar\u00e1 de un nuevo encuentro organizado por la Asociaci\u00f3n de Encuentros Corales (SOCENCOR).<\/span><\/p>\n<p style=\"text-align: justify; background: white; margin: 5.35pt 0cm .0001pt 0cm;\"><span style=\"font-family: 'Arial','sans-serif'; color: #1d2129;\">En ese marco, compartir\u00e1 la jornada con el Coro de C\u00e1mara de la UNLP, dirigido por Roberto Ruiz; el Coro Musike, dirigido por Emiliano Linares; el Grupo Coral G\u00e9nesis, dirigido por Gustavo Zgainer; y el Coro Polif\u00f3nico del Centro Gallego de La Plata, tambi\u00e9n dirigido por la lic. Di Santo. <\/span><\/p>\n<p style=\"text-align: justify;\"><a href=\"https:\/\/www.ude.edu.ar\/areacultural\/actividades\/talleres\/coro\/\">leer mas&#8230;<\/a><\/p>\n<hr \/>\n<table style=\"width: 100%; height: 15px; background-color: #c7c7c7;\">\n<tbody>\n<tr style=\"height: 4px;\">\n<td style=\"height: 4px; width: 824px;\"><\/td>\n<\/tr>\n<\/tbody>\n<\/table>\n<h1 style=\"text-align: justify;\">Sal\u00f3n de Artes Visuales<\/h1>\n<h2 id=\"yui_3_16_0_ym19_1_1465907638435_4399\" class=\"yiv6566688028MsoNormal\"><b id=\"yui_3_16_0_ym19_1_1465907638435_4398\"><span id=\"yui_3_16_0_ym19_1_1465907638435_4397\" style=\"color: #8d8e90;\">Artistas\u00a0Ganadores<\/span><\/b><\/h2>\n<p><a href=\"https:\/\/www.ude.edu.ar\/areacultural\/wp-content\/uploads\/sites\/3\/2016\/05\/seleccionados-web.png\" data-rel=\"lightbox-image-0\" data-imagelightbox=\"0\" data-rl_title=\"\" data-rl_caption=\"\" title=\"\"><br \/>\n<img loading=\"lazy\" decoding=\"async\" class=\"alignnone size-full wp-image-312\" src=\"https:\/\/www.ude.edu.ar\/areacultural\/wp-content\/uploads\/sites\/3\/2016\/04\/premiados-web.png\" alt=\"premiados-web\" width=\"1920\" height=\"1359\" srcset=\"https:\/\/www.ude.edu.ar\/areacultural\/wp-content\/uploads\/sites\/3\/2016\/04\/premiados-web.png 1920w, https:\/\/www.ude.edu.ar\/areacultural\/wp-content\/uploads\/sites\/3\/2016\/04\/premiados-web-300x212.png 300w, https:\/\/www.ude.edu.ar\/areacultural\/wp-content\/uploads\/sites\/3\/2016\/04\/premiados-web-1024x725.png 1024w, https:\/\/www.ude.edu.ar\/areacultural\/wp-content\/uploads\/sites\/3\/2016\/04\/premiados-web-1200x849.png 1200w\" sizes=\"(max-width: 709px) 85vw, (max-width: 909px) 67vw, (max-width: 1362px) 62vw, 840px\" \/><\/a><\/p>\n<p><a href=\"https:\/\/www.ude.edu.ar\/areacultural\/wp-content\/uploads\/sites\/3\/2016\/05\/seleccionados-web.png\" data-rel=\"lightbox-image-1\" data-imagelightbox=\"1\" data-rl_title=\"\" data-rl_caption=\"\" title=\"\"><img loading=\"lazy\" decoding=\"async\" class=\"alignnone size-full wp-image-311\" src=\"https:\/\/www.ude.edu.ar\/areacultural\/wp-content\/uploads\/sites\/3\/2016\/04\/premiados-web1.png\" alt=\"premiados-web1\" width=\"1920\" height=\"1164\" srcset=\"https:\/\/www.ude.edu.ar\/areacultural\/wp-content\/uploads\/sites\/3\/2016\/04\/premiados-web1.png 1920w, https:\/\/www.ude.edu.ar\/areacultural\/wp-content\/uploads\/sites\/3\/2016\/04\/premiados-web1-300x182.png 300w, https:\/\/www.ude.edu.ar\/areacultural\/wp-content\/uploads\/sites\/3\/2016\/04\/premiados-web1-1024x621.png 1024w, https:\/\/www.ude.edu.ar\/areacultural\/wp-content\/uploads\/sites\/3\/2016\/04\/premiados-web1-1200x728.png 1200w\" sizes=\"(max-width: 709px) 85vw, (max-width: 909px) 67vw, (max-width: 1362px) 62vw, 840px\" \/><\/a><\/p>\n<p><strong><a href=\"https:\/\/www.ude.edu.ar\/areacultural\/salon-de-artes-visuales\/\">leer mas&#8230;<\/a><\/strong><\/p>\n<hr \/>\n<table style=\"width: 100%; height: 15px; background-color: #c7c7c7;\">\n<tbody>\n<tr style=\"height: 4px;\">\n<td style=\"height: 4px; width: 824px;\"><\/td>\n<\/tr>\n<\/tbody>\n<\/table>\n<h6 style=\"text-align: justify;\">Taller de Interpretaci\u00f3n en Artes Esc\u00e9nicas<\/h6>\n<h1><strong>Inscripci\u00f3n Abierta<\/strong><\/h1>\n<h1><strong><iframe loading=\"lazy\" src=\"\/\/www.youtube.com\/embed\/1WzOknL635U\" width=\"560\" height=\"314\" allowfullscreen=\"allowfullscreen\"><\/iframe><\/strong><\/h1>\n<p style=\"text-align: justify;\"><a href=\"https:\/\/www.ude.edu.ar\/areacultural\/actividades\/talleres\/artes_escenicas\/\">ver mas&#8230;<\/a><\/p>\n<hr \/>\n<table style=\"width: 100%; height: 15px; background-color: #c7c7c7;\">\n<tbody>\n<tr style=\"height: 4px;\">\n<td style=\"height: 4px; width: 824px;\"><\/td>\n<\/tr>\n<\/tbody>\n<\/table>\n<h1 style=\"text-align: justify;\">Inauguraci\u00f3n de la nueva sede UDE<\/h1>\n<p style=\"text-align: justify;\">El d\u00eda viernes 29 de abril la Universidad del Este inaugur\u00f3 una nueva sede en calle 44 N\u00b0 634, donde, adem\u00e1s de dictarse actividades acad\u00e9micas, se exibir\u00e1n muestras de artistas locales con el objetivo de acercar la Universidad a la sociedad interpelando en el arte y la cultura platense.<\/p>\n<p style=\"text-align: justify;\">Para este primer encuentro estar\u00e1 en exposici\u00f3n, a partir de la fecha y por un mes, el artista<a href=\"http:\/\/chinomorgante.blogspot.com.ar\/\" target=\"_blank\" rel=\"noopener noreferrer\"> Pablo Morgante<\/a>.<\/p>\n<hr \/>\n<div data-carousel-extra='{\"blog_id\":3,\"permalink\":\"https:\\\/\\\/www.ude.edu.ar\\\/areacultural\\\/\",\"likes_blog_id\":false}' id='gallery-1' class='gallery galleryid-37 gallery-columns-3 gallery-size-thumbnail'><figure class='gallery-item'>\n\t\t\t<div class='gallery-icon landscape'>\n\t\t\t\t<a href='https:\/\/www.ude.edu.ar\/areacultural\/wp-content\/uploads\/sites\/3\/2016\/04\/3.jpg' title=\"\" data-rl_title=\"\" class=\"rl-gallery-link\" data-rl_caption=\"\" data-rel=\"lightbox-gallery-1\"><img loading=\"lazy\" decoding=\"async\" width=\"150\" height=\"150\" src=\"https:\/\/www.ude.edu.ar\/areacultural\/wp-content\/uploads\/sites\/3\/2016\/04\/3-150x150.jpg\" class=\"attachment-thumbnail size-thumbnail\" alt=\"\" data-attachment-id=\"84\" data-orig-file=\"https:\/\/www.ude.edu.ar\/areacultural\/wp-content\/uploads\/sites\/3\/2016\/04\/3.jpg\" data-orig-size=\"960,720\" data-comments-opened=\"0\" data-image-meta=\"{&quot;aperture&quot;:&quot;0&quot;,&quot;credit&quot;:&quot;&quot;,&quot;camera&quot;:&quot;&quot;,&quot;caption&quot;:&quot;&quot;,&quot;created_timestamp&quot;:&quot;0&quot;,&quot;copyright&quot;:&quot;&quot;,&quot;focal_length&quot;:&quot;0&quot;,&quot;iso&quot;:&quot;0&quot;,&quot;shutter_speed&quot;:&quot;0&quot;,&quot;title&quot;:&quot;&quot;,&quot;orientation&quot;:&quot;0&quot;,&quot;keywords&quot;:&quot;Array&quot;}\" data-image-title=\"Sede 44\" data-image-description=\"\" data-medium-file=\"https:\/\/www.ude.edu.ar\/areacultural\/wp-content\/uploads\/sites\/3\/2016\/04\/3-300x225.jpg\" data-large-file=\"https:\/\/www.ude.edu.ar\/areacultural\/wp-content\/uploads\/sites\/3\/2016\/04\/3.jpg\" \/><\/a>\n\t\t\t<\/div><\/figure><figure class='gallery-item'>\n\t\t\t<div class='gallery-icon landscape'>\n\t\t\t\t<a href='https:\/\/www.ude.edu.ar\/areacultural\/wp-content\/uploads\/sites\/3\/2016\/04\/4.jpg' title=\"\" data-rl_title=\"\" class=\"rl-gallery-link\" data-rl_caption=\"\" data-rel=\"lightbox-gallery-1\"><img loading=\"lazy\" decoding=\"async\" width=\"150\" height=\"150\" src=\"https:\/\/www.ude.edu.ar\/areacultural\/wp-content\/uploads\/sites\/3\/2016\/04\/4-150x150.jpg\" class=\"attachment-thumbnail size-thumbnail\" alt=\"\" data-attachment-id=\"85\" data-orig-file=\"https:\/\/www.ude.edu.ar\/areacultural\/wp-content\/uploads\/sites\/3\/2016\/04\/4.jpg\" data-orig-size=\"960,720\" data-comments-opened=\"0\" data-image-meta=\"{&quot;aperture&quot;:&quot;0&quot;,&quot;credit&quot;:&quot;&quot;,&quot;camera&quot;:&quot;&quot;,&quot;caption&quot;:&quot;&quot;,&quot;created_timestamp&quot;:&quot;0&quot;,&quot;copyright&quot;:&quot;&quot;,&quot;focal_length&quot;:&quot;0&quot;,&quot;iso&quot;:&quot;0&quot;,&quot;shutter_speed&quot;:&quot;0&quot;,&quot;title&quot;:&quot;&quot;,&quot;orientation&quot;:&quot;0&quot;,&quot;keywords&quot;:&quot;Array&quot;}\" data-image-title=\"Sede 44\" data-image-description=\"\" data-medium-file=\"https:\/\/www.ude.edu.ar\/areacultural\/wp-content\/uploads\/sites\/3\/2016\/04\/4-300x225.jpg\" data-large-file=\"https:\/\/www.ude.edu.ar\/areacultural\/wp-content\/uploads\/sites\/3\/2016\/04\/4.jpg\" \/><\/a>\n\t\t\t<\/div><\/figure><figure class='gallery-item'>\n\t\t\t<div class='gallery-icon landscape'>\n\t\t\t\t<a href='https:\/\/www.ude.edu.ar\/areacultural\/wp-content\/uploads\/sites\/3\/2016\/04\/2.jpg' title=\"\" data-rl_title=\"\" class=\"rl-gallery-link\" data-rl_caption=\"\" data-rel=\"lightbox-gallery-1\"><img loading=\"lazy\" decoding=\"async\" width=\"150\" height=\"150\" src=\"https:\/\/www.ude.edu.ar\/areacultural\/wp-content\/uploads\/sites\/3\/2016\/04\/2-150x150.jpg\" class=\"attachment-thumbnail size-thumbnail\" alt=\"\" data-attachment-id=\"90\" data-orig-file=\"https:\/\/www.ude.edu.ar\/areacultural\/wp-content\/uploads\/sites\/3\/2016\/04\/2.jpg\" data-orig-size=\"960,720\" data-comments-opened=\"0\" data-image-meta=\"{&quot;aperture&quot;:&quot;0&quot;,&quot;credit&quot;:&quot;&quot;,&quot;camera&quot;:&quot;&quot;,&quot;caption&quot;:&quot;&quot;,&quot;created_timestamp&quot;:&quot;0&quot;,&quot;copyright&quot;:&quot;&quot;,&quot;focal_length&quot;:&quot;0&quot;,&quot;iso&quot;:&quot;0&quot;,&quot;shutter_speed&quot;:&quot;0&quot;,&quot;title&quot;:&quot;&quot;,&quot;orientation&quot;:&quot;0&quot;,&quot;keywords&quot;:&quot;Array&quot;}\" data-image-title=\"Sede 44\" data-image-description=\"\" data-medium-file=\"https:\/\/www.ude.edu.ar\/areacultural\/wp-content\/uploads\/sites\/3\/2016\/04\/2-300x225.jpg\" data-large-file=\"https:\/\/www.ude.edu.ar\/areacultural\/wp-content\/uploads\/sites\/3\/2016\/04\/2.jpg\" \/><\/a>\n\t\t\t<\/div><\/figure><figure class='gallery-item'>\n\t\t\t<div class='gallery-icon landscape'>\n\t\t\t\t<a href='https:\/\/www.ude.edu.ar\/areacultural\/wp-content\/uploads\/sites\/3\/2016\/04\/44_1.png' title=\"\" data-rl_title=\"\" class=\"rl-gallery-link\" data-rl_caption=\"\" data-rel=\"lightbox-gallery-1\"><img loading=\"lazy\" decoding=\"async\" width=\"150\" height=\"150\" src=\"https:\/\/www.ude.edu.ar\/areacultural\/wp-content\/uploads\/sites\/3\/2016\/04\/44_1-150x150.png\" class=\"attachment-thumbnail size-thumbnail\" alt=\"\" data-attachment-id=\"153\" data-orig-file=\"https:\/\/www.ude.edu.ar\/areacultural\/wp-content\/uploads\/sites\/3\/2016\/04\/44_1.png\" data-orig-size=\"800,533\" data-comments-opened=\"0\" data-image-meta=\"{&quot;aperture&quot;:&quot;0&quot;,&quot;credit&quot;:&quot;&quot;,&quot;camera&quot;:&quot;&quot;,&quot;caption&quot;:&quot;&quot;,&quot;created_timestamp&quot;:&quot;0&quot;,&quot;copyright&quot;:&quot;&quot;,&quot;focal_length&quot;:&quot;0&quot;,&quot;iso&quot;:&quot;0&quot;,&quot;shutter_speed&quot;:&quot;0&quot;,&quot;title&quot;:&quot;&quot;,&quot;orientation&quot;:&quot;0&quot;,&quot;keywords&quot;:&quot;Array&quot;}\" data-image-title=\"44_1\" data-image-description=\"\" data-medium-file=\"https:\/\/www.ude.edu.ar\/areacultural\/wp-content\/uploads\/sites\/3\/2016\/04\/44_1-300x200.png\" data-large-file=\"https:\/\/www.ude.edu.ar\/areacultural\/wp-content\/uploads\/sites\/3\/2016\/04\/44_1.png\" \/><\/a>\n\t\t\t<\/div><\/figure><figure class='gallery-item'>\n\t\t\t<div class='gallery-icon landscape'>\n\t\t\t\t<a href='https:\/\/www.ude.edu.ar\/areacultural\/wp-content\/uploads\/sites\/3\/2016\/04\/44_2.png' title=\"\" data-rl_title=\"\" class=\"rl-gallery-link\" data-rl_caption=\"\" data-rel=\"lightbox-gallery-1\"><img loading=\"lazy\" decoding=\"async\" width=\"150\" height=\"150\" src=\"https:\/\/www.ude.edu.ar\/areacultural\/wp-content\/uploads\/sites\/3\/2016\/04\/44_2-150x150.png\" class=\"attachment-thumbnail size-thumbnail\" alt=\"\" data-attachment-id=\"154\" data-orig-file=\"https:\/\/www.ude.edu.ar\/areacultural\/wp-content\/uploads\/sites\/3\/2016\/04\/44_2.png\" data-orig-size=\"800,533\" data-comments-opened=\"0\" data-image-meta=\"{&quot;aperture&quot;:&quot;0&quot;,&quot;credit&quot;:&quot;&quot;,&quot;camera&quot;:&quot;&quot;,&quot;caption&quot;:&quot;&quot;,&quot;created_timestamp&quot;:&quot;0&quot;,&quot;copyright&quot;:&quot;&quot;,&quot;focal_length&quot;:&quot;0&quot;,&quot;iso&quot;:&quot;0&quot;,&quot;shutter_speed&quot;:&quot;0&quot;,&quot;title&quot;:&quot;&quot;,&quot;orientation&quot;:&quot;0&quot;,&quot;keywords&quot;:&quot;Array&quot;}\" data-image-title=\"44_2\" data-image-description=\"\" data-medium-file=\"https:\/\/www.ude.edu.ar\/areacultural\/wp-content\/uploads\/sites\/3\/2016\/04\/44_2-300x200.png\" data-large-file=\"https:\/\/www.ude.edu.ar\/areacultural\/wp-content\/uploads\/sites\/3\/2016\/04\/44_2.png\" \/><\/a>\n\t\t\t<\/div><\/figure><figure class='gallery-item'>\n\t\t\t<div class='gallery-icon landscape'>\n\t\t\t\t<a href='https:\/\/www.ude.edu.ar\/areacultural\/wp-content\/uploads\/sites\/3\/2016\/04\/44_3.png' title=\"\" data-rl_title=\"\" class=\"rl-gallery-link\" data-rl_caption=\"\" data-rel=\"lightbox-gallery-1\"><img loading=\"lazy\" decoding=\"async\" width=\"150\" height=\"150\" src=\"https:\/\/www.ude.edu.ar\/areacultural\/wp-content\/uploads\/sites\/3\/2016\/04\/44_3-150x150.png\" class=\"attachment-thumbnail size-thumbnail\" alt=\"\" data-attachment-id=\"155\" data-orig-file=\"https:\/\/www.ude.edu.ar\/areacultural\/wp-content\/uploads\/sites\/3\/2016\/04\/44_3.png\" data-orig-size=\"800,533\" data-comments-opened=\"0\" data-image-meta=\"{&quot;aperture&quot;:&quot;0&quot;,&quot;credit&quot;:&quot;&quot;,&quot;camera&quot;:&quot;&quot;,&quot;caption&quot;:&quot;&quot;,&quot;created_timestamp&quot;:&quot;0&quot;,&quot;copyright&quot;:&quot;&quot;,&quot;focal_length&quot;:&quot;0&quot;,&quot;iso&quot;:&quot;0&quot;,&quot;shutter_speed&quot;:&quot;0&quot;,&quot;title&quot;:&quot;&quot;,&quot;orientation&quot;:&quot;0&quot;,&quot;keywords&quot;:&quot;Array&quot;}\" data-image-title=\"44_3\" data-image-description=\"\" data-medium-file=\"https:\/\/www.ude.edu.ar\/areacultural\/wp-content\/uploads\/sites\/3\/2016\/04\/44_3-300x200.png\" data-large-file=\"https:\/\/www.ude.edu.ar\/areacultural\/wp-content\/uploads\/sites\/3\/2016\/04\/44_3.png\" \/><\/a>\n\t\t\t<\/div><\/figure><figure class='gallery-item'>\n\t\t\t<div class='gallery-icon landscape'>\n\t\t\t\t<a href='https:\/\/www.ude.edu.ar\/areacultural\/wp-content\/uploads\/sites\/3\/2016\/04\/44_4.png' title=\"\" data-rl_title=\"\" class=\"rl-gallery-link\" data-rl_caption=\"\" data-rel=\"lightbox-gallery-1\"><img loading=\"lazy\" decoding=\"async\" width=\"150\" height=\"150\" src=\"https:\/\/www.ude.edu.ar\/areacultural\/wp-content\/uploads\/sites\/3\/2016\/04\/44_4-150x150.png\" class=\"attachment-thumbnail size-thumbnail\" alt=\"\" data-attachment-id=\"156\" data-orig-file=\"https:\/\/www.ude.edu.ar\/areacultural\/wp-content\/uploads\/sites\/3\/2016\/04\/44_4.png\" data-orig-size=\"800,533\" data-comments-opened=\"0\" data-image-meta=\"{&quot;aperture&quot;:&quot;0&quot;,&quot;credit&quot;:&quot;&quot;,&quot;camera&quot;:&quot;&quot;,&quot;caption&quot;:&quot;&quot;,&quot;created_timestamp&quot;:&quot;0&quot;,&quot;copyright&quot;:&quot;&quot;,&quot;focal_length&quot;:&quot;0&quot;,&quot;iso&quot;:&quot;0&quot;,&quot;shutter_speed&quot;:&quot;0&quot;,&quot;title&quot;:&quot;&quot;,&quot;orientation&quot;:&quot;0&quot;,&quot;keywords&quot;:&quot;Array&quot;}\" data-image-title=\"44_4\" data-image-description=\"\" data-medium-file=\"https:\/\/www.ude.edu.ar\/areacultural\/wp-content\/uploads\/sites\/3\/2016\/04\/44_4-300x200.png\" data-large-file=\"https:\/\/www.ude.edu.ar\/areacultural\/wp-content\/uploads\/sites\/3\/2016\/04\/44_4.png\" \/><\/a>\n\t\t\t<\/div><\/figure><figure class='gallery-item'>\n\t\t\t<div class='gallery-icon landscape'>\n\t\t\t\t<a href='https:\/\/www.ude.edu.ar\/areacultural\/wp-content\/uploads\/sites\/3\/2016\/04\/44_5.png' title=\"\" data-rl_title=\"\" class=\"rl-gallery-link\" data-rl_caption=\"\" data-rel=\"lightbox-gallery-1\"><img loading=\"lazy\" decoding=\"async\" width=\"150\" height=\"150\" src=\"https:\/\/www.ude.edu.ar\/areacultural\/wp-content\/uploads\/sites\/3\/2016\/04\/44_5-150x150.png\" class=\"attachment-thumbnail size-thumbnail\" alt=\"\" data-attachment-id=\"157\" data-orig-file=\"https:\/\/www.ude.edu.ar\/areacultural\/wp-content\/uploads\/sites\/3\/2016\/04\/44_5.png\" data-orig-size=\"800,533\" data-comments-opened=\"0\" data-image-meta=\"{&quot;aperture&quot;:&quot;0&quot;,&quot;credit&quot;:&quot;&quot;,&quot;camera&quot;:&quot;&quot;,&quot;caption&quot;:&quot;&quot;,&quot;created_timestamp&quot;:&quot;0&quot;,&quot;copyright&quot;:&quot;&quot;,&quot;focal_length&quot;:&quot;0&quot;,&quot;iso&quot;:&quot;0&quot;,&quot;shutter_speed&quot;:&quot;0&quot;,&quot;title&quot;:&quot;&quot;,&quot;orientation&quot;:&quot;0&quot;,&quot;keywords&quot;:&quot;Array&quot;}\" data-image-title=\"44_5\" data-image-description=\"\" data-medium-file=\"https:\/\/www.ude.edu.ar\/areacultural\/wp-content\/uploads\/sites\/3\/2016\/04\/44_5-300x200.png\" data-large-file=\"https:\/\/www.ude.edu.ar\/areacultural\/wp-content\/uploads\/sites\/3\/2016\/04\/44_5.png\" \/><\/a>\n\t\t\t<\/div><\/figure><figure class='gallery-item'>\n\t\t\t<div class='gallery-icon landscape'>\n\t\t\t\t<a href='https:\/\/www.ude.edu.ar\/areacultural\/wp-content\/uploads\/sites\/3\/2016\/04\/44_6.png' title=\"\" data-rl_title=\"\" class=\"rl-gallery-link\" data-rl_caption=\"\" data-rel=\"lightbox-gallery-1\"><img loading=\"lazy\" decoding=\"async\" width=\"150\" height=\"150\" src=\"https:\/\/www.ude.edu.ar\/areacultural\/wp-content\/uploads\/sites\/3\/2016\/04\/44_6-150x150.png\" class=\"attachment-thumbnail size-thumbnail\" alt=\"\" data-attachment-id=\"158\" data-orig-file=\"https:\/\/www.ude.edu.ar\/areacultural\/wp-content\/uploads\/sites\/3\/2016\/04\/44_6.png\" data-orig-size=\"800,533\" data-comments-opened=\"0\" data-image-meta=\"{&quot;aperture&quot;:&quot;0&quot;,&quot;credit&quot;:&quot;&quot;,&quot;camera&quot;:&quot;&quot;,&quot;caption&quot;:&quot;&quot;,&quot;created_timestamp&quot;:&quot;0&quot;,&quot;copyright&quot;:&quot;&quot;,&quot;focal_length&quot;:&quot;0&quot;,&quot;iso&quot;:&quot;0&quot;,&quot;shutter_speed&quot;:&quot;0&quot;,&quot;title&quot;:&quot;&quot;,&quot;orientation&quot;:&quot;0&quot;,&quot;keywords&quot;:&quot;Array&quot;}\" data-image-title=\"44_6\" data-image-description=\"\" data-medium-file=\"https:\/\/www.ude.edu.ar\/areacultural\/wp-content\/uploads\/sites\/3\/2016\/04\/44_6-300x200.png\" data-large-file=\"https:\/\/www.ude.edu.ar\/areacultural\/wp-content\/uploads\/sites\/3\/2016\/04\/44_6.png\" \/><\/a>\n\t\t\t<\/div><\/figure>\n\t\t<\/div>\n\n<hr \/>\n<p style=\"text-align: justify;\">Publicaci\u00f3n del evento en diario El D\u00eda:<br \/>\n<a href=\"http:\/\/www.eldia.com\/sociales\/muestra-de-pablo-morgante-en-la-universidad-del-este-134319\" target=\"_blank\" rel=\"noopener noreferrer\">http:\/\/www.eldia.com\/sociales\/muestra-de-pablo-morgante-en-la-universidad-del-este-134319<\/a><\/p>\n<hr \/>\n<table style=\"width: 100%; height: 15px; background-color: #c7c7c7;\">\n<tbody>\n<tr style=\"height: 4px;\">\n<td style=\"height: 4px; width: 824px;\"><\/td>\n<\/tr>\n<\/tbody>\n<\/table>\n","protected":false},"excerpt":{"rendered":"<p>| 14 de junio 2024 Inauguraci\u00f3n de &#8220;Poes\u00edas Visuales&#8221; junto a Sebasti\u00e1n Guerrini El pasado mi\u00e9rcoles 12 de junio se realiz\u00f3 la inauguraci\u00f3n de la muestra &#8220;Poes\u00edas Visuales&#8221; del artista Sebasti\u00e1n Guerrini en el hall central de nuestra Sede Acad\u00e9mica&#8230; (leer m\u00e1s&#8230;) &nbsp; |\u00a01o de octubre 2023 Articulaci\u00f3n Educacional con la Asociaci\u00f3n Civil &#8220;Esos Locos &hellip; <a href=\"https:\/\/www.ude.edu.ar\/areacultural\/\" class=\"more-link\">Continuar leyendo<span class=\"screen-reader-text\"> &#8220;&#8221;<\/span><\/a><\/p>\n","protected":false},"author":2,"featured_media":0,"parent":0,"menu_order":0,"comment_status":"closed","ping_status":"closed","template":"","meta":{"_acf_changed":false,"footnotes":""},"acf":[],"yoast_head":"<!-- This site is optimized with the Yoast SEO plugin v22.8 - https:\/\/yoast.com\/wordpress\/plugins\/seo\/ -->\n<title>- UDE | \u00c1rea Cultural<\/title>\n<meta name=\"robots\" content=\"index, follow, max-snippet:-1, max-image-preview:large, max-video-preview:-1\" \/>\n<link rel=\"canonical\" href=\"https:\/\/www.ude.edu.ar\/areacultural\/\" \/>\n<meta property=\"og:locale\" content=\"es_ES\" \/>\n<meta property=\"og:type\" content=\"article\" \/>\n<meta property=\"og:title\" content=\"- UDE | \u00c1rea Cultural\" \/>\n<meta property=\"og:description\" content=\"| 14 de junio 2024 Inauguraci\u00f3n de &#8220;Poes\u00edas Visuales&#8221; junto a Sebasti\u00e1n Guerrini El pasado mi\u00e9rcoles 12 de junio se realiz\u00f3 la inauguraci\u00f3n de la muestra &#8220;Poes\u00edas Visuales&#8221; del artista Sebasti\u00e1n Guerrini en el hall central de nuestra Sede Acad\u00e9mica&#8230; (leer m\u00e1s&#8230;) &nbsp; |\u00a01o de octubre 2023 Articulaci\u00f3n Educacional con la Asociaci\u00f3n Civil &#8220;Esos Locos &hellip; Continuar leyendo &quot;&quot;\" \/>\n<meta property=\"og:url\" content=\"https:\/\/www.ude.edu.ar\/areacultural\/\" \/>\n<meta property=\"og:site_name\" content=\"UDE | \u00c1rea Cultural\" \/>\n<meta property=\"article:modified_time\" content=\"2024-06-14T12:26:32+00:00\" \/>\n<meta property=\"og:image\" content=\"https:\/\/www.ude.edu.ar\/areacultural\/wp-content\/uploads\/sites\/3\/2016\/04\/3-150x150.jpg\" \/>\n<meta name=\"twitter:card\" content=\"summary_large_image\" \/>\n<meta name=\"twitter:label1\" content=\"Tiempo de lectura\" \/>\n\t<meta name=\"twitter:data1\" content=\"17 minutos\" \/>\n<script type=\"application\/ld+json\" class=\"yoast-schema-graph\">{\"@context\":\"https:\/\/schema.org\",\"@graph\":[{\"@type\":\"WebPage\",\"@id\":\"https:\/\/www.ude.edu.ar\/areacultural\/\",\"url\":\"https:\/\/www.ude.edu.ar\/areacultural\/\",\"name\":\"- UDE | \u00c1rea Cultural\",\"isPartOf\":{\"@id\":\"https:\/\/www.ude.edu.ar\/areacultural\/#website\"},\"primaryImageOfPage\":{\"@id\":\"https:\/\/www.ude.edu.ar\/areacultural\/#primaryimage\"},\"image\":{\"@id\":\"https:\/\/www.ude.edu.ar\/areacultural\/#primaryimage\"},\"thumbnailUrl\":\"https:\/\/www.ude.edu.ar\/areacultural\/wp-content\/uploads\/sites\/3\/2024\/06\/2024-06-12.png\",\"datePublished\":\"2016-04-29T15:27:35+00:00\",\"dateModified\":\"2024-06-14T12:26:32+00:00\",\"inLanguage\":\"es-AR\",\"potentialAction\":[{\"@type\":\"ReadAction\",\"target\":[\"https:\/\/www.ude.edu.ar\/areacultural\/\"]}]},{\"@type\":\"ImageObject\",\"inLanguage\":\"es-AR\",\"@id\":\"https:\/\/www.ude.edu.ar\/areacultural\/#primaryimage\",\"url\":\"https:\/\/www.ude.edu.ar\/areacultural\/wp-content\/uploads\/sites\/3\/2024\/06\/2024-06-12.png\",\"contentUrl\":\"https:\/\/www.ude.edu.ar\/areacultural\/wp-content\/uploads\/sites\/3\/2024\/06\/2024-06-12.png\",\"width\":963,\"height\":396},{\"@type\":\"WebSite\",\"@id\":\"https:\/\/www.ude.edu.ar\/areacultural\/#website\",\"url\":\"https:\/\/www.ude.edu.ar\/areacultural\/\",\"name\":\"UDE | \u00c1rea Cultural\",\"description\":\"\u00c1rea Cultural de la Universidad del Este\",\"potentialAction\":[{\"@type\":\"SearchAction\",\"target\":{\"@type\":\"EntryPoint\",\"urlTemplate\":\"https:\/\/www.ude.edu.ar\/areacultural\/?s={search_term_string}\"},\"query-input\":\"required name=search_term_string\"}],\"inLanguage\":\"es-AR\"}]}<\/script>\n<!-- \/ Yoast SEO plugin. -->","yoast_head_json":{"title":"- UDE | \u00c1rea Cultural","robots":{"index":"index","follow":"follow","max-snippet":"max-snippet:-1","max-image-preview":"max-image-preview:large","max-video-preview":"max-video-preview:-1"},"canonical":"https:\/\/www.ude.edu.ar\/areacultural\/","og_locale":"es_ES","og_type":"article","og_title":"- UDE | \u00c1rea Cultural","og_description":"| 14 de junio 2024 Inauguraci\u00f3n de &#8220;Poes\u00edas Visuales&#8221; junto a Sebasti\u00e1n Guerrini El pasado mi\u00e9rcoles 12 de junio se realiz\u00f3 la inauguraci\u00f3n de la muestra &#8220;Poes\u00edas Visuales&#8221; del artista Sebasti\u00e1n Guerrini en el hall central de nuestra Sede Acad\u00e9mica&#8230; (leer m\u00e1s&#8230;) &nbsp; |\u00a01o de octubre 2023 Articulaci\u00f3n Educacional con la Asociaci\u00f3n Civil &#8220;Esos Locos &hellip; Continuar leyendo \"\"","og_url":"https:\/\/www.ude.edu.ar\/areacultural\/","og_site_name":"UDE | \u00c1rea Cultural","article_modified_time":"2024-06-14T12:26:32+00:00","og_image":[{"url":"https:\/\/www.ude.edu.ar\/areacultural\/wp-content\/uploads\/sites\/3\/2016\/04\/3-150x150.jpg"}],"twitter_card":"summary_large_image","twitter_misc":{"Tiempo de lectura":"17 minutos"},"schema":{"@context":"https:\/\/schema.org","@graph":[{"@type":"WebPage","@id":"https:\/\/www.ude.edu.ar\/areacultural\/","url":"https:\/\/www.ude.edu.ar\/areacultural\/","name":"- UDE | \u00c1rea Cultural","isPartOf":{"@id":"https:\/\/www.ude.edu.ar\/areacultural\/#website"},"primaryImageOfPage":{"@id":"https:\/\/www.ude.edu.ar\/areacultural\/#primaryimage"},"image":{"@id":"https:\/\/www.ude.edu.ar\/areacultural\/#primaryimage"},"thumbnailUrl":"https:\/\/www.ude.edu.ar\/areacultural\/wp-content\/uploads\/sites\/3\/2024\/06\/2024-06-12.png","datePublished":"2016-04-29T15:27:35+00:00","dateModified":"2024-06-14T12:26:32+00:00","inLanguage":"es-AR","potentialAction":[{"@type":"ReadAction","target":["https:\/\/www.ude.edu.ar\/areacultural\/"]}]},{"@type":"ImageObject","inLanguage":"es-AR","@id":"https:\/\/www.ude.edu.ar\/areacultural\/#primaryimage","url":"https:\/\/www.ude.edu.ar\/areacultural\/wp-content\/uploads\/sites\/3\/2024\/06\/2024-06-12.png","contentUrl":"https:\/\/www.ude.edu.ar\/areacultural\/wp-content\/uploads\/sites\/3\/2024\/06\/2024-06-12.png","width":963,"height":396},{"@type":"WebSite","@id":"https:\/\/www.ude.edu.ar\/areacultural\/#website","url":"https:\/\/www.ude.edu.ar\/areacultural\/","name":"UDE | \u00c1rea Cultural","description":"\u00c1rea Cultural de la Universidad del Este","potentialAction":[{"@type":"SearchAction","target":{"@type":"EntryPoint","urlTemplate":"https:\/\/www.ude.edu.ar\/areacultural\/?s={search_term_string}"},"query-input":"required name=search_term_string"}],"inLanguage":"es-AR"}]}},"_links":{"self":[{"href":"https:\/\/www.ude.edu.ar\/areacultural\/wp-json\/wp\/v2\/pages\/37"}],"collection":[{"href":"https:\/\/www.ude.edu.ar\/areacultural\/wp-json\/wp\/v2\/pages"}],"about":[{"href":"https:\/\/www.ude.edu.ar\/areacultural\/wp-json\/wp\/v2\/types\/page"}],"author":[{"embeddable":true,"href":"https:\/\/www.ude.edu.ar\/areacultural\/wp-json\/wp\/v2\/users\/2"}],"replies":[{"embeddable":true,"href":"https:\/\/www.ude.edu.ar\/areacultural\/wp-json\/wp\/v2\/comments?post=37"}],"version-history":[{"count":143,"href":"https:\/\/www.ude.edu.ar\/areacultural\/wp-json\/wp\/v2\/pages\/37\/revisions"}],"predecessor-version":[{"id":1421,"href":"https:\/\/www.ude.edu.ar\/areacultural\/wp-json\/wp\/v2\/pages\/37\/revisions\/1421"}],"wp:attachment":[{"href":"https:\/\/www.ude.edu.ar\/areacultural\/wp-json\/wp\/v2\/media?parent=37"}],"curies":[{"name":"wp","href":"https:\/\/api.w.org\/{rel}","templated":true}]}}